{"id":10093,"date":"2022-07-21T14:32:47","date_gmt":"2022-07-21T12:32:47","guid":{"rendered":"https:\/\/dev.lapurla.ch\/reflexion\/"},"modified":"2022-09-12T17:30:21","modified_gmt":"2022-09-12T15:30:21","slug":"reflexion","status":"publish","type":"page","link":"https:\/\/dev.lapurla.ch\/it\/reflexion\/","title":{"rendered":"Riflessione\ufffc"},"content":{"rendered":"\n<div id=\"lead-text-block_62d94808092a5\" class=\"mod-lead-text\">\n\t        <div class=\"row\">\n            <div class=\"col-12\">\n\t\t\t\t<h1 class=\"title\">Pi\u00f9 spazi liberi e gioco libero, meno pressione<\/h1>                <div class=\"lead-text\">\n\t\t\t\t\t<p>Nuove figure professionali, una societ\u00e0 diversificata, il cambiamento climatico e nuovi modelli sociali: i nostri figli in futuro dovranno saper affrontare grandi sfide che richiedono creativit\u00e0, intuizione, coraggio ed empatia. Attraverso la partecipazione culturale, Lapurla incoraggia i pi\u00f9 giovani a sperimentare con curiosit\u00e0 situazioni insolite, a esplorare il mondo con tutti i sensi e a scoprire la creativit\u00e0 con diverse attivit\u00e0. Perch\u00e9 la cultura rende creativi e forti. Come posso far s\u00ec che un (il mio) bambino cresca sviluppando una personalit\u00e0 autonoma, aperta, curiosa e forte?<\/p>\n                <\/div>\n            <\/div>\n        <\/div>\n\t<\/div>\n\n\n<figure class=\"wp-block-image size-large\"><img loading=\"lazy\" decoding=\"async\" width=\"1024\" height=\"576\" src=\"https:\/\/dev.lapurla.ch\/wp-content\/uploads\/2022\/06\/IllusratioLorenzMeier2016DialogveranstatungHKB2016051000-1-1024x576.jpg\" alt=\"\" class=\"wp-image-2576\" srcset=\"https:\/\/dev.lapurla.ch\/wp-content\/uploads\/2022\/06\/IllusratioLorenzMeier2016DialogveranstatungHKB2016051000-1-1024x576.jpg 1024w, https:\/\/dev.lapurla.ch\/wp-content\/uploads\/2022\/06\/IllusratioLorenzMeier2016DialogveranstatungHKB2016051000-1-300x169.jpg 300w, https:\/\/dev.lapurla.ch\/wp-content\/uploads\/2022\/06\/IllusratioLorenzMeier2016DialogveranstatungHKB2016051000-1-768x432.jpg 768w, https:\/\/dev.lapurla.ch\/wp-content\/uploads\/2022\/06\/IllusratioLorenzMeier2016DialogveranstatungHKB2016051000-1-1536x864.jpg 1536w, https:\/\/dev.lapurla.ch\/wp-content\/uploads\/2022\/06\/IllusratioLorenzMeier2016DialogveranstatungHKB2016051000-1.jpg 1600w\" sizes=\"auto, (max-width: 1024px) 100vw, 1024px\" \/><figcaption>Illustrazione: Lorenz Meier<\/figcaption><\/figure>\n\n\n\n<hr class=\"wp-block-separator has-alpha-channel-opacity\"\/>\n\n\n\n<h1 class=\"wp-block-heading\" id=\"Denkanst\u00f6sse\">Spunti di riflessione<\/h1>\n\n\n\n<p>Lapurla vuole esortare i genitori e altre persone di riferimento a concedersi ci\u00f2 di cui anche i bambini hanno bisogno: pi\u00f9 spazi e pi\u00f9 tempo per giocare in libert\u00e0 per contrastare l\u2019ansia da prestazione che incombe ancor prima di iniziare la scuola. La libert\u00e0 rende creativi, l\u2019ansia fa ammalare!<\/p>\n\n\n\n<p>Tutto parte da noi stessi, dal nostro atteggiamento di base e dalle nostre aspettative nei confronti dei bambini. Lapurla non propone ricette, ma spunti di riflessione.<\/p>\n\n\n\n<blockquote class=\"wp-block-quote is-layout-flow wp-block-quote-is-layout-flow\"><p>\u201cNon dobbiamo \u2018insegnare\u2019 ai bambini la creativit\u00e0 e il piacere di realizzare qualcosa di nuovo \u2013 tutt\u2019al pi\u00f9 possiamo fornire loro degli stimoli.\u201d<\/p><cite>Heyl\/Sch\u00e4fer, 2016&nbsp;<\/cite><\/blockquote>\n\n\n\n<hr class=\"wp-block-separator has-alpha-channel-opacity\"\/>\n\n\n\n<h1 class=\"wp-block-heading\" id=\"Selbstbestimmung\">Autodeterminazione<\/h1>\n\n\n\n<p>La nostra vita \u00e8 fortemente regolata: sul lavoro, nel quartiere, a scuola o in famiglia. La nostra quotidianit\u00e0 \u00e8 determinata sempre pi\u00f9 da fattori precostituiti dei quali, forse, ci sentiamo in balia. Come facciamo, circondati da strutture, norme e processi consolidati, a muoverci comunque in maniera autonoma?<\/p>\n\n\n\n<blockquote class=\"wp-block-quote is-layout-flow wp-block-quote-is-layout-flow\"><p>\u201cOgni bambino, indipendentemente dall\u2019et\u00e0, vorrebbe vivere nel modo pi\u00f9 autonomo possibile. Nella quotidianit\u00e0 (scolastica) i bambini spesso sono troppo condizionati.\u201d<\/p><cite>Remo Largo, pediatra svizzero, 2019<\/cite><\/blockquote>\n\n\n\n<div id=\"testimonial-block_62d95f7fe4555\" class=\"mod-text-bild \">\n\t\t\t            <div class=\"row \">\n                <div class=\"image col-12 col-lg-6\">\n\t\t\t\t\t                        <figure>\n\t\t\t\t\t\t\t<div class=\"a-image js-a-image \"><picture class=\"a-image__picture js-a-image__picture\">           <source width=\"636\" height=\"448\"  media=\"(min-width: 1400px)\" data-srcset=\"https:\/\/dev.lapurla.ch\/wp-content\/uploads\/2022\/07\/web01-636x0.jpg 1x, https:\/\/dev.lapurla.ch\/wp-content\/uploads\/2022\/07\/web01-1272x0.jpg 2x\">           <source width=\"636\" height=\"448\" media=\"(min-width: 1200px)\" data-srcset=\"https:\/\/dev.lapurla.ch\/wp-content\/uploads\/2022\/07\/web01-636x0.jpg 1x, https:\/\/dev.lapurla.ch\/wp-content\/uploads\/2022\/07\/web01-1272x0.jpg 2x\">           <source width=\"636\" height=\"448\" media=\"(min-width: 992px)\" data-srcset=\"https:\/\/dev.lapurla.ch\/wp-content\/uploads\/2022\/07\/web01-636x0.jpg  1x, https:\/\/dev.lapurla.ch\/wp-content\/uploads\/2022\/07\/web01-1272x0.jpg 2x\">           <source width=\"636\" height=\"448\" media=\"(min-width: 768px)\" data-srcset=\"https:\/\/dev.lapurla.ch\/wp-content\/uploads\/2022\/07\/web01-636x0.jpg 1x, https:\/\/dev.lapurla.ch\/wp-content\/uploads\/2022\/07\/web01-1272x0.jpg 2x\">           <source width=\"375\" height=\"264\" media=\"(min-width: 576px)\" data-srcset=\"https:\/\/dev.lapurla.ch\/wp-content\/uploads\/2022\/07\/web01-375x0.jpg 1x, https:\/\/dev.lapurla.ch\/wp-content\/uploads\/2022\/07\/web01-750x0.jpg 2x\">           <img loading=\"lazy\" decoding=\"async\" width=\"375\" height=\"264\"           class=\"a-image__image js-a-image__image lazyload\" src=\"data:image\/gif;base64,R0lGODlhAQABAAAAACH5BAEKAAEALAAAAAABAAEAAAICTAEAOw==\"           data-src=\"https:\/\/dev.lapurla.ch\/wp-content\/uploads\/2022\/07\/web01-375x0.jpg\" data-srcset=\"https:\/\/dev.lapurla.ch\/wp-content\/uploads\/2022\/07\/web01-750x0.jpg 2x\" alt=\"\"\/>      <\/picture><\/div>                            <figcaption>Illustrazione: Lorenz Meier, 2017<\/figcaption>\n                        <\/figure>\n\t\t\t\t\t                <\/div>\n                <div class=\"text col-12 col-lg-6\">\n\t\t\t\t\t<p><strong>Pianificare il tempo senza un piano<\/strong><\/p>\n<p>Spesso la vita quotidiana (familiare) funziona solo se \u00e8 organizzata con ritmi ben scanditi. Gli impegni e gli orari stabiliscono le cose da fare e quando \u00e8 il momento di farle. Il tempo liberamente disponibile \u00e8 raro. Invece di riempire anche questi importanti momenti con progetti ambiziosi, sarebbe meglio concedere loro di essere semplicemente \u201ctempo libero\u201d, per poi abbandonarsi insieme ai bambini a ci\u00f2 che emerge dalla situazione.<\/p>\n<p>&nbsp;<\/p>\n<p><strong>Seguire le idee dei bambini<\/strong><\/p>\n<p>Le idee pi\u00f9 creative vengono dai bambini stessi. Anzich\u00e9 scervellarsi, seppur con buone intenzioni, per trovare qualcosa da fare, i genitori e le persone di riferimento dovrebbero provare a lasciarsi trascinare da ci\u00f2 che in quel momento affascina il bambino e gli fa piacere. In questo modo i bambini imparano il potere e la gioia dell\u2019autonomia e hanno la possibilit\u00e0 di scoprire ed esprimere la loro creativit\u00e0.<\/p>\n                <\/div>\n            <\/div>\n\t\t\t\n<\/div>\n\n\n<div id=\"accordion-block_62d960e347548\" class=\"mod-accordion\">\n\t            <div id=\"accordion-block_62d960e347548\" class=\"accordion accordion-flush\">\n\t\t\t\t\t\t\t\t\t                    <div class=\"accordion-item\">\n                        <button class=\"accordion-button collapsed\"\n                                type=\"button\"\n                                id=\"\"\n                                data-bs-toggle=\"collapse\"\n                                data-bs-target=\"#collapse-block_62d960e347548-1\"\n                                aria-expanded=\"true\"\n                                aria-controls=\"collapse-block_62d960e347548-1\">\n\t                        <svg class=\"svg-icon icon-arrow-up\" xmlns=\"http:\/\/www.w3.org\/2000\/svg\"><use xmlns:xlink=\"http:\/\/www.w3.org\/1999\/xlink\" xlink:href=\"https:\/\/dev.lapurla.ch\/wp-content\/themes\/lapurla\/dist\/icons.svg?f27dc72#arrow-up\"><\/use><\/svg>                            <h3>\n\t\t\t\t\t\t\t\t Processo vs. prodotto                            <\/h3>\n                        <\/button>\n\n                        <div id=\"collapse-block_62d960e347548-1\" class=\"collapse \"\n                             data-parent=\"#accordion-block_62d960e347548\">\n                            <div class=\"accordion-content row\">\n                                <div class=\"col\">\n                                    <div class=\"text\">\n\t\t\t\t\t\t\t\t\t\t<p>Oppure: \u201cIl viaggio \u00e8 la meta\u201d<\/p>\n<p>Estratto dalla pubblicazione \u201c\u00c4sthetische Bildung und Kulturelle Teilhabe \u2013 von Anfang an!\u201d (\u201cFormazione estetica e partecipazione culturale \u2013 sin dall\u2019inizio!\u201d) (2017): <a href=\"https:\/\/dev.lapurla.ch\/wp-content\/uploads\/2022\/05\/fokuspublikationasthetischebildungkulturelleteilhabe.pdf\" target=\"_blank\" rel=\"noopener\">Fondamento 1 | pp. 35-36<\/a><\/p>\n<p>Ordina l\u2019intera pubblicazione <a href=\"https:\/\/www.netzwerk-kinderbetreuung.ch\/de\/publikationen\/25\/order\/\">oppure<\/a> scaricala <a href=\"https:\/\/www.netzwerk-kinderbetreuung.ch\/media\/filer_public\/d3\/13\/d313944b-6fc0-4d79-8288-8f8f6ac742a2\/fokuspublikation_asthetische_bildung__kulturelle_teilhabe.pdf\" target=\"_blank\" rel=\"noopener\">come PDF<\/a><\/p>\n                                    <\/div>\n                                <\/div>\n\t\t\t\t\t\t\t\t                            <\/div>\n                        <\/div>\n                    <\/div>\n\t\t\t\t\t\t\t\t\t                    <div class=\"accordion-item\">\n                        <button class=\"accordion-button collapsed\"\n                                type=\"button\"\n                                id=\"\"\n                                data-bs-toggle=\"collapse\"\n                                data-bs-target=\"#collapse-block_62d960e347548-2\"\n                                aria-expanded=\"true\"\n                                aria-controls=\"collapse-block_62d960e347548-2\">\n\t                        <svg class=\"svg-icon icon-arrow-up\" xmlns=\"http:\/\/www.w3.org\/2000\/svg\"><use xmlns:xlink=\"http:\/\/www.w3.org\/1999\/xlink\" xlink:href=\"https:\/\/dev.lapurla.ch\/wp-content\/themes\/lapurla\/dist\/icons.svg?f27dc72#arrow-up\"><\/use><\/svg>                            <h3>\n\t\t\t\t\t\t\t\tTempo e spazi liberi come presupposti di base per la creativit\u00e0                            <\/h3>\n                        <\/button>\n\n                        <div id=\"collapse-block_62d960e347548-2\" class=\"collapse \"\n                             data-parent=\"#accordion-block_62d960e347548\">\n                            <div class=\"accordion-content row\">\n                                <div class=\"col\">\n                                    <div class=\"text\">\n\t\t\t\t\t\t\t\t\t\t<p>Estratto dalla pubblicazione \u201c\u00c4sthetische Bildung und Kulturelle Teilhabe \u2013 von Anfang an!\u201d (\u201cFormazione estetica e partecipazione culturale \u2013 sin dall\u2019inizio!\u201d) (2017): <a href=\"https:\/\/dev.lapurla.ch\/it\/reflexion\/\" target=\"_blank\" rel=\"noopener\">Fondamento 2 | pp. 39-41<\/a><\/p>\n<p>Ordina l\u2019intera pubblicazione<a href=\"https:\/\/www.netzwerk-kinderbetreuung.ch\/de\/publikationen\/25\/order\/\" target=\"_blank\" rel=\"noopener\"> oppure<\/a> scaricala <a href=\"https:\/\/www.netzwerk-kinderbetreuung.ch\/media\/filer_public\/d3\/13\/d313944b-6fc0-4d79-8288-8f8f6ac742a2\/fokuspublikation_asthetische_bildung__kulturelle_teilhabe.pdf\" target=\"_blank\" rel=\"noopener\">come PDF<\/a><\/p>\n                                    <\/div>\n                                <\/div>\n\t\t\t\t\t\t\t\t                            <\/div>\n                        <\/div>\n                    <\/div>\n\t\t\t\t\t\t\t\t\t                    <div class=\"accordion-item\">\n                        <button class=\"accordion-button collapsed\"\n                                type=\"button\"\n                                id=\"dal parco giochi allo spazio di gioco\"\n                                data-bs-toggle=\"collapse\"\n                                data-bs-target=\"#collapse-block_62d960e347548-3\"\n                                aria-expanded=\"true\"\n                                aria-controls=\"collapse-block_62d960e347548-3\">\n\t                        <svg class=\"svg-icon icon-arrow-up\" xmlns=\"http:\/\/www.w3.org\/2000\/svg\"><use xmlns:xlink=\"http:\/\/www.w3.org\/1999\/xlink\" xlink:href=\"https:\/\/dev.lapurla.ch\/wp-content\/themes\/lapurla\/dist\/icons.svg?f27dc72#arrow-up\"><\/use><\/svg>                            <h3>\n\t\t\t\t\t\t\t\tDal parco giochi allo spazio di gioco                            <\/h3>\n                        <\/button>\n\n                        <div id=\"collapse-block_62d960e347548-3\" class=\"collapse \"\n                             data-parent=\"#accordion-block_62d960e347548\">\n                            <div class=\"accordion-content row\">\n                                <div class=\"col\">\n                                    <div class=\"text\">\n\t\t\t\t\t\t\t\t\t\t<p>Per avere spazi di gioco a misura di bambino serve un cambio di prospettiva: non pi\u00f9 parchi giochi isolati, ma diverse possibilit\u00e0 di gioco e interconnessioni sia nel privato sia negli spazi pubblici e semi-pubblici. Percorsi, piazze, cortili scolastici o giardini: il potenziale degli spazi di gioco \u00e8 enorme e deve essere sfruttato.<\/p>\n<p><a href=\"https:\/\/www.projuventute.ch\/de\/eltern\/lehrpersonen-fachpersonen\/richtlinien-spielraeume\" target=\"_blank\" rel=\"noopener\">Vai al sito web di Pro Juventute<\/a><\/p>\n                                    <\/div>\n                                <\/div>\n\t\t\t\t\t\t\t\t                                    <div class=\"col-12 col-lg-6\">\n\t\t\t\t\t\t\t\t\t\t\n<div class=\"mod-slider\">\n\t        <div id=\"slider-61d01acb-862f-4d8a-ac8f-5af90560beaa\" class=\"swiper-solo\">\n            <div class=\"swiper-wrapper\">\n\t\t\t\t                    <div class=\"swiper-slide\">\n                        <figure>\n\t\t\t\t\t\t\t<div class=\"a-image \">       <picture class=\"a-image__picture\">       \t<source width=\"516\" height=\"301\" media=\"(min-width: 1400px)\" srcset=\"https:\/\/dev.lapurla.ch\/wp-content\/uploads\/2022\/07\/Spielraum-fraubrunnen-516x0.jpg 1x, https:\/\/dev.lapurla.ch\/wp-content\/uploads\/2022\/07\/Spielraum-fraubrunnen-1032x0.jpg 2x\">           <source width=\"516\" height=\"301\" media=\"(min-width: 1200px)\" srcset=\"https:\/\/dev.lapurla.ch\/wp-content\/uploads\/2022\/07\/Spielraum-fraubrunnen-516x0.jpg 1x, https:\/\/dev.lapurla.ch\/wp-content\/uploads\/2022\/07\/Spielraum-fraubrunnen-1032x0.jpg 2x\">           <source width=\"516\" height=\"301\" media=\"(min-width: 992px)\" srcset=\"https:\/\/dev.lapurla.ch\/wp-content\/uploads\/2022\/07\/Spielraum-fraubrunnen-516x0.jpg  1x, https:\/\/dev.lapurla.ch\/wp-content\/uploads\/2022\/07\/Spielraum-fraubrunnen-1032x0.jpg 2x\">           <source width=\"576\" height=\"336\" media=\"(min-width: 768px)\" srcset=\"https:\/\/dev.lapurla.ch\/wp-content\/uploads\/2022\/07\/Spielraum-fraubrunnen-576x0.jpg 1x, https:\/\/dev.lapurla.ch\/wp-content\/uploads\/2022\/07\/Spielraum-fraubrunnen-1152x0.jpg 2x\">           <source width=\"516\" height=\"301\" media=\"(min-width: 576px)\" srcset=\"https:\/\/dev.lapurla.ch\/wp-content\/uploads\/2022\/07\/Spielraum-fraubrunnen-516x0.jpg 1x, https:\/\/dev.lapurla.ch\/wp-content\/uploads\/2022\/07\/Spielraum-fraubrunnen-1032x0.jpg 2x\">           <img loading=\"lazy\" decoding=\"async\" width=\"551\" height=\"321\"           class=\"a-image__image\"           src=\"https:\/\/dev.lapurla.ch\/wp-content\/uploads\/2022\/07\/Spielraum-fraubrunnen-551x0.jpg\" data-srcset=\"https:\/\/dev.lapurla.ch\/wp-content\/uploads\/2022\/07\/Spielraum-fraubrunnen-1102x0.jpg 2x\" alt=\"\"\/>       <\/picture> <\/div>                            <figcaption>\n\t\t\t\t\t\t\t\tFotografia e copyright: Dres Hubacher, Fachstelle SpielRaum                            <\/figcaption>\n                        <\/figure>\n                    <\/div>\n\t\t\t\t            <\/div>\n            <div class=\"container\">\n                <div class=\"row\">\n                    <div class=\"col-12 position-relative\">\n                        <div class=\"pagination\"><\/div>\n                        <div class=\"button-wrapper\">\n                            <button class=\"swiper-button-prev\">\n\t\t\t\t\t\t\t\t<svg class=\"svg-icon icon-arrow-left\" xmlns=\"http:\/\/www.w3.org\/2000\/svg\"><use xmlns:xlink=\"http:\/\/www.w3.org\/1999\/xlink\" xlink:href=\"https:\/\/dev.lapurla.ch\/wp-content\/themes\/lapurla\/dist\/icons.svg?f27dc72#arrow-left\"><\/use><\/svg>                                <span class=\"visually-hidden\">Indietro <\/span>\n                            <\/button>\n                            <button class=\"swiper-button-next\">\n\t\t\t\t\t\t\t\t<svg class=\"svg-icon icon-arrow-right\" xmlns=\"http:\/\/www.w3.org\/2000\/svg\"><use xmlns:xlink=\"http:\/\/www.w3.org\/1999\/xlink\" xlink:href=\"https:\/\/dev.lapurla.ch\/wp-content\/themes\/lapurla\/dist\/icons.svg?f27dc72#arrow-right\"><\/use><\/svg>                                <span class=\"visually-hidden\">Avanti<\/span>\n                            <\/button>\n                        <\/div>\n                    <\/div>\n                <\/div>\n            <\/div>\n        <\/div>\n\t<\/div>\n                                    <\/div>\n\t\t\t\t\t\t\t\t                            <\/div>\n                        <\/div>\n                    <\/div>\n\t\t\t\t\t\t\t\t\t                    <div class=\"accordion-item\">\n                        <button class=\"accordion-button collapsed\"\n                                type=\"button\"\n                                id=\"\"\n                                data-bs-toggle=\"collapse\"\n                                data-bs-target=\"#collapse-block_62d960e347548-4\"\n                                aria-expanded=\"true\"\n                                aria-controls=\"collapse-block_62d960e347548-4\">\n\t                        <svg class=\"svg-icon icon-arrow-up\" xmlns=\"http:\/\/www.w3.org\/2000\/svg\"><use xmlns:xlink=\"http:\/\/www.w3.org\/1999\/xlink\" xlink:href=\"https:\/\/dev.lapurla.ch\/wp-content\/themes\/lapurla\/dist\/icons.svg?f27dc72#arrow-up\"><\/use><\/svg>                            <h3>\n\t\t\t\t\t\t\t\tFuture Skills \u2013 Vier Szenarien f\u00fcr morgen und was wir daf\u00fcr k\u00f6nnen m\u00fcssen (Quattro scenari per il futuro e cosa dovremo saper fare)                            <\/h3>\n                        <\/button>\n\n                        <div id=\"collapse-block_62d960e347548-4\" class=\"collapse \"\n                             data-parent=\"#accordion-block_62d960e347548\">\n                            <div class=\"accordion-content row\">\n                                <div class=\"col\">\n                                    <div class=\"text\">\n\t\t\t\t\t\t\t\t\t\t<p>Cosa devono aspettarsi i nostri figli? Il futuro appare incerto come non accadeva da molto tempo. I genitori e il sistema di formazione, deputati a \u201cpreparare al futuro\u201d bambini e ragazzi, devono affrontare sfide difficili. Se nel corso dei decenni la crescita costante del benessere, del progresso e della libert\u00e0 \u00e8 stata sempre data per scontata, il tempo della linearit\u00e0 sembra essere definitivamente alle spalle.<\/p>\n<p><a href=\"https:\/\/dev.lapurla.ch\/it\/future-skills\/\" target=\"_blank\" rel=\"noopener\">Ulteriori informazioni sul tema \u201cFuture Skills\u201d<\/a><\/p>\n                                    <\/div>\n                                <\/div>\n\t\t\t\t\t\t\t\t                            <\/div>\n                        <\/div>\n                    <\/div>\n\t\t\t\t            <\/div>\n\t\t\t<\/div>\n\n\n\n<blockquote class=\"wp-block-quote is-layout-flow wp-block-quote-is-layout-flow\"><p>\u201cI bambini devono potersi immergere nella propria noia: il mondo intorno a loro diventer\u00e0 cos\u00ec tranquillo da permettere loro di ascoltarsi.\u201d<\/p><cite>Vanessa Lapointe, psicologa, 2018<\/cite><\/blockquote>\n\n\n\n<h3 class=\"wp-block-heading\"><strong>Articoli di stampa sul tema dell\u2019\u201cautodeterminazione<\/strong><\/h3>\n\n\n<div id=\"accordion-block_62d95dd7a68fd\" class=\"mod-accordion\">\n\t            <div id=\"accordion-block_62d95dd7a68fd\" class=\"accordion accordion-flush\">\n\t\t\t\t\t\t\t\t\t                    <div class=\"accordion-item\">\n                        <button class=\"accordion-button collapsed\"\n                                type=\"button\"\n                                id=\"\"\n                                data-bs-toggle=\"collapse\"\n                                data-bs-target=\"#collapse-block_62d95dd7a68fd-1\"\n                                aria-expanded=\"true\"\n                                aria-controls=\"collapse-block_62d95dd7a68fd-1\">\n\t                        <svg class=\"svg-icon icon-arrow-up\" xmlns=\"http:\/\/www.w3.org\/2000\/svg\"><use xmlns:xlink=\"http:\/\/www.w3.org\/1999\/xlink\" xlink:href=\"https:\/\/dev.lapurla.ch\/wp-content\/themes\/lapurla\/dist\/icons.svg?f27dc72#arrow-up\"><\/use><\/svg>                            <h3>\n\t\t\t\t\t\t\t\tCosa succederebbe se&#8230;?                            <\/h3>\n                        <\/button>\n\n                        <div id=\"collapse-block_62d95dd7a68fd-1\" class=\"collapse \"\n                             data-parent=\"#accordion-block_62d95dd7a68fd\">\n                            <div class=\"accordion-content row\">\n                                <div class=\"col\">\n                                    <div class=\"text\">\n\t\t\t\t\t\t\t\t\t\t<p>Una riflessione filosofico-musicale di Bodo Wartke sull\u2019\u201cautodeterminazione\u201d.<\/p>\n                                    <\/div>\n                                <\/div>\n\t\t\t\t\t\t\t\t                            <\/div>\n                        <\/div>\n                    <\/div>\n\t\t\t\t\t\t\t\t\t                    <div class=\"accordion-item\">\n                        <button class=\"accordion-button collapsed\"\n                                type=\"button\"\n                                id=\"\"\n                                data-bs-toggle=\"collapse\"\n                                data-bs-target=\"#collapse-block_62d95dd7a68fd-2\"\n                                aria-expanded=\"true\"\n                                aria-controls=\"collapse-block_62d95dd7a68fd-2\">\n\t                        <svg class=\"svg-icon icon-arrow-up\" xmlns=\"http:\/\/www.w3.org\/2000\/svg\"><use xmlns:xlink=\"http:\/\/www.w3.org\/1999\/xlink\" xlink:href=\"https:\/\/dev.lapurla.ch\/wp-content\/themes\/lapurla\/dist\/icons.svg?f27dc72#arrow-up\"><\/use><\/svg>                            <h3>\n\t\t\t\t\t\t\t\tAnzich\u00e9 alla scuola, dovremmo preparare i bambini alla vita                            <\/h3>\n                        <\/button>\n\n                        <div id=\"collapse-block_62d95dd7a68fd-2\" class=\"collapse \"\n                             data-parent=\"#accordion-block_62d95dd7a68fd\">\n                            <div class=\"accordion-content row\">\n                                <div class=\"col\">\n                                    <div class=\"text\">\n\t\t\t\t\t\t\t\t\t\t<p>Il neurobiologo Gerald H\u00fcther sostiene che gli adulti debbano consentire ai bambini di sperimentare il pi\u00f9 possibile in piena autonomia<\/p>\n<ul>\n<li><a href=\"https:\/\/editionf.com\/Karriere-Kinder-Interview\/?fbclid=IwAR1t_JBFa-SgQ8F06jXJSkHuSvw6MKNg_cWILGVtsxYuCr8Ql4pqaPkcYJU\" target=\"_blank\" rel=\"noopener\">Articolo 1<\/a><\/li>\n<li><a href=\"https:\/\/www.focus.de\/gesundheit\/ratgeber\/gerald-huether-im-gespraech-hirnforscher-entwickelt-gluecksformel-dafuer-muss-sich-jeder-zwei-fragen-stellen_id_10201786.html?fbclid=IwAR3H-gYI4FljwLNi9Cix3MjL9LhlWUUK1g0K5SfCRHg3SHso2bBhDgQ-wcE\" target=\"_blank\" rel=\"noopener\">Articolo 2<\/a><\/li>\n<li><a href=\"https:\/\/www.businessinsider.de\/es-gibt-einen-gefaehrlichen-trend-in-deutschen-kindergaerten-er-wird-uns-in-25-jahren-zum-verhaengnis-2018-3?IR=T&amp;fbclid=IwAR1YhcDZMi_2QzDOpML2SVBY6_UpUylAPwUt7uAcErfEhtyD6QfuXOrbgSM\" target=\"_blank\" rel=\"noopener\">Articolo 3<\/a><\/li>\n<li><a href=\"https:\/\/www.focus.de\/familie\/kindergesundheit\/erziehung-hirnforscher-huether-eltern-stehlen-kindern-wichtigste-erfahrung-der-kindheit_id_10930803.html\" target=\"_blank\" rel=\"noopener\">Articolo 4<\/a><\/li>\n<li><a href=\"https:\/\/dev.lapurla.ch\/wp-content\/uploads\/2022\/06\/huetherNZZ.pdf\" target=\"_blank\" rel=\"noopener\">Articolo 5<\/a><\/li>\n<li><a href=\"https:\/\/www.youtube.com\/watch?v=fjJLIC0rBiI&amp;feature=share&amp;fbclid=IwAR04HgXJwxql9KqwvxpGS2c-xn0SY9BndCC6p-_DY3ku_24WX7q5bIZII78\" target=\"_blank\" rel=\"noopener\">Video 1<\/a><\/li>\n<li><a href=\"https:\/\/www.facebook.com\/Thinktwice66\/videos\/1882415682053429\/UzpfSTEwMDAwMTEwMjU4Njk3MjoxOTI5NjY0MTUzNzQ2OTg1\/\" target=\"_blank\" rel=\"noopener\">Video 2<\/a><\/li>\n<\/ul>\n                                    <\/div>\n                                <\/div>\n\t\t\t\t\t\t\t\t                            <\/div>\n                        <\/div>\n                    <\/div>\n\t\t\t\t\t\t\t\t\t                    <div class=\"accordion-item\">\n                        <button class=\"accordion-button collapsed\"\n                                type=\"button\"\n                                id=\"\"\n                                data-bs-toggle=\"collapse\"\n                                data-bs-target=\"#collapse-block_62d95dd7a68fd-3\"\n                                aria-expanded=\"true\"\n                                aria-controls=\"collapse-block_62d95dd7a68fd-3\">\n\t                        <svg class=\"svg-icon icon-arrow-up\" xmlns=\"http:\/\/www.w3.org\/2000\/svg\"><use xmlns:xlink=\"http:\/\/www.w3.org\/1999\/xlink\" xlink:href=\"https:\/\/dev.lapurla.ch\/wp-content\/themes\/lapurla\/dist\/icons.svg?f27dc72#arrow-up\"><\/use><\/svg>                            <h3>\n\t\t\t\t\t\t\t\tCome i bambini costruiscono da soli il fondamento della propria vita \u2013 e come i genitori possono sostenerli in questo percorso                            <\/h3>\n                        <\/button>\n\n                        <div id=\"collapse-block_62d95dd7a68fd-3\" class=\"collapse \"\n                             data-parent=\"#accordion-block_62d95dd7a68fd\">\n                            <div class=\"accordion-content row\">\n                                <div class=\"col\">\n                                    <div class=\"text\">\n\t\t\t\t\t\t\t\t\t\t<p>Nessuno pu\u00f2 trasmettere la creativit\u00e0 a un bambino o insegnargli l\u2019empatia e le competenze sociali, afferma Herbert Renz-Polster, pediatra e autore tedesco: devono impararle da soli.<\/p>\n<p><a href=\"https:\/\/www.fritzundfraenzi.ch\/erziehung\/interview-renz-polster-wie-kinder-starken-entwickeln\/\" target=\"_blank\" rel=\"noopener\">Vai all\u2019articolo<\/a><\/p>\n                                    <\/div>\n                                <\/div>\n\t\t\t\t\t\t\t\t                            <\/div>\n                        <\/div>\n                    <\/div>\n\t\t\t\t\t\t\t\t\t                    <div class=\"accordion-item\">\n                        <button class=\"accordion-button collapsed\"\n                                type=\"button\"\n                                id=\"\"\n                                data-bs-toggle=\"collapse\"\n                                data-bs-target=\"#collapse-block_62d95dd7a68fd-4\"\n                                aria-expanded=\"true\"\n                                aria-controls=\"collapse-block_62d95dd7a68fd-4\">\n\t                        <svg class=\"svg-icon icon-arrow-up\" xmlns=\"http:\/\/www.w3.org\/2000\/svg\"><use xmlns:xlink=\"http:\/\/www.w3.org\/1999\/xlink\" xlink:href=\"https:\/\/dev.lapurla.ch\/wp-content\/themes\/lapurla\/dist\/icons.svg?f27dc72#arrow-up\"><\/use><\/svg>                            <h3>\n\t\t\t\t\t\t\t\tTeoria delle intelligenze multiple                            <\/h3>\n                        <\/button>\n\n                        <div id=\"collapse-block_62d95dd7a68fd-4\" class=\"collapse \"\n                             data-parent=\"#accordion-block_62d95dd7a68fd\">\n                            <div class=\"accordion-content row\">\n                                <div class=\"col\">\n                                    <div class=\"text\">\n\t\t\t\t\t\t\t\t\t\t<p>I tradizionali test di intelligenza non sono sufficienti a riconoscere le abilit\u00e0 (e di conseguenza a promuoverle) che risultano decisive per il successo nella vita in diversi ambiti culturali (o professionali)<\/p>\n<p><a href=\"https:\/\/www.youtube.com\/watch?v=N2YLfDhFXXo&amp;feature=share&amp;fbclid=IwAR1abgubzSXxwiKHEO1mWbE1NqGWM-i--aQNtQ42122G1oLXMQJ8UovWnwc\" target=\"_blank\" rel=\"noopener\">Vai all\u2019intervista con Howard Gardner<\/a><\/p>\n                                    <\/div>\n                                <\/div>\n\t\t\t\t\t\t\t\t                            <\/div>\n                        <\/div>\n                    <\/div>\n\t\t\t\t\t\t\t\t\t                    <div class=\"accordion-item\">\n                        <button class=\"accordion-button collapsed\"\n                                type=\"button\"\n                                id=\"\"\n                                data-bs-toggle=\"collapse\"\n                                data-bs-target=\"#collapse-block_62d95dd7a68fd-5\"\n                                aria-expanded=\"true\"\n                                aria-controls=\"collapse-block_62d95dd7a68fd-5\">\n\t                        <svg class=\"svg-icon icon-arrow-up\" xmlns=\"http:\/\/www.w3.org\/2000\/svg\"><use xmlns:xlink=\"http:\/\/www.w3.org\/1999\/xlink\" xlink:href=\"https:\/\/dev.lapurla.ch\/wp-content\/themes\/lapurla\/dist\/icons.svg?f27dc72#arrow-up\"><\/use><\/svg>                            <h3>\n\t\t\t\t\t\t\t\tPi\u00f9 spazi liberi per i bambini                            <\/h3>\n                        <\/button>\n\n                        <div id=\"collapse-block_62d95dd7a68fd-5\" class=\"collapse \"\n                             data-parent=\"#accordion-block_62d95dd7a68fd\">\n                            <div class=\"accordion-content row\">\n                                <div class=\"col\">\n                                    <div class=\"text\">\n\t\t\t\t\t\t\t\t\t\t<div class=\"accordion__content accordion__content--active\">\n<div class=\"rich-text\">\n<div class=\"rich-text__text\">\n<p>Per uno sviluppo sano, i bambini e i giovani hanno bisogno di spazi liberi e spazi di gioco per muoversi e fare esperienze.<\/p>\n<p><a href=\"https:\/\/www.projuventute.ch\/de\/stiftung\/aktuelles\/politisches-engagement?fbclid=IwAR15KZ0FVSNGXewpFvTma0ba9EGuDqYKPOeDnste3JvvMr4fpl6vyj2tb00\" target=\"_blank\" rel=\"noopener\">L\u2019impegno di Pro Juventute<\/a><\/p>\n<\/div>\n<\/div>\n<\/div>\n                                    <\/div>\n                                <\/div>\n\t\t\t\t\t\t\t\t                            <\/div>\n                        <\/div>\n                    <\/div>\n\t\t\t\t\t\t\t\t\t                    <div class=\"accordion-item\">\n                        <button class=\"accordion-button collapsed\"\n                                type=\"button\"\n                                id=\"\"\n                                data-bs-toggle=\"collapse\"\n                                data-bs-target=\"#collapse-block_62d95dd7a68fd-6\"\n                                aria-expanded=\"true\"\n                                aria-controls=\"collapse-block_62d95dd7a68fd-6\">\n\t                        <svg class=\"svg-icon icon-arrow-up\" xmlns=\"http:\/\/www.w3.org\/2000\/svg\"><use xmlns:xlink=\"http:\/\/www.w3.org\/1999\/xlink\" xlink:href=\"https:\/\/dev.lapurla.ch\/wp-content\/themes\/lapurla\/dist\/icons.svg?f27dc72#arrow-up\"><\/use><\/svg>                            <h3>\n\t\t\t\t\t\t\t\tViviamo in un mondo che diventa sempre pi\u00f9 complesso                            <\/h3>\n                        <\/button>\n\n                        <div id=\"collapse-block_62d95dd7a68fd-6\" class=\"collapse \"\n                             data-parent=\"#accordion-block_62d95dd7a68fd\">\n                            <div class=\"accordion-content row\">\n                                <div class=\"col\">\n                                    <div class=\"text\">\n\t\t\t\t\t\t\t\t\t\t<div class=\"accordion accordion--active\"><\/div>\n<div class=\"accordion__content accordion__content--active\">\n<div class=\"rich-text\">\n<div class=\"rich-text__text\">\n<p>Anzich\u00e9 formare opportunamente i nostri figli a questa nuova realt\u00e0, li abbiamo invece preparati a un mondo che \u00e8 superato da tempo. L\u2019insegnante, quindi, non ha dubbi: \u201cDovremmo trovare pi\u00f9 coraggio in fatto di pluralit\u00e0 e consentire, sempre prima e in misura sempre maggiore, agli alunni di decidere a quali materie e temi dedicarsi maggiormente in base ai loro interessi, talenti e punti di forza.\u201d<\/p>\n<p><a href=\"https:\/\/www.focus.de\/familie\/eltern\/familie-heute\/noten-sind-kontraproduktiv-vermittelt-kein-nachhaltiges-wissen-schulleiter-fordert-schafft-die-schule-ab_id_10740453.html\" target=\"_blank\" rel=\"noopener\">Vai all\u2019articolo<\/a><\/p>\n<p><a href=\"https:\/\/www.fritzundfraenzi.ch\/blog\/wozu-uberhaupt-bildung\/?fbclid=IwAR26UWGAHdy6VDYOkyj1Ocz5OrUuz4ezp_XjdQYslOgwLZmZKnvEg_D9FAQ\" target=\"_blank\" rel=\"noopener\">Vai a Elternblog (blog dei genitori)<\/a><\/p>\n<\/div>\n<\/div>\n<\/div>\n                                    <\/div>\n                                <\/div>\n\t\t\t\t\t\t\t\t                            <\/div>\n                        <\/div>\n                    <\/div>\n\t\t\t\t\t\t\t\t\t                    <div class=\"accordion-item\">\n                        <button class=\"accordion-button collapsed\"\n                                type=\"button\"\n                                id=\"\"\n                                data-bs-toggle=\"collapse\"\n                                data-bs-target=\"#collapse-block_62d95dd7a68fd-7\"\n                                aria-expanded=\"true\"\n                                aria-controls=\"collapse-block_62d95dd7a68fd-7\">\n\t                        <svg class=\"svg-icon icon-arrow-up\" xmlns=\"http:\/\/www.w3.org\/2000\/svg\"><use xmlns:xlink=\"http:\/\/www.w3.org\/1999\/xlink\" xlink:href=\"https:\/\/dev.lapurla.ch\/wp-content\/themes\/lapurla\/dist\/icons.svg?f27dc72#arrow-up\"><\/use><\/svg>                            <h3>\n\t\t\t\t\t\t\t\tIl bambino si annoia? Molto bene!                            <\/h3>\n                        <\/button>\n\n                        <div id=\"collapse-block_62d95dd7a68fd-7\" class=\"collapse \"\n                             data-parent=\"#accordion-block_62d95dd7a68fd\">\n                            <div class=\"accordion-content row\">\n                                <div class=\"col\">\n                                    <div class=\"text\">\n\t\t\t\t\t\t\t\t\t\t<div class=\"accordion__content accordion__content--active\">\n<div class=\"rich-text\">\n<div class=\"rich-text__text\">\n<p>&nbsp;<\/p>\n<p>La noia riserva tante sorprese. Se viene accettata dalle persone di riferimento del bambino e tollerata insieme a lui, pu\u00f2 condurre a una dimensione ricca di novit\u00e0 inattese.<\/p>\n<ul>\n<li><a href=\"https:\/\/blog.tagesanzeiger.ch\/mamablog\/index.php\/82905\/dem-kind-ist-langweilig-grossartig\/?fbclid=IwAR0nYBs61eA4DC3GCtAJwu4_ZaJvFGiAJB8AOhi1hg8S88K7SU6XclkLTDQ\" target=\"_blank\" rel=\"noopener\">Vai a Mamablog (blog delle mamme)<\/a><\/li>\n<li><a href=\"https:\/\/www.fritzundfraenzi.ch\/erziehung\/frau-stamm-warum-spielen-kinder-heute-so-wenig\/?fbclid=IwAR0jEi2sVeW2ft_jiHvX0UzM3U6WSinvZKqrB2cFacsXPdWSYw-i5aOTpRg\" target=\"_blank\" rel=\"noopener\">Vai all\u2019articolo<\/a><\/li>\n<\/ul>\n<\/div>\n<\/div>\n<\/div>\n                                    <\/div>\n                                <\/div>\n\t\t\t\t\t\t\t\t                            <\/div>\n                        <\/div>\n                    <\/div>\n\t\t\t\t\t\t\t\t\t                    <div class=\"accordion-item\">\n                        <button class=\"accordion-button collapsed\"\n                                type=\"button\"\n                                id=\"\"\n                                data-bs-toggle=\"collapse\"\n                                data-bs-target=\"#collapse-block_62d95dd7a68fd-8\"\n                                aria-expanded=\"true\"\n                                aria-controls=\"collapse-block_62d95dd7a68fd-8\">\n\t                        <svg class=\"svg-icon icon-arrow-up\" xmlns=\"http:\/\/www.w3.org\/2000\/svg\"><use xmlns:xlink=\"http:\/\/www.w3.org\/1999\/xlink\" xlink:href=\"https:\/\/dev.lapurla.ch\/wp-content\/themes\/lapurla\/dist\/icons.svg?f27dc72#arrow-up\"><\/use><\/svg>                            <h3>\n\t\t\t\t\t\t\t\tPerch\u00e9 i genitori pigri sono genitori migliori?                            <\/h3>\n                        <\/button>\n\n                        <div id=\"collapse-block_62d95dd7a68fd-8\" class=\"collapse \"\n                             data-parent=\"#accordion-block_62d95dd7a68fd\">\n                            <div class=\"accordion-content row\">\n                                <div class=\"col\">\n                                    <div class=\"text\">\n\t\t\t\t\t\t\t\t\t\t<div class=\"accordion__content accordion__content--active\">\n<div class=\"rich-text\">\n<div class=\"rich-text__text\">\n<p>L\u2019autore britannico Tom Hodgkinson \u00e8 un professionista in fatto di rallentamento: scrive bestseller sull\u2019ozio.<\/p>\n<p><a href=\"https:\/\/www.fritzundfraenzi.ch\/gesellschaft\/herr-hodgkinson-warum-sind-faule-eltern-bessere-eltern\/?fbclid=IwAR1GDRZcdRZ4JvNA095vjxYk0psmjP5biFUOB5T5LNWkC_Czvyam6vITtPc\" target=\"_blank\" rel=\"noopener\">Vai all\u2019articolo<\/a><\/p>\n<\/div>\n<\/div>\n<\/div>\n                                    <\/div>\n                                <\/div>\n\t\t\t\t\t\t\t\t                            <\/div>\n                        <\/div>\n                    <\/div>\n\t\t\t\t\t\t\t\t\t                    <div class=\"accordion-item\">\n                        <button class=\"accordion-button collapsed\"\n                                type=\"button\"\n                                id=\"\"\n                                data-bs-toggle=\"collapse\"\n                                data-bs-target=\"#collapse-block_62d95dd7a68fd-9\"\n                                aria-expanded=\"true\"\n                                aria-controls=\"collapse-block_62d95dd7a68fd-9\">\n\t                        <svg class=\"svg-icon icon-arrow-up\" xmlns=\"http:\/\/www.w3.org\/2000\/svg\"><use xmlns:xlink=\"http:\/\/www.w3.org\/1999\/xlink\" xlink:href=\"https:\/\/dev.lapurla.ch\/wp-content\/themes\/lapurla\/dist\/icons.svg?f27dc72#arrow-up\"><\/use><\/svg>                            <h3>\n\t\t\t\t\t\t\t\tDate voce ai bambini                            <\/h3>\n                        <\/button>\n\n                        <div id=\"collapse-block_62d95dd7a68fd-9\" class=\"collapse \"\n                             data-parent=\"#accordion-block_62d95dd7a68fd\">\n                            <div class=\"accordion-content row\">\n                                <div class=\"col\">\n                                    <div class=\"text\">\n\t\t\t\t\t\t\t\t\t\t<div class=\"accordion__content accordion__content--active\">\n<div class=\"rich-text\">\n<div class=\"rich-text__text\">\n<p>Solo se bambini e ragazzi comprendono precocemente il significato della democrazia per la nostra societ\u00e0 possono successivamente assumersi la responsabilit\u00e0 di difenderla.<\/p>\n<p><a href=\"https:\/\/www.haz.de\/Sonntag\/Gastkommentar\/Gebt-den-Kindern-eine-Stimme\/?fbclid=IwAR1QAxJsNjpNCWmCiXZGMkwliRywFiC6YYlg7NI6U8K-OUvHiWO7kaOi_XM\" target=\"_blank\" rel=\"noopener\">Vai all\u2019articolo<\/a><\/p>\n<\/div>\n<\/div>\n<\/div>\n                                    <\/div>\n                                <\/div>\n\t\t\t\t\t\t\t\t                            <\/div>\n                        <\/div>\n                    <\/div>\n\t\t\t\t\t\t\t\t\t                    <div class=\"accordion-item\">\n                        <button class=\"accordion-button collapsed\"\n                                type=\"button\"\n                                id=\"\"\n                                data-bs-toggle=\"collapse\"\n                                data-bs-target=\"#collapse-block_62d95dd7a68fd-10\"\n                                aria-expanded=\"true\"\n                                aria-controls=\"collapse-block_62d95dd7a68fd-10\">\n\t                        <svg class=\"svg-icon icon-arrow-up\" xmlns=\"http:\/\/www.w3.org\/2000\/svg\"><use xmlns:xlink=\"http:\/\/www.w3.org\/1999\/xlink\" xlink:href=\"https:\/\/dev.lapurla.ch\/wp-content\/themes\/lapurla\/dist\/icons.svg?f27dc72#arrow-up\"><\/use><\/svg>                            <h3>\n\t\t\t\t\t\t\t\tI bambini devono tornare a giocare: basta con i corsi integrativi                            <\/h3>\n                        <\/button>\n\n                        <div id=\"collapse-block_62d95dd7a68fd-10\" class=\"collapse \"\n                             data-parent=\"#accordion-block_62d95dd7a68fd\">\n                            <div class=\"accordion-content row\">\n                                <div class=\"col\">\n                                    <div class=\"text\">\n\t\t\t\t\t\t\t\t\t\t<div class=\"accordion accordion--active\">\n<p>I bambini imparano giocando. Ma noi non li lasciamo giocare. Tantomeno quando fuori c\u2019\u00e8 brutto tempo. Perch\u00e9 \u00e8 necessario che i bambini tornino a giocare pi\u00f9 spesso in libert\u00e0. Nota: \u00e8 un buon articolo, ma nella sua assoluzione sentiamo di dover contraddire un punto: \u201cI bambini devono crearsi un lessico di esperienze sensoriali (vero!), e ci\u00f2 \u00e8 possibile solo nella natura. Solo l\u00ec c\u2019\u00e8 anche una diversit\u00e0 di odori.\u201d Non solo la natura, ma anche la cultura offre un mondo di possibili esperienze estetiche (sensoriali). Un\u2019opzione non esclude l\u2019altra: sono possibili entrambi i tipi di esperienza.<\/p>\n<\/div>\n<div class=\"accordion__content accordion__content--active\">\n<div class=\"rich-text\">\n<div class=\"rich-text__text\">\n<p><a href=\"https:\/\/www.aargauerzeitung.ch\/leben\/kinder-sollen-wieder-spielen-schluss-mit-forderkursen-ld.1173291\" target=\"_blank\" rel=\"noopener\">Vai all\u2019articolo<\/a><\/p>\n<\/div>\n<\/div>\n<\/div>\n                                    <\/div>\n                                <\/div>\n\t\t\t\t\t\t\t\t                            <\/div>\n                        <\/div>\n                    <\/div>\n\t\t\t\t\t\t\t\t\t                    <div class=\"accordion-item\">\n                        <button class=\"accordion-button collapsed\"\n                                type=\"button\"\n                                id=\"\"\n                                data-bs-toggle=\"collapse\"\n                                data-bs-target=\"#collapse-block_62d95dd7a68fd-11\"\n                                aria-expanded=\"true\"\n                                aria-controls=\"collapse-block_62d95dd7a68fd-11\">\n\t                        <svg class=\"svg-icon icon-arrow-up\" xmlns=\"http:\/\/www.w3.org\/2000\/svg\"><use xmlns:xlink=\"http:\/\/www.w3.org\/1999\/xlink\" xlink:href=\"https:\/\/dev.lapurla.ch\/wp-content\/themes\/lapurla\/dist\/icons.svg?f27dc72#arrow-up\"><\/use><\/svg>                            <h3>\n\t\t\t\t\t\t\t\tLasciate che i bambini siano bambini                            <\/h3>\n                        <\/button>\n\n                        <div id=\"collapse-block_62d95dd7a68fd-11\" class=\"collapse \"\n                             data-parent=\"#accordion-block_62d95dd7a68fd\">\n                            <div class=\"accordion-content row\">\n                                <div class=\"col\">\n                                    <div class=\"text\">\n\t\t\t\t\t\t\t\t\t\t<div class=\"accordion__content accordion__content--active\">\n<div class=\"rich-text\">\n<div class=\"rich-text__text\">\n<p>Purtroppo sempre pi\u00f9 genitori si considerano \u201cistruttori\u201d dei propri figli. \u00c8 assurdo. Una presa di posizione a favore di una maggiore libert\u00e0.<\/p>\n<p><a href=\"https:\/\/www.stern.de\/familie\/kinder\/foerdern-und-fordern-lasst-kinder-kinder-sein--3915530.html?utm_campaign&amp;utm_source=facebook&amp;utm_medium=mweb_sharing&amp;fbclid=IwAR1xmGXhr0JM0o_y8BjLPxL2Lhn_IU4-qLR5zi0pW2xIl_-C-gpevHmAAK4\" target=\"_blank\" rel=\"noopener\">Vai all\u2019articolo<\/a><\/p>\n<p>&nbsp;<\/p>\n<\/div>\n<\/div>\n<\/div>\n                                    <\/div>\n                                <\/div>\n\t\t\t\t\t\t\t\t                            <\/div>\n                        <\/div>\n                    <\/div>\n\t\t\t\t\t\t\t\t\t                    <div class=\"accordion-item\">\n                        <button class=\"accordion-button collapsed\"\n                                type=\"button\"\n                                id=\"\"\n                                data-bs-toggle=\"collapse\"\n                                data-bs-target=\"#collapse-block_62d95dd7a68fd-12\"\n                                aria-expanded=\"true\"\n                                aria-controls=\"collapse-block_62d95dd7a68fd-12\">\n\t                        <svg class=\"svg-icon icon-arrow-up\" xmlns=\"http:\/\/www.w3.org\/2000\/svg\"><use xmlns:xlink=\"http:\/\/www.w3.org\/1999\/xlink\" xlink:href=\"https:\/\/dev.lapurla.ch\/wp-content\/themes\/lapurla\/dist\/icons.svg?f27dc72#arrow-up\"><\/use><\/svg>                            <h3>\n\t\t\t\t\t\t\t\tUno studioso dell\u2019infanzia ci mette in guardia: il nostro sistema distrugge i bambini                            <\/h3>\n                        <\/button>\n\n                        <div id=\"collapse-block_62d95dd7a68fd-12\" class=\"collapse \"\n                             data-parent=\"#accordion-block_62d95dd7a68fd\">\n                            <div class=\"accordion-content row\">\n                                <div class=\"col\">\n                                    <div class=\"text\">\n\t\t\t\t\t\t\t\t\t\t<div class=\"accordion accordion--active\">L\u2019infanzia \u00e8 una delle fasi pi\u00f9 importanti della vita delle persone poich\u00e9 costituisce il fondamento su cui possiamo costruire tutto il resto. Ma uno studioso dell\u2019infanzia ci ricorda che i nostri figli non hanno mai vissuto cos\u00ec male, e invoca un ripensamento.<\/div>\n<div class=\"accordion__content accordion__content--active\">\n<div class=\"rich-text\">\n<div class=\"rich-text__text\">\n<p><a href=\"https:\/\/www.focus.de\/familie\/eltern\/familie-heute\/familie-aufschrei-eines-kindheitsforschers-jedes-zweite-kind-ist-in-gefahr_id_10319047.html?fbc=fb-shares%3FSThisFB&amp;fbclid=IwAR3pdngA3zDOiePRCVOO3hSkF53kRU09ptwAidRjdBfogHSd2hMUhnoe7UQ\" target=\"_blank\" rel=\"noopener\">Vai all\u2019articolo<\/a><\/p>\n<\/div>\n<\/div>\n<\/div>\n                                    <\/div>\n                                <\/div>\n\t\t\t\t\t\t\t\t                            <\/div>\n                        <\/div>\n                    <\/div>\n\t\t\t\t\t\t\t\t\t                    <div class=\"accordion-item\">\n                        <button class=\"accordion-button collapsed\"\n                                type=\"button\"\n                                id=\"\"\n                                data-bs-toggle=\"collapse\"\n                                data-bs-target=\"#collapse-block_62d95dd7a68fd-13\"\n                                aria-expanded=\"true\"\n                                aria-controls=\"collapse-block_62d95dd7a68fd-13\">\n\t                        <svg class=\"svg-icon icon-arrow-up\" xmlns=\"http:\/\/www.w3.org\/2000\/svg\"><use xmlns:xlink=\"http:\/\/www.w3.org\/1999\/xlink\" xlink:href=\"https:\/\/dev.lapurla.ch\/wp-content\/themes\/lapurla\/dist\/icons.svg?f27dc72#arrow-up\"><\/use><\/svg>                            <h3>\n\t\t\t\t\t\t\t\tEsistono gi\u00e0 bambini con sindrome da burn-out                            <\/h3>\n                        <\/button>\n\n                        <div id=\"collapse-block_62d95dd7a68fd-13\" class=\"collapse \"\n                             data-parent=\"#accordion-block_62d95dd7a68fd\">\n                            <div class=\"accordion-content row\">\n                                <div class=\"col\">\n                                    <div class=\"text\">\n\t\t\t\t\t\t\t\t\t\t<div class=\"accordion__content accordion__content--active\">\n<div class=\"rich-text\">\n<div class=\"rich-text__text\">\n<p>\u201cDovremmo ripensare radicalmente la nostra societ\u00e0\u201d, sostiene con forza il pediatra Remo Largo.<\/p>\n<p><a href=\"https:\/\/www.tagesanzeiger.ch\/wir-haben-jetzt-schon-kinder-mit-burn-out-336732491644\" target=\"_blank\" rel=\"noopener\">Vai all\u2019articolo<\/a><\/p>\n<\/div>\n<\/div>\n<\/div>\n                                    <\/div>\n                                <\/div>\n\t\t\t\t\t\t\t\t                            <\/div>\n                        <\/div>\n                    <\/div>\n\t\t\t\t\t\t\t\t\t                    <div class=\"accordion-item\">\n                        <button class=\"accordion-button collapsed\"\n                                type=\"button\"\n                                id=\"\"\n                                data-bs-toggle=\"collapse\"\n                                data-bs-target=\"#collapse-block_62d95dd7a68fd-14\"\n                                aria-expanded=\"true\"\n                                aria-controls=\"collapse-block_62d95dd7a68fd-14\">\n\t                        <svg class=\"svg-icon icon-arrow-up\" xmlns=\"http:\/\/www.w3.org\/2000\/svg\"><use xmlns:xlink=\"http:\/\/www.w3.org\/1999\/xlink\" xlink:href=\"https:\/\/dev.lapurla.ch\/wp-content\/themes\/lapurla\/dist\/icons.svg?f27dc72#arrow-up\"><\/use><\/svg>                            <h3>\n\t\t\t\t\t\t\t\tQuando siamo noi stessi a stressarci con le nostre aspettative                            <\/h3>\n                        <\/button>\n\n                        <div id=\"collapse-block_62d95dd7a68fd-14\" class=\"collapse \"\n                             data-parent=\"#accordion-block_62d95dd7a68fd\">\n                            <div class=\"accordion-content row\">\n                                <div class=\"col\">\n                                    <div class=\"text\">\n\t\t\t\t\t\t\t\t\t\t<div class=\"accordion__content accordion__content--active\">\n<div class=\"rich-text\">\n<div class=\"rich-text__text\">\n<p>Quanto posso e devo attendermi dai miei figli? Quando li stimolo e quando invece li stresso? E, personalmente, come devo reagire quando non tutto va come me l\u2019ero immaginato?<\/p>\n<p><a href=\"https:\/\/www.projuventute.ch\/de\/eltern\/familie\/stress?fbclid=IwAR1PwUuZX3t2Nv7ITqsdCJbV0q39Kf3wZH4yBOTieEDTEPIOcWJyJG-xByI\" target=\"_blank\" rel=\"noopener\">Vai all\u2019articolo<\/a><\/p>\n<\/div>\n<\/div>\n<\/div>\n                                    <\/div>\n                                <\/div>\n\t\t\t\t\t\t\t\t                            <\/div>\n                        <\/div>\n                    <\/div>\n\t\t\t\t\t\t\t\t\t                    <div class=\"accordion-item\">\n                        <button class=\"accordion-button collapsed\"\n                                type=\"button\"\n                                id=\"\"\n                                data-bs-toggle=\"collapse\"\n                                data-bs-target=\"#collapse-block_62d95dd7a68fd-15\"\n                                aria-expanded=\"true\"\n                                aria-controls=\"collapse-block_62d95dd7a68fd-15\">\n\t                        <svg class=\"svg-icon icon-arrow-up\" xmlns=\"http:\/\/www.w3.org\/2000\/svg\"><use xmlns:xlink=\"http:\/\/www.w3.org\/1999\/xlink\" xlink:href=\"https:\/\/dev.lapurla.ch\/wp-content\/themes\/lapurla\/dist\/icons.svg?f27dc72#arrow-up\"><\/use><\/svg>                            <h3>\n\t\t\t\t\t\t\t\tI bambini diventano individui sovradattati                            <\/h3>\n                        <\/button>\n\n                        <div id=\"collapse-block_62d95dd7a68fd-15\" class=\"collapse \"\n                             data-parent=\"#accordion-block_62d95dd7a68fd\">\n                            <div class=\"accordion-content row\">\n                                <div class=\"col\">\n                                    <div class=\"text\">\n\t\t\t\t\t\t\t\t\t\t<div class=\"accordion accordion--active\">Circa un quarto di tutti gli scolari soffre per la pressione esercitata dalla nostra societ\u00e0 dell\u2019efficienza e sviluppa sintomi fisici e psichici. La sindrome da burn-out colpisce ormai gi\u00e0 nella scuola primaria. Il pediatra pi\u00f9 famoso della Svizzera ci parla dell\u2019attuale societ\u00e0 massificata, di bambini oberati e di nuove forme di convivenza.<\/div>\n<div class=\"accordion__content accordion__content--active\">\n<div class=\"rich-text\">\n<div class=\"rich-text__text\">\n<ul>\n<li><a href=\"https:\/\/www.bazonline.ch\/die-kinder-werden-zu-ueberangepassten-wesen-153801815675?fbclid=IwAR1fE3UPbIvjDZVn9PHdT6zNPPT7iJDaVH67vIVl4AJFitOaZ_ekl4N91tg\" target=\"_blank\" rel=\"noopener\">Articolo 1<\/a><\/li>\n<li><a href=\"https:\/\/www.fritzundfraenzi.ch\/gesellschaft\/eltern-sollten-endlich-darauf-vertrauen-dass-jedes-kind-lernen-will\/\" target=\"_blank\" rel=\"noopener\">Articolo 2<\/a><\/li>\n<li><a href=\"https:\/\/www.spiegel.de\/lebenundlernen\/schule\/erziehungsexperte-remo-largo-bildungspolitiker-sollten-entmachtet-werden-a-728539.html\" target=\"_blank\" rel=\"noopener\">Articolo 3<\/a><\/li>\n<\/ul>\n<\/div>\n<\/div>\n<\/div>\n                                    <\/div>\n                                <\/div>\n\t\t\t\t\t\t\t\t                            <\/div>\n                        <\/div>\n                    <\/div>\n\t\t\t\t\t\t\t\t\t                    <div class=\"accordion-item\">\n                        <button class=\"accordion-button collapsed\"\n                                type=\"button\"\n                                id=\"\"\n                                data-bs-toggle=\"collapse\"\n                                data-bs-target=\"#collapse-block_62d95dd7a68fd-16\"\n                                aria-expanded=\"true\"\n                                aria-controls=\"collapse-block_62d95dd7a68fd-16\">\n\t                        <svg class=\"svg-icon icon-arrow-up\" xmlns=\"http:\/\/www.w3.org\/2000\/svg\"><use xmlns:xlink=\"http:\/\/www.w3.org\/1999\/xlink\" xlink:href=\"https:\/\/dev.lapurla.ch\/wp-content\/themes\/lapurla\/dist\/icons.svg?f27dc72#arrow-up\"><\/use><\/svg>                            <h3>\n\t\t\t\t\t\t\t\t\u201cFigli elicottero\u201d: quando troppa pressione danneggia i genitori                            <\/h3>\n                        <\/button>\n\n                        <div id=\"collapse-block_62d95dd7a68fd-16\" class=\"collapse \"\n                             data-parent=\"#accordion-block_62d95dd7a68fd\">\n                            <div class=\"accordion-content row\">\n                                <div class=\"col\">\n                                    <div class=\"text\">\n\t\t\t\t\t\t\t\t\t\t<div class=\"accordion__content accordion__content--active\">\n<div class=\"rich-text\">\n<div class=\"rich-text__text\">\n<p>Uno specchio per i genitori: non solo per compiacersi.<\/p>\n<p><a href=\"https:\/\/www.facebook.com\/bohemianbrowserballett\/videos\/670803543310821\/UzpfSTEwMDAwMTEwMjU4Njk3MjoxNjk3MTExNzgwMzM1NTU4\/\" target=\"_blank\" rel=\"noopener\">Guarda il video<\/a><\/p>\n<\/div>\n<\/div>\n<\/div>\n                                    <\/div>\n                                <\/div>\n\t\t\t\t\t\t\t\t                            <\/div>\n                        <\/div>\n                    <\/div>\n\t\t\t\t            <\/div>\n\t\t\t<\/div>\n\n\n\n<div style=\"height:20px\" aria-hidden=\"true\" class=\"wp-block-spacer\"><\/div>\n\n\n\n<hr class=\"wp-block-separator has-alpha-channel-opacity\"\/>\n\n\n\n<h1 class=\"wp-block-heading\" id=\"Offenheit-&amp;-Neugier\">Apertura mentale e curiosit\u00e0<\/h1>\n\n\n\n<p><strong>I bambini di oggi crescono in una societ\u00e0 variegata e multiculturale. L\u2019apertura mentale e la curiosit\u00e0 sono necessarie per considerare la diversit\u00e0 un fattore di arricchimento anzich\u00e9 una minaccia: occorre far tesoro degli spunti altrui, ma anche fornire i propri e lasciarli agire. Come facciamo a essere aperti nei confronti del nostro contesto e a interfacciarci con curiosit\u00e0 con ci\u00f2 che non conosciamo?<\/strong><\/p>\n\n\n\n<blockquote class=\"wp-block-quote is-layout-flow wp-block-quote-is-layout-flow\"><p>\u201cCuriosit\u00e0 e apertura mentale svolgono un ruolo pi\u00f9 importante rispetto alla diligenza e alla tenacia. Perch\u00e9 un bambino ottenga buoni risultati in matematica e lettura la curiosit\u00e0, la creativit\u00e0 e la sicurezza di s\u00e9 sono pi\u00f9 importanti di quel che comunemente si pensi.\u201d<\/p><cite>Margherita Malanchini, psicologa dello sviluppo, 2019<\/cite><\/blockquote>\n\n\n\n<div id=\"testimonial-block_62d94b0099823\" class=\"mod-text-bild \">\n\t\t\t            <div class=\"row \">\n                <div class=\"image col-12 col-lg-6\">\n\t\t\t\t\t                        <figure>\n\t\t\t\t\t\t\t<div class=\"a-image js-a-image \"><picture class=\"a-image__picture js-a-image__picture\">           <source width=\"636\" height=\"448\"  media=\"(min-width: 1400px)\" data-srcset=\"https:\/\/dev.lapurla.ch\/wp-content\/uploads\/2022\/07\/web05-636x0.jpg 1x, https:\/\/dev.lapurla.ch\/wp-content\/uploads\/2022\/07\/web05-1272x0.jpg 2x\">           <source width=\"636\" height=\"448\" media=\"(min-width: 1200px)\" data-srcset=\"https:\/\/dev.lapurla.ch\/wp-content\/uploads\/2022\/07\/web05-636x0.jpg 1x, https:\/\/dev.lapurla.ch\/wp-content\/uploads\/2022\/07\/web05-1272x0.jpg 2x\">           <source width=\"636\" height=\"448\" media=\"(min-width: 992px)\" data-srcset=\"https:\/\/dev.lapurla.ch\/wp-content\/uploads\/2022\/07\/web05-636x0.jpg  1x, https:\/\/dev.lapurla.ch\/wp-content\/uploads\/2022\/07\/web05-1272x0.jpg 2x\">           <source width=\"636\" height=\"448\" media=\"(min-width: 768px)\" data-srcset=\"https:\/\/dev.lapurla.ch\/wp-content\/uploads\/2022\/07\/web05-636x0.jpg 1x, https:\/\/dev.lapurla.ch\/wp-content\/uploads\/2022\/07\/web05-1272x0.jpg 2x\">           <source width=\"375\" height=\"264\" media=\"(min-width: 576px)\" data-srcset=\"https:\/\/dev.lapurla.ch\/wp-content\/uploads\/2022\/07\/web05-375x0.jpg 1x, https:\/\/dev.lapurla.ch\/wp-content\/uploads\/2022\/07\/web05-750x0.jpg 2x\">           <img loading=\"lazy\" decoding=\"async\" width=\"375\" height=\"264\"           class=\"a-image__image js-a-image__image lazyload\" src=\"data:image\/gif;base64,R0lGODlhAQABAAAAACH5BAEKAAEALAAAAAABAAEAAAICTAEAOw==\"           data-src=\"https:\/\/dev.lapurla.ch\/wp-content\/uploads\/2022\/07\/web05-375x0.jpg\" data-srcset=\"https:\/\/dev.lapurla.ch\/wp-content\/uploads\/2022\/07\/web05-750x0.jpg 2x\" alt=\"\"\/>      <\/picture><\/div>                            <figcaption>Illustrazione: Lorenz Meier, 2017<\/figcaption>\n                        <\/figure>\n\t\t\t\t\t                <\/div>\n                <div class=\"text col-12 col-lg-6\">\n\t\t\t\t\t<p><strong>Verso l\u2019obiettivo senza obiettivi<\/strong><\/p>\n<p>Molto di ci\u00f2 che facciamo nell\u2019attuale societ\u00e0 votata all\u2019efficienza mira a uno scopo preciso. La competizione e il confronto generano una pressione enorme. Ci sentiamo costretti a essere efficienti, produttivi e focalizzati in ogni ambito. Spesso, tuttavia, le idee migliori nascono quando ci si concentra semplicemente sul fare, sul percorso verso l\u2019obiettivo. Non sapere dove ci porter\u00e0 e cosa ne uscir\u00e0 ha un effetto molto liberatorio. Se riusciremo a considerare le vie traverse, gli imprevisti e le sorprese un arricchimento anzich\u00e9 un fallimento, avremo preparato un terreno fertile per la creativit\u00e0! E ci sentiremo pi\u00f9 forti e a nostro agio.<\/p>\n<p>&nbsp;<\/p>\n<p><strong>Uno sguardo dietro porte sconosciute<\/strong><\/p>\n<p>Gli stimoli alla creativit\u00e0 sono dappertutto: nei luoghi di cultura del quartiere o nella natura. A volte serve coraggio per aprire nuove porte e guardare cosa c\u2019\u00e8 oltre la soglia. Vale la pena lasciarsi alle spalle i pregiudizi e i timori per addentrarsi con curiosit\u00e0 in terreni inesplorati in compagnia dei bambini.<\/p>\n<p>Imparando senza la pressione del risultato, accettando gli imprevisti e accogliendo con favore questo \u201cstato di indeterminatezza\u201d, anche nella vita quotidiana i bambini sapranno affrontare con pi\u00f9 leggerezza e apertura mentale le sfide ancora sconosciute.<\/p>\n                <\/div>\n            <\/div>\n\t\t\t\n<\/div>\n\n\n<div id=\"accordion-block_62d970455e1e2\" class=\"mod-accordion\">\n\t            <div id=\"accordion-block_62d970455e1e2\" class=\"accordion accordion-flush\">\n\t\t\t\t\t\t\t\t\t                    <div class=\"accordion-item\">\n                        <button class=\"accordion-button collapsed\"\n                                type=\"button\"\n                                id=\"\"\n                                data-bs-toggle=\"collapse\"\n                                data-bs-target=\"#collapse-block_62d970455e1e2-1\"\n                                aria-expanded=\"true\"\n                                aria-controls=\"collapse-block_62d970455e1e2-1\">\n\t                        <svg class=\"svg-icon icon-arrow-up\" xmlns=\"http:\/\/www.w3.org\/2000\/svg\"><use xmlns:xlink=\"http:\/\/www.w3.org\/1999\/xlink\" xlink:href=\"https:\/\/dev.lapurla.ch\/wp-content\/themes\/lapurla\/dist\/icons.svg?f27dc72#arrow-up\"><\/use><\/svg>                            <h3>\n\t\t\t\t\t\t\t\tDal vissuto al lasciar fare attraverso la partecipazione                            <\/h3>\n                        <\/button>\n\n                        <div id=\"collapse-block_62d970455e1e2-1\" class=\"collapse \"\n                             data-parent=\"#accordion-block_62d970455e1e2\">\n                            <div class=\"accordion-content row\">\n                                <div class=\"col\">\n                                    <div class=\"text\">\n\t\t\t\t\t\t\t\t\t\t<p>Oppure: \u201cConsapevolezza della casualit\u00e0 e sua accettazione\u201d<\/p>\n<p>Estratto dalla pubblicazione \u201c\u00c4sthetische Bildung und Kulturelle Teilhabe \u2013 von Anfang an!\u201d (\u201cFormazione estetica e partecipazione culturale \u2013 sin dall\u2019inizio!\u201d) (2017): <a href=\"https:\/\/dev.lapurla.ch\/wp-content\/uploads\/2022\/05\/fokuspublikationasthetischebildungkulturelleteilhabe.pdf\" target=\"_blank\" rel=\"noopener\">Fondamento 4 | pp. 47-48<\/a><\/p>\n<p>Ordina l\u2019intera pubblicazione <a href=\"https:\/\/www.netzwerk-kinderbetreuung.ch\/de\/publikationen\/25\/order\/\" target=\"_blank\" rel=\"noopener\">oppure<\/a> scaricala <a href=\"https:\/\/www.netzwerk-kinderbetreuung.ch\/media\/filer_public\/d3\/13\/d313944b-6fc0-4d79-8288-8f8f6ac742a2\/fokuspublikation_asthetische_bildung__kulturelle_teilhabe.pdf\" target=\"_blank\" rel=\"noopener\">come PDF<\/a><\/p>\n                                    <\/div>\n                                <\/div>\n\t\t\t\t\t\t\t\t                            <\/div>\n                        <\/div>\n                    <\/div>\n\t\t\t\t\t\t\t\t\t                    <div class=\"accordion-item\">\n                        <button class=\"accordion-button collapsed\"\n                                type=\"button\"\n                                id=\"\"\n                                data-bs-toggle=\"collapse\"\n                                data-bs-target=\"#collapse-block_62d970455e1e2-2\"\n                                aria-expanded=\"true\"\n                                aria-controls=\"collapse-block_62d970455e1e2-2\">\n\t                        <svg class=\"svg-icon icon-arrow-up\" xmlns=\"http:\/\/www.w3.org\/2000\/svg\"><use xmlns:xlink=\"http:\/\/www.w3.org\/1999\/xlink\" xlink:href=\"https:\/\/dev.lapurla.ch\/wp-content\/themes\/lapurla\/dist\/icons.svg?f27dc72#arrow-up\"><\/use><\/svg>                            <h3>\n\t\t\t\t\t\t\t\tPartecipazione culturale significa community education                            <\/h3>\n                        <\/button>\n\n                        <div id=\"collapse-block_62d970455e1e2-2\" class=\"collapse \"\n                             data-parent=\"#accordion-block_62d970455e1e2\">\n                            <div class=\"accordion-content row\">\n                                <div class=\"col\">\n                                    <div class=\"text\">\n\t\t\t\t\t\t\t\t\t\t<p>Oppure: \u201cAppartenere significa entrare in relazione con persone e luoghi\u201d<\/p>\n<p>Estratto dalla pubblicazione \u201c\u00c4sthetische Bildung und Kulturelle Teilhabe \u2013 von Anfang an!\u201d (\u201cFormazione estetica e partecipazione culturale \u2013 sin dall\u2019inizio!\u201d) (2017): <a href=\"https:\/\/dev.lapurla.ch\/wp-content\/uploads\/2022\/05\/fokuspublikationasthetischebildungkulturelleteilhabe.pdf\" target=\"_blank\" rel=\"noopener\">Fondamento 6 | pp. 55-56<\/a><\/p>\n<p>Ordina l\u2019intera pubblicazione <a href=\"https:\/\/www.netzwerk-kinderbetreuung.ch\/de\/publikationen\/25\/order\/\" target=\"_blank\" rel=\"noopener\">oppure<\/a> scaricala <a href=\"https:\/\/www.netzwerk-kinderbetreuung.ch\/media\/filer_public\/d3\/13\/d313944b-6fc0-4d79-8288-8f8f6ac742a2\/fokuspublikation_asthetische_bildung__kulturelle_teilhabe.pdf\" target=\"_blank\" rel=\"noopener\">come PDF<\/a><\/p>\n                                    <\/div>\n                                <\/div>\n\t\t\t\t\t\t\t\t                            <\/div>\n                        <\/div>\n                    <\/div>\n\t\t\t\t            <\/div>\n\t\t\t<\/div>\n\n\n\n<blockquote class=\"wp-block-quote is-layout-flow wp-block-quote-is-layout-flow\"><p>\u201cIn linea di principio, chi desidera sviluppare al meglio la propria creativit\u00e0 deve saper mettere in discussione tutto (!) in modo critico.\u201d<\/p><cite>Gottlieb Guntern, esperto svizzero di creativit\u00e0, 1994<\/cite><\/blockquote>\n\n\n\n<h3 class=\"wp-block-heading\">Articoli di stampa sul tema \u201capertura mentale e curiosit\u00e0\u201d<\/h3>\n\n\n<div id=\"accordion-block_62b36dcaa2448\" class=\"mod-accordion\">\n\t            <div id=\"accordion-block_62b36dcaa2448\" class=\"accordion accordion-flush\">\n\t\t\t\t\t\t\t\t\t                    <div class=\"accordion-item\">\n                        <button class=\"accordion-button collapsed\"\n                                type=\"button\"\n                                id=\"\"\n                                data-bs-toggle=\"collapse\"\n                                data-bs-target=\"#collapse-block_62b36dcaa2448-1\"\n                                aria-expanded=\"true\"\n                                aria-controls=\"collapse-block_62b36dcaa2448-1\">\n\t                        <svg class=\"svg-icon icon-arrow-up\" xmlns=\"http:\/\/www.w3.org\/2000\/svg\"><use xmlns:xlink=\"http:\/\/www.w3.org\/1999\/xlink\" xlink:href=\"https:\/\/dev.lapurla.ch\/wp-content\/themes\/lapurla\/dist\/icons.svg?f27dc72#arrow-up\"><\/use><\/svg>                            <h3>\n\t\t\t\t\t\t\t\tUn apprendimento davvero efficace                            <\/h3>\n                        <\/button>\n\n                        <div id=\"collapse-block_62b36dcaa2448-1\" class=\"collapse \"\n                             data-parent=\"#accordion-block_62b36dcaa2448\">\n                            <div class=\"accordion-content row\">\n                                <div class=\"col\">\n                                    <div class=\"text\">\n\t\t\t\t\t\t\t\t\t\t<div class=\"accordion__content accordion__content--active\">\n<div class=\"rich-text\">\n<div class=\"rich-text__text\">\n<p>Deve essere \u201csignificativo\u201d e \u201ccolpire nel profondo\u201d. \u201cCuriosit\u00e0 ed entusiasmo\u201d sono presupposti fondamentali per l\u2019apprendimento, afferma il neurologo Gerald H\u00fcther.<\/p>\n<p><a href=\"https:\/\/www.youtube.com\/watch?v=T5zbk7FmY_0&amp;feature=share\" target=\"_blank\" rel=\"noopener\">Guarda il video<\/a><\/p>\n<\/div>\n<\/div>\n<\/div>\n                                    <\/div>\n                                <\/div>\n\t\t\t\t\t\t\t\t                            <\/div>\n                        <\/div>\n                    <\/div>\n\t\t\t\t\t\t\t\t\t                    <div class=\"accordion-item\">\n                        <button class=\"accordion-button collapsed\"\n                                type=\"button\"\n                                id=\"\"\n                                data-bs-toggle=\"collapse\"\n                                data-bs-target=\"#collapse-block_62b36dcaa2448-2\"\n                                aria-expanded=\"true\"\n                                aria-controls=\"collapse-block_62b36dcaa2448-2\">\n\t                        <svg class=\"svg-icon icon-arrow-up\" xmlns=\"http:\/\/www.w3.org\/2000\/svg\"><use xmlns:xlink=\"http:\/\/www.w3.org\/1999\/xlink\" xlink:href=\"https:\/\/dev.lapurla.ch\/wp-content\/themes\/lapurla\/dist\/icons.svg?f27dc72#arrow-up\"><\/use><\/svg>                            <h3>\n\t\t\t\t\t\t\t\tLa curiosit\u00e0 e l\u2019apertura sono pi\u00f9 importanti della diligenza e della costanza                            <\/h3>\n                        <\/button>\n\n                        <div id=\"collapse-block_62b36dcaa2448-2\" class=\"collapse \"\n                             data-parent=\"#accordion-block_62b36dcaa2448\">\n                            <div class=\"accordion-content row\">\n                                <div class=\"col\">\n                                    <div class=\"text\">\n\t\t\t\t\t\t\t\t\t\t<div class=\"accordion__content accordion__content--active\">\n<div class=\"rich-text\">\n<div class=\"rich-text__text\">\n<p>Perch\u00e9 un bambino sia bravo in matematica e nella lettura, la curiosit\u00e0, la creativit\u00e0 e la fiducia in s\u00e9 sono pi\u00f9 importanti di quanto si pensi comunemente.<\/p>\n<p>La psicologa dello sviluppo Margherita Malanchini spiega perch\u00e9.<\/p>\n<p><a href=\"https:\/\/bold.expert\/curiosity-and-openness-matter-more-than-diligence-and-perseverance\/?fbclid=IwAR2mTdMBjCHwJwzVRWBSF1pzkz7Rn5ujlylmDkX3zVidolKgUBs20bJWWK8\">Vai all\u2019articolo (in inglese)<\/a><\/p>\n<p>Come portare i bambini sulla giusta strada: sanno a malapena camminare che gi\u00e0 vengono mandati ai corsi di istruzione precoce. Nell\u2019area di gioco o nel bosco imparano molto di pi\u00f9.<\/p>\n<p><a href=\"https:\/\/www.beobachter.ch\/familie\/erziehung\/fruhforderung-wie-man-kinder-auf-den-richtigen-weg-bringt\" target=\"_blank\" rel=\"noopener\">Vai all\u2019articolo<\/a><\/p>\n<\/div>\n<\/div>\n<\/div>\n                                    <\/div>\n                                <\/div>\n\t\t\t\t\t\t\t\t                            <\/div>\n                        <\/div>\n                    <\/div>\n\t\t\t\t\t\t\t\t\t                    <div class=\"accordion-item\">\n                        <button class=\"accordion-button collapsed\"\n                                type=\"button\"\n                                id=\"\"\n                                data-bs-toggle=\"collapse\"\n                                data-bs-target=\"#collapse-block_62b36dcaa2448-3\"\n                                aria-expanded=\"true\"\n                                aria-controls=\"collapse-block_62b36dcaa2448-3\">\n\t                        <svg class=\"svg-icon icon-arrow-up\" xmlns=\"http:\/\/www.w3.org\/2000\/svg\"><use xmlns:xlink=\"http:\/\/www.w3.org\/1999\/xlink\" xlink:href=\"https:\/\/dev.lapurla.ch\/wp-content\/themes\/lapurla\/dist\/icons.svg?f27dc72#arrow-up\"><\/use><\/svg>                            <h3>\n\t\t\t\t\t\t\t\tGli adulti curiosi stimolano i bambini                            <\/h3>\n                        <\/button>\n\n                        <div id=\"collapse-block_62b36dcaa2448-3\" class=\"collapse \"\n                             data-parent=\"#accordion-block_62b36dcaa2448\">\n                            <div class=\"accordion-content row\">\n                                <div class=\"col\">\n                                    <div class=\"text\">\n\t\t\t\t\t\t\t\t\t\t<div class=\"accordion__content accordion__content--active\">\n<div class=\"rich-text\">\n<div class=\"rich-text__text\">\n<p>I primi anni di vita decidono se e in che modo una persona si percepisce come un individuo apprendente. Lo sostiene Heidi Simoni del Marie Meierhofer Institut.<\/p>\n<p><a href=\"https:\/\/dev.lapurla.ch\/wp-content\/uploads\/2022\/06\/GazetteMarz2018Simoni.pdf\" target=\"_blank\" rel=\"noopener\">Vai all\u2019articolo<\/a><\/p>\n<\/div>\n<\/div>\n<\/div>\n                                    <\/div>\n                                <\/div>\n\t\t\t\t\t\t\t\t                            <\/div>\n                        <\/div>\n                    <\/div>\n\t\t\t\t\t\t\t\t\t                    <div class=\"accordion-item\">\n                        <button class=\"accordion-button collapsed\"\n                                type=\"button\"\n                                id=\"\"\n                                data-bs-toggle=\"collapse\"\n                                data-bs-target=\"#collapse-block_62b36dcaa2448-4\"\n                                aria-expanded=\"true\"\n                                aria-controls=\"collapse-block_62b36dcaa2448-4\">\n\t                        <svg class=\"svg-icon icon-arrow-up\" xmlns=\"http:\/\/www.w3.org\/2000\/svg\"><use xmlns:xlink=\"http:\/\/www.w3.org\/1999\/xlink\" xlink:href=\"https:\/\/dev.lapurla.ch\/wp-content\/themes\/lapurla\/dist\/icons.svg?f27dc72#arrow-up\"><\/use><\/svg>                            <h3>\n\t\t\t\t\t\t\t\tPerch\u00e9 il gioco libero \u00e8 fondamentale                            <\/h3>\n                        <\/button>\n\n                        <div id=\"collapse-block_62b36dcaa2448-4\" class=\"collapse \"\n                             data-parent=\"#accordion-block_62b36dcaa2448\">\n                            <div class=\"accordion-content row\">\n                                <div class=\"col\">\n                                    <div class=\"text\">\n\t\t\t\t\t\t\t\t\t\t<div class=\"accordion__content accordion__content--active\">\n<div class=\"rich-text\">\n<div class=\"rich-text__text\">\n<p>Le persone che da piccole hanno avuto spazio, tempo e stimoli a sufficienza per sperimentare varie forme di gioco libero sono meglio preparate ad affrontare le situazioni complesse. Da adulte sono pi\u00f9 predisposte a essere innovative e a sviluppare i propri interessi.<\/p>\n<ul>\n<li><a href=\"https:\/\/magazin.projuventute.ch\/unbeaufsichtigtes-spielen-wird-zur-raritaet\/?fbclid=IwAR2YJRUi5hnbKs9vrrBmi_Fx4bHSxNK9SuCXUzQMzJl8PqfurKXk5qjpdK0\" target=\"_blank\" rel=\"noopener\">Articolo<\/a><\/li>\n<li><a href=\"https:\/\/blog.tagesanzeiger.ch\/mamablog\/index.php\/71724\/darum-ist-freies-spiel-wichtig\/?utm_source=facebook&amp;utm_campaign=Ed_Social_Post&amp;utm_medium=Ed_Post_Mamablog&amp;fbclid=IwAR29vFLgOBn1b2Z3eD2ylOBpqpbhW08-Ia2SNw7wlGMS4notBpSu2z95Hos\" target=\"_blank\" rel=\"noopener\">Mamablog<\/a> (blog delle mamme)<\/li>\n<\/ul>\n<\/div>\n<\/div>\n<\/div>\n                                    <\/div>\n                                <\/div>\n\t\t\t\t\t\t\t\t                            <\/div>\n                        <\/div>\n                    <\/div>\n\t\t\t\t\t\t\t\t\t                    <div class=\"accordion-item\">\n                        <button class=\"accordion-button collapsed\"\n                                type=\"button\"\n                                id=\"\"\n                                data-bs-toggle=\"collapse\"\n                                data-bs-target=\"#collapse-block_62b36dcaa2448-5\"\n                                aria-expanded=\"true\"\n                                aria-controls=\"collapse-block_62b36dcaa2448-5\">\n\t                        <svg class=\"svg-icon icon-arrow-up\" xmlns=\"http:\/\/www.w3.org\/2000\/svg\"><use xmlns:xlink=\"http:\/\/www.w3.org\/1999\/xlink\" xlink:href=\"https:\/\/dev.lapurla.ch\/wp-content\/themes\/lapurla\/dist\/icons.svg?f27dc72#arrow-up\"><\/use><\/svg>                            <h3>\n\t\t\t\t\t\t\t\tCos\u2019\u00e8 uno spazio libero per i bambini?                            <\/h3>\n                        <\/button>\n\n                        <div id=\"collapse-block_62b36dcaa2448-5\" class=\"collapse \"\n                             data-parent=\"#accordion-block_62b36dcaa2448\">\n                            <div class=\"accordion-content row\">\n                                <div class=\"col\">\n                                    <div class=\"text\">\n\t\t\t\t\t\t\t\t\t\t<div class=\"accordion__content accordion__content--active\">\n<div class=\"rich-text\">\n<div class=\"rich-text__text\">\n<p>&#8220;Molti bambini vivono troppo poche esperienze quotidiane elementari\u201d, afferma il pediatra Markus Weissert.<\/p>\n<p><a href=\"https:\/\/m.derbund.ch\/articles\/5a81b38fab5c376f13000001?fbclid=IwAR2Q9IbdG2sFoar8XMnXLADd25zbhgIs-xJJ2w5FbVL0BaPVk0MUBK21qYI\" target=\"_blank\" rel=\"noopener\">Vai all\u2019articolo<\/a><\/p>\n<\/div>\n<\/div>\n<\/div>\n                                    <\/div>\n                                <\/div>\n\t\t\t\t\t\t\t\t                            <\/div>\n                        <\/div>\n                    <\/div>\n\t\t\t\t\t\t\t\t\t                    <div class=\"accordion-item\">\n                        <button class=\"accordion-button collapsed\"\n                                type=\"button\"\n                                id=\"\"\n                                data-bs-toggle=\"collapse\"\n                                data-bs-target=\"#collapse-block_62b36dcaa2448-6\"\n                                aria-expanded=\"true\"\n                                aria-controls=\"collapse-block_62b36dcaa2448-6\">\n\t                        <svg class=\"svg-icon icon-arrow-up\" xmlns=\"http:\/\/www.w3.org\/2000\/svg\"><use xmlns:xlink=\"http:\/\/www.w3.org\/1999\/xlink\" xlink:href=\"https:\/\/dev.lapurla.ch\/wp-content\/themes\/lapurla\/dist\/icons.svg?f27dc72#arrow-up\"><\/use><\/svg>                            <h3>\n\t\t\t\t\t\t\t\tA ogni bambino il suo museo                            <\/h3>\n                        <\/button>\n\n                        <div id=\"collapse-block_62b36dcaa2448-6\" class=\"collapse \"\n                             data-parent=\"#accordion-block_62b36dcaa2448\">\n                            <div class=\"accordion-content row\">\n                                <div class=\"col\">\n                                    <div class=\"text\">\n\t\t\t\t\t\t\t\t\t\t<div class=\"accordion__content accordion__content--active\">\n<div class=\"rich-text\">\n<div class=\"rich-text__text\">\n<p>Al museo coi bambini? Perch\u00e9 no? Non \u00e8 affatto una cattiva idea. Ecco alcuni musei che propongono non solo opere d\u2019arte, ma anche intrattenimento per i pi\u00f9 piccoli.<\/p>\n<p><a href=\"https:\/\/magazin.tadah.ch\/jedem-kind-sein-museum\/?fbclid=IwAR0_VPBHlUhTyJ2xBPH1UD77lh1B1sFWm95kkgWxFCoUCp92C_Q3K4eFatc\" target=\"_blank\" rel=\"noopener\">Vai all\u2019articolo<\/a><\/p>\n<p>Trova un museo adatto ai bambini nelle tue vicinanze utilizzando <a href=\"https:\/\/www.museumslupe.ch\/\" target=\"_blank\" rel=\"noopener\">l\u2019apposita lente<\/a>.<\/p>\n<\/div>\n<\/div>\n<\/div>\n                                    <\/div>\n                                <\/div>\n\t\t\t\t\t\t\t\t                            <\/div>\n                        <\/div>\n                    <\/div>\n\t\t\t\t\t\t\t\t\t                    <div class=\"accordion-item\">\n                        <button class=\"accordion-button collapsed\"\n                                type=\"button\"\n                                id=\"\"\n                                data-bs-toggle=\"collapse\"\n                                data-bs-target=\"#collapse-block_62b36dcaa2448-7\"\n                                aria-expanded=\"true\"\n                                aria-controls=\"collapse-block_62b36dcaa2448-7\">\n\t                        <svg class=\"svg-icon icon-arrow-up\" xmlns=\"http:\/\/www.w3.org\/2000\/svg\"><use xmlns:xlink=\"http:\/\/www.w3.org\/1999\/xlink\" xlink:href=\"https:\/\/dev.lapurla.ch\/wp-content\/themes\/lapurla\/dist\/icons.svg?f27dc72#arrow-up\"><\/use><\/svg>                            <h3>\n\t\t\t\t\t\t\t\tLuoghi giocabili                            <\/h3>\n                        <\/button>\n\n                        <div id=\"collapse-block_62b36dcaa2448-7\" class=\"collapse \"\n                             data-parent=\"#accordion-block_62b36dcaa2448\">\n                            <div class=\"accordion-content row\">\n                                <div class=\"col\">\n                                    <div class=\"text\">\n\t\t\t\t\t\t\t\t\t\t<div class=\"accordion__content accordion__content--active\">\n<div class=\"rich-text\">\n<div class=\"rich-text__text\">\n<p>Ripensare gli spazi pubblici \u2013 verso una citt\u00e0 giocabile. E se includessimo anche i luoghi di cultura?<\/p>\n<p><a href=\"https:\/\/www.projuventute.ch\/de\/eltern\/familie-gesellschaft\/spielplatz-stadt?fbclid=IwAR2vdi5E2JEGzmrhIjJ2V5BAdUtPjXr9ohO-vKQIBtWCPtfMJS_kiUHRzVg\" target=\"_blank\" rel=\"noopener\">Link a Pro Juventute<\/a><\/p>\n<\/div>\n<\/div>\n<\/div>\n                                    <\/div>\n                                <\/div>\n\t\t\t\t\t\t\t\t                            <\/div>\n                        <\/div>\n                    <\/div>\n\t\t\t\t\t\t\t\t\t                    <div class=\"accordion-item\">\n                        <button class=\"accordion-button collapsed\"\n                                type=\"button\"\n                                id=\"\"\n                                data-bs-toggle=\"collapse\"\n                                data-bs-target=\"#collapse-block_62b36dcaa2448-8\"\n                                aria-expanded=\"true\"\n                                aria-controls=\"collapse-block_62b36dcaa2448-8\">\n\t                        <svg class=\"svg-icon icon-arrow-up\" xmlns=\"http:\/\/www.w3.org\/2000\/svg\"><use xmlns:xlink=\"http:\/\/www.w3.org\/1999\/xlink\" xlink:href=\"https:\/\/dev.lapurla.ch\/wp-content\/themes\/lapurla\/dist\/icons.svg?f27dc72#arrow-up\"><\/use><\/svg>                            <h3>\n\t\t\t\t\t\t\t\tAbbiamo veramente bisogno dei parchi giochi?                            <\/h3>\n                        <\/button>\n\n                        <div id=\"collapse-block_62b36dcaa2448-8\" class=\"collapse \"\n                             data-parent=\"#accordion-block_62b36dcaa2448\">\n                            <div class=\"accordion-content row\">\n                                <div class=\"col\">\n                                    <div class=\"text\">\n\t\t\t\t\t\t\t\t\t\t<div class=\"accordion__content accordion__content--active\">\n<div class=\"rich-text\">\n<div class=\"rich-text__text\">\n<p>I bambini dovrebbero giocare pi\u00f9 di quanto molti di loro facciano attualmente. Se si gioca a sufficienza quando si \u00e8 piccoli, si accumula una ricchezza personale a cui si pu\u00f2 attingere lungo l\u2019intero corso della vita.<\/p>\n<p><a href=\"https:\/\/kinderbuero.at\/blog\/gastbeitrag-brauchen-wir-eigentlich-spielplaetze\/?fbclid=IwAR1efwzeuKirytAT6deagR8erTw-DkkBrXYDqKRrGqIb5jgXGq4ZH1HpMGA\" target=\"_blank\" rel=\"noopener\">Vai all\u2019articolo<\/a><\/p>\n<\/div>\n<\/div>\n<\/div>\n                                    <\/div>\n                                <\/div>\n\t\t\t\t\t\t\t\t                            <\/div>\n                        <\/div>\n                    <\/div>\n\t\t\t\t\t\t\t\t\t                    <div class=\"accordion-item\">\n                        <button class=\"accordion-button collapsed\"\n                                type=\"button\"\n                                id=\"\"\n                                data-bs-toggle=\"collapse\"\n                                data-bs-target=\"#collapse-block_62b36dcaa2448-9\"\n                                aria-expanded=\"true\"\n                                aria-controls=\"collapse-block_62b36dcaa2448-9\">\n\t                        <svg class=\"svg-icon icon-arrow-up\" xmlns=\"http:\/\/www.w3.org\/2000\/svg\"><use xmlns:xlink=\"http:\/\/www.w3.org\/1999\/xlink\" xlink:href=\"https:\/\/dev.lapurla.ch\/wp-content\/themes\/lapurla\/dist\/icons.svg?f27dc72#arrow-up\"><\/use><\/svg>                            <h3>\n\t\t\t\t\t\t\t\tNon abbiamo bisogno di altri parchi giochi!                            <\/h3>\n                        <\/button>\n\n                        <div id=\"collapse-block_62b36dcaa2448-9\" class=\"collapse \"\n                             data-parent=\"#accordion-block_62b36dcaa2448\">\n                            <div class=\"accordion-content row\">\n                                <div class=\"col\">\n                                    <div class=\"text\">\n\t\t\t\t\t\t\t\t\t\t<div class=\"accordion accordion--active\">L\u2019inadeguatezza dell\u2019ambiente urbano \u00e8 direttamente misurabile in base al numero di parchi giochi.<\/div>\n<div class=\"accordion__content accordion__content--active\">\n<div class=\"rich-text\">\n<div class=\"rich-text__text\">\n<p><a href=\"https:\/\/www.mopo.de\/hamburg\/provokante-forderung-wir-brauchen-nicht-noch-mehr-spielplaetze--30435828?fbclid=IwAR3UEu94jfw3uBR9C09bYcZTGWy84iNJWLAROSWMum2z6nWVgAriMf1F9y4\" target=\"_blank\" rel=\"noopener\">Vai all\u2019articolo<\/a><\/p>\n<\/div>\n<\/div>\n<\/div>\n                                    <\/div>\n                                <\/div>\n\t\t\t\t\t\t\t\t                            <\/div>\n                        <\/div>\n                    <\/div>\n\t\t\t\t            <\/div>\n\t\t\t<\/div>\n\n\n\n<div style=\"height:20px\" aria-hidden=\"true\" class=\"wp-block-spacer\"><\/div>\n\n\n\n<hr class=\"wp-block-separator has-alpha-channel-opacity\"\/>\n\n\n\n<h1 class=\"wp-block-heading\" id=\"Pers\u00f6nlichkeit-st\u00e4rken\">Rafforzare la personalit\u00e0<\/h1>\n\n\n\n<p><strong>La formazione culturale e la partecipazione dei bambini piccoli devono diventare componenti naturali della quotidianit\u00e0 ed essere considerate funzioni sociali. Attraverso le esperienze sensoriali, i bambini rafforzano la loro capacit\u00e0 di percezione nonch\u00e9 la loro autoefficacia e resilienza. E tutto ci\u00f2 torna a beneficio dell\u2019intera societ\u00e0: abbiamo bisogno di personalit\u00e0 creative e coraggiose per trovare risposte convincenti alle sfide sociali.<\/strong><\/p>\n\n\n\n<blockquote class=\"wp-block-quote is-layout-flow wp-block-quote-is-layout-flow\"><p>\u201cLa creativit\u00e0 \u00e8 in assoluto la competenza pi\u00f9 importante. \u00c8 all\u2019origine del successo di quasi tutte le persone che fanno carriera.\u201d<\/p><cite>Marcel Dobler, imprenditore e consigliere nazionale, 2019<\/cite><\/blockquote>\n\n\n\n<div id=\"testimonial-block_62d9766272bf1\" class=\"mod-text-bild \">\n\t\t\t            <div class=\"row \">\n                <div class=\"image col-12 col-lg-6\">\n\t\t\t\t\t                        <figure>\n\t\t\t\t\t\t\t<div class=\"a-image js-a-image \"><picture class=\"a-image__picture js-a-image__picture\">           <source width=\"636\" height=\"448\"  media=\"(min-width: 1400px)\" data-srcset=\"https:\/\/dev.lapurla.ch\/wp-content\/uploads\/2022\/07\/web04-636x0.jpg 1x, https:\/\/dev.lapurla.ch\/wp-content\/uploads\/2022\/07\/web04-1272x0.jpg 2x\">           <source width=\"636\" height=\"448\" media=\"(min-width: 1200px)\" data-srcset=\"https:\/\/dev.lapurla.ch\/wp-content\/uploads\/2022\/07\/web04-636x0.jpg 1x, https:\/\/dev.lapurla.ch\/wp-content\/uploads\/2022\/07\/web04-1272x0.jpg 2x\">           <source width=\"636\" height=\"448\" media=\"(min-width: 992px)\" data-srcset=\"https:\/\/dev.lapurla.ch\/wp-content\/uploads\/2022\/07\/web04-636x0.jpg  1x, https:\/\/dev.lapurla.ch\/wp-content\/uploads\/2022\/07\/web04-1272x0.jpg 2x\">           <source width=\"636\" height=\"448\" media=\"(min-width: 768px)\" data-srcset=\"https:\/\/dev.lapurla.ch\/wp-content\/uploads\/2022\/07\/web04-636x0.jpg 1x, https:\/\/dev.lapurla.ch\/wp-content\/uploads\/2022\/07\/web04-1272x0.jpg 2x\">           <source width=\"375\" height=\"264\" media=\"(min-width: 576px)\" data-srcset=\"https:\/\/dev.lapurla.ch\/wp-content\/uploads\/2022\/07\/web04-375x0.jpg 1x, https:\/\/dev.lapurla.ch\/wp-content\/uploads\/2022\/07\/web04-750x0.jpg 2x\">           <img loading=\"lazy\" decoding=\"async\" width=\"375\" height=\"264\"           class=\"a-image__image js-a-image__image lazyload\" src=\"data:image\/gif;base64,R0lGODlhAQABAAAAACH5BAEKAAEALAAAAAABAAEAAAICTAEAOw==\"           data-src=\"https:\/\/dev.lapurla.ch\/wp-content\/uploads\/2022\/07\/web04-375x0.jpg\" data-srcset=\"https:\/\/dev.lapurla.ch\/wp-content\/uploads\/2022\/07\/web04-750x0.jpg 2x\" alt=\"\"\/>      <\/picture><\/div>                            <figcaption>Illustrazione: Lorenz Meier, 2017<\/figcaption>\n                        <\/figure>\n\t\t\t\t\t                <\/div>\n                <div class=\"text col-12 col-lg-6\">\n\t\t\t\t\t<p><strong>Accompagnare anzich\u00e9 istruire<\/strong><\/p>\n<p>Invece di dare istruzioni e prescrizioni, basta accompagnare e osservare i bambini nelle loro scoperte quotidiane. Se sperimentano in prima persona, trovano soluzioni e superano le difficolt\u00e0 con le proprie forze, apprendono l\u2019autoefficacia.<\/p>\n<p><strong>Dedicare attenzione ai bambini<\/strong><\/p>\n<p>Nell\u2019affrontare nuove sfide, i bambini hanno bisogno di essere aiutati da noi adulti, talvolta di pi\u00f9 e talvolta di meno. Per questo non dobbiamo abbandonarli a s\u00e9 stessi, ma partecipare consapevolmente ai loro successi e insuccessi. Fare progressi significa infatti anche superare gli insuccessi e trarne insegnamenti per crescere. Questo rende forti e resistenti. Se i bambini sperimentano cosa sono in grado di fare e di affrontare da soli, rafforzano la loro personalit\u00e0. Cos\u00ec sapranno gestire con maggiore tranquillit\u00e0 e determinazione le sfide future.<\/p>\n                <\/div>\n            <\/div>\n\t\t\t\n<\/div>\n\n\n\n<hr class=\"wp-block-separator has-alpha-channel-opacity\"\/>\n\n\n<div id=\"accordion-block_62d9771272bf3\" class=\"mod-accordion\">\n\t            <div id=\"accordion-block_62d9771272bf3\" class=\"accordion accordion-flush\">\n\t\t\t\t\t\t\t\t\t                    <div class=\"accordion-item\">\n                        <button class=\"accordion-button collapsed\"\n                                type=\"button\"\n                                id=\"\"\n                                data-bs-toggle=\"collapse\"\n                                data-bs-target=\"#collapse-block_62d9771272bf3-1\"\n                                aria-expanded=\"true\"\n                                aria-controls=\"collapse-block_62d9771272bf3-1\">\n\t                        <svg class=\"svg-icon icon-arrow-up\" xmlns=\"http:\/\/www.w3.org\/2000\/svg\"><use xmlns:xlink=\"http:\/\/www.w3.org\/1999\/xlink\" xlink:href=\"https:\/\/dev.lapurla.ch\/wp-content\/themes\/lapurla\/dist\/icons.svg?f27dc72#arrow-up\"><\/use><\/svg>                            <h3>\n\t\t\t\t\t\t\t\tDall\u2019impressione all\u2019espressione                            <\/h3>\n                        <\/button>\n\n                        <div id=\"collapse-block_62d9771272bf3-1\" class=\"collapse \"\n                             data-parent=\"#accordion-block_62d9771272bf3\">\n                            <div class=\"accordion-content row\">\n                                <div class=\"col\">\n                                    <div class=\"text\">\n\t\t\t\t\t\t\t\t\t\t<p>Estratto dalla pubblicazione \u201c\u00c4sthetische Bildung und Kulturelle Teilhabe \u2013 von Anfang an!\u201d (\u201cFormazione estetica e partecipazione culturale \u2013 sin dall\u2019inizio!\u201d) (2017): <a href=\"https:\/\/dev.lapurla.ch\/wp-content\/uploads\/2022\/05\/fokuspublikationasthetischebildungkulturelleteilhabe.pdf\" target=\"_blank\" rel=\"noopener\">Fondamento 3 | pp. 43-45<\/a><\/p>\n<p>Ordina l\u2019intera pubblicazione <a href=\"https:\/\/www.netzwerk-kinderbetreuung.ch\/de\/publikationen\/25\/order\/\" target=\"_blank\" rel=\"noopener\">oppure<\/a> scaricala <a href=\"https:\/\/www.netzwerk-kinderbetreuung.ch\/media\/filer_public\/d3\/13\/d313944b-6fc0-4d79-8288-8f8f6ac742a2\/fokuspublikation_asthetische_bildung__kulturelle_teilhabe.pdf\" target=\"_blank\" rel=\"noopener\">come PDF<\/a><\/p>\n                                    <\/div>\n                                <\/div>\n\t\t\t\t\t\t\t\t                            <\/div>\n                        <\/div>\n                    <\/div>\n\t\t\t\t            <\/div>\n\t\t\t<\/div>\n\n\n\n<blockquote class=\"wp-block-quote is-layout-flow wp-block-quote-is-layout-flow\"><p>Quando cominciate a giocare, iniziate a diventare creativi. Non esiste una creativit\u00e0 associata alla funzionalit\u00e0. Non appena perseguo un determinato obiettivo, non penso pi\u00f9 liberamente, quindi non posso nemmeno essere creativo, ma soltanto elaborare combinazioni. Questo tipo di prestazioni combinatorie \u00e8 programmabile anche nelle macchine.<\/p><cite>Gerald H\u00fcther, neurobiologo, 2017<\/cite><\/blockquote>\n\n\n\n<h3 class=\"wp-block-heading\">Articoli di stampa sul tema del \u201crafforzamento della personalit\u00e0\u201d<\/h3>\n\n\n<div id=\"accordion-block_62b36fd8a2452\" class=\"mod-accordion\">\n\t            <div id=\"accordion-block_62b36fd8a2452\" class=\"accordion accordion-flush\">\n\t\t\t\t\t\t\t\t\t                    <div class=\"accordion-item\">\n                        <button class=\"accordion-button collapsed\"\n                                type=\"button\"\n                                id=\"\"\n                                data-bs-toggle=\"collapse\"\n                                data-bs-target=\"#collapse-block_62b36fd8a2452-1\"\n                                aria-expanded=\"true\"\n                                aria-controls=\"collapse-block_62b36fd8a2452-1\">\n\t                        <svg class=\"svg-icon icon-arrow-up\" xmlns=\"http:\/\/www.w3.org\/2000\/svg\"><use xmlns:xlink=\"http:\/\/www.w3.org\/1999\/xlink\" xlink:href=\"https:\/\/dev.lapurla.ch\/wp-content\/themes\/lapurla\/dist\/icons.svg?f27dc72#arrow-up\"><\/use><\/svg>                            <h3>\n\t\t\t\t\t\t\t\tL\u2019educazione artistica e fisica sono le materie scolastiche pi\u00f9 importanti                            <\/h3>\n                        <\/button>\n\n                        <div id=\"collapse-block_62b36fd8a2452-1\" class=\"collapse \"\n                             data-parent=\"#accordion-block_62b36fd8a2452\">\n                            <div class=\"accordion-content row\">\n                                <div class=\"col\">\n                                    <div class=\"text\">\n\t\t\t\t\t\t\t\t\t\t<div class=\"accordion__content accordion__content--active\">\n<div class=\"rich-text\">\n<div class=\"rich-text__text\">\n<p>La forza di volont\u00e0 e l\u2019autocontrollo possono essere appresi e sono le capacit\u00e0 pi\u00f9 importanti per la vita, afferma il neuroscienziato Manfred Spitzer, che tra le materie scolastiche fondamentali annovera l\u2019educazione musicale e fisica.<\/p>\n<p><a href=\"https:\/\/www.luzernerzeitung.ch\/panorama\/lernen-laut-hirnforscher-sind-kunst-und-sport-die-wichtigsten-schulfaecher-ld.91801?fbclid=IwAR3z6h14FBDwPFkagHKjOYdhekT0FnyFcZwbRGaU-eWfXgEhC-SQst3YS4Q\" target=\"_blank\" rel=\"noopener\">Vai all\u2019articolo<\/a><\/p>\n<\/div>\n<\/div>\n<\/div>\n                                    <\/div>\n                                <\/div>\n\t\t\t\t\t\t\t\t                            <\/div>\n                        <\/div>\n                    <\/div>\n\t\t\t\t\t\t\t\t\t                    <div class=\"accordion-item\">\n                        <button class=\"accordion-button collapsed\"\n                                type=\"button\"\n                                id=\"\"\n                                data-bs-toggle=\"collapse\"\n                                data-bs-target=\"#collapse-block_62b36fd8a2452-2\"\n                                aria-expanded=\"true\"\n                                aria-controls=\"collapse-block_62b36fd8a2452-2\">\n\t                        <svg class=\"svg-icon icon-arrow-up\" xmlns=\"http:\/\/www.w3.org\/2000\/svg\"><use xmlns:xlink=\"http:\/\/www.w3.org\/1999\/xlink\" xlink:href=\"https:\/\/dev.lapurla.ch\/wp-content\/themes\/lapurla\/dist\/icons.svg?f27dc72#arrow-up\"><\/use><\/svg>                            <h3>\n\t\t\t\t\t\t\t\tPerch\u00e9 la danza \u00e8 importante quanto la matematica                            <\/h3>\n                        <\/button>\n\n                        <div id=\"collapse-block_62b36fd8a2452-2\" class=\"collapse \"\n                             data-parent=\"#accordion-block_62b36fd8a2452\">\n                            <div class=\"accordion-content row\">\n                                <div class=\"col\">\n                                    <div class=\"text\">\n\t\t\t\t\t\t\t\t\t\t<div class=\"accordion__content accordion__content--active\">\n<div class=\"rich-text\">\n<div class=\"rich-text__text\">\n<p>Riservata alla matematica, alle scienze e alle lingue, afferma Sir Ken Robinson.<\/p>\n<p><a href=\"https:\/\/ideas.ted.com\/why-dance-is-just-as-important-as-math-in-school\/?utm_campaign=social&amp;utm_medium=referral&amp;utm_source=facebook.com&amp;utm_content=ideas-blog&amp;utm_term=education&amp;fbclid=IwAR0U9b_f9fIO4yRd4DMh-z944Ui4O0ZMFEVGiIy_r8EsMdJzvopEMK0n-KQ\" target=\"_blank\" rel=\"noopener\">Vai all\u2019articolo<\/a><\/p>\n<\/div>\n<\/div>\n<\/div>\n                                    <\/div>\n                                <\/div>\n\t\t\t\t\t\t\t\t                            <\/div>\n                        <\/div>\n                    <\/div>\n\t\t\t\t\t\t\t\t\t                    <div class=\"accordion-item\">\n                        <button class=\"accordion-button collapsed\"\n                                type=\"button\"\n                                id=\"\"\n                                data-bs-toggle=\"collapse\"\n                                data-bs-target=\"#collapse-block_62b36fd8a2452-3\"\n                                aria-expanded=\"true\"\n                                aria-controls=\"collapse-block_62b36fd8a2452-3\">\n\t                        <svg class=\"svg-icon icon-arrow-up\" xmlns=\"http:\/\/www.w3.org\/2000\/svg\"><use xmlns:xlink=\"http:\/\/www.w3.org\/1999\/xlink\" xlink:href=\"https:\/\/dev.lapurla.ch\/wp-content\/themes\/lapurla\/dist\/icons.svg?f27dc72#arrow-up\"><\/use><\/svg>                            <h3>\n\t\t\t\t\t\t\t\tInculcando nozioni si uccide la creativit\u00e0                            <\/h3>\n                        <\/button>\n\n                        <div id=\"collapse-block_62b36fd8a2452-3\" class=\"collapse \"\n                             data-parent=\"#accordion-block_62b36fd8a2452\">\n                            <div class=\"accordion-content row\">\n                                <div class=\"col\">\n                                    <div class=\"text\">\n\t\t\t\t\t\t\t\t\t\t<div class=\"accordion__content accordion__content--active\">\n<div class=\"rich-text\">\n<div class=\"rich-text__text\">\n<p>Come imparano i bambini? Studiare a memoria \u00e8 utile? E a quali risultati concreti porta l\u2019istruzione precoce? Un colloquio con il neuropsicologo Lutz J\u00e4ncke sull\u2019arte dell\u2019apprendimento.<\/p>\n<p><a href=\"https:\/\/www.fritzundfraenzi.ch\/gesundheit\/wer-musik-macht-hat-mehr-vom-gehirn\/\" target=\"_blank\" rel=\"noopener\">Vai all\u2019articolo<\/a><\/p>\n<\/div>\n<\/div>\n<\/div>\n                                    <\/div>\n                                <\/div>\n\t\t\t\t\t\t\t\t                            <\/div>\n                        <\/div>\n                    <\/div>\n\t\t\t\t\t\t\t\t\t                    <div class=\"accordion-item\">\n                        <button class=\"accordion-button collapsed\"\n                                type=\"button\"\n                                id=\"\"\n                                data-bs-toggle=\"collapse\"\n                                data-bs-target=\"#collapse-block_62b36fd8a2452-4\"\n                                aria-expanded=\"true\"\n                                aria-controls=\"collapse-block_62b36fd8a2452-4\">\n\t                        <svg class=\"svg-icon icon-arrow-up\" xmlns=\"http:\/\/www.w3.org\/2000\/svg\"><use xmlns:xlink=\"http:\/\/www.w3.org\/1999\/xlink\" xlink:href=\"https:\/\/dev.lapurla.ch\/wp-content\/themes\/lapurla\/dist\/icons.svg?f27dc72#arrow-up\"><\/use><\/svg>                            <h3>\n\t\t\t\t\t\t\t\tAffinare lo sguardo positivo sul bambino                            <\/h3>\n                        <\/button>\n\n                        <div id=\"collapse-block_62b36fd8a2452-4\" class=\"collapse \"\n                             data-parent=\"#accordion-block_62b36fd8a2452\">\n                            <div class=\"accordion-content row\">\n                                <div class=\"col\">\n                                    <div class=\"text\">\n\t\t\t\t\t\t\t\t\t\t<div class=\"accordion__content accordion__content--active\">\n<div class=\"rich-text\">\n<div class=\"rich-text__text\">\n<p>Osservare un bambino e constatare i suoi progressi nell\u2019apprendimento pu\u00f2 essere un\u2019espressione di apprezzamento. Ma che effetto fa?<\/p>\n<p><a href=\"https:\/\/www.spielgruppe.ch\/cm_data\/leseproben\/kontext_sp_0219.pdf\" target=\"_blank\" rel=\"noopener\">Vai all\u2019articolo<\/a><\/p>\n<\/div>\n<\/div>\n<\/div>\n                                    <\/div>\n                                <\/div>\n\t\t\t\t\t\t\t\t                            <\/div>\n                        <\/div>\n                    <\/div>\n\t\t\t\t\t\t\t\t\t                    <div class=\"accordion-item\">\n                        <button class=\"accordion-button collapsed\"\n                                type=\"button\"\n                                id=\"\"\n                                data-bs-toggle=\"collapse\"\n                                data-bs-target=\"#collapse-block_62b36fd8a2452-5\"\n                                aria-expanded=\"true\"\n                                aria-controls=\"collapse-block_62b36fd8a2452-5\">\n\t                        <svg class=\"svg-icon icon-arrow-up\" xmlns=\"http:\/\/www.w3.org\/2000\/svg\"><use xmlns:xlink=\"http:\/\/www.w3.org\/1999\/xlink\" xlink:href=\"https:\/\/dev.lapurla.ch\/wp-content\/themes\/lapurla\/dist\/icons.svg?f27dc72#arrow-up\"><\/use><\/svg>                            <h3>\n\t\t\t\t\t\t\t\tI bambini hanno bisogno di arte, di storie, di poesie e di musica tanto quanto hanno bisogno di amore, di cibo, di aria aperta e di gioco.                            <\/h3>\n                        <\/button>\n\n                        <div id=\"collapse-block_62b36fd8a2452-5\" class=\"collapse \"\n                             data-parent=\"#accordion-block_62b36fd8a2452\">\n                            <div class=\"accordion-content row\">\n                                <div class=\"col\">\n                                    <div class=\"text\">\n\t\t\t\t\t\t\t\t\t\t<div class=\"accordion__content accordion__content--active\">\n<div class=\"rich-text\">\n<div class=\"rich-text__text\">\n<p>Parole di saggezza pronunciate da Philip Pullman, insignito dell\u2019Astrid Lindgren Memorial Award nel 2005.<\/p>\n<p><a href=\"https:\/\/astridlindgrenmemorialaward.wordpress.com\/2015\/12\/17\/children-need-art-and-stories-and-poems-and-music-as-much-as-they-need-love-and-food-and-fresh-air-and-play\/?fbclid=IwAR1ZnAWaqDgODY1D41PKZaMjhiVKI_VfEfFHbArnw4rKlRFqlIw29VEMRSU\" target=\"_blank\" rel=\"noopener\">Vai all\u2019articolo<\/a><\/p>\n<\/div>\n<\/div>\n<\/div>\n                                    <\/div>\n                                <\/div>\n\t\t\t\t\t\t\t\t                            <\/div>\n                        <\/div>\n                    <\/div>\n\t\t\t\t\t\t\t\t\t                    <div class=\"accordion-item\">\n                        <button class=\"accordion-button collapsed\"\n                                type=\"button\"\n                                id=\"\"\n                                data-bs-toggle=\"collapse\"\n                                data-bs-target=\"#collapse-block_62b36fd8a2452-6\"\n                                aria-expanded=\"true\"\n                                aria-controls=\"collapse-block_62b36fd8a2452-6\">\n\t                        <svg class=\"svg-icon icon-arrow-up\" xmlns=\"http:\/\/www.w3.org\/2000\/svg\"><use xmlns:xlink=\"http:\/\/www.w3.org\/1999\/xlink\" xlink:href=\"https:\/\/dev.lapurla.ch\/wp-content\/themes\/lapurla\/dist\/icons.svg?f27dc72#arrow-up\"><\/use><\/svg>                            <h3>\n\t\t\t\t\t\t\t\tDenutrizione culturale                            <\/h3>\n                        <\/button>\n\n                        <div id=\"collapse-block_62b36fd8a2452-6\" class=\"collapse \"\n                             data-parent=\"#accordion-block_62b36fd8a2452\">\n                            <div class=\"accordion-content row\">\n                                <div class=\"col\">\n                                    <div class=\"text\">\n\t\t\t\t\t\t\t\t\t\t<div class=\"accordion__content accordion__content--active\">\n<div class=\"rich-text\">\n<div class=\"rich-text__text\">\n<p>Oggi la carenza di consapevolezza culturale e artistica nei bambini piccoli pu\u00f2 nuocere alla salute<\/p>\n<p><a href=\"https:\/\/www.telerama.fr\/enfants\/aujourdhui,-le-manque-deveil-culturel-et-artistique-des-tout-petits-est-un-fleau-sanitaire,n6299251.php\" target=\"_blank\" rel=\"noopener\">Vai all\u2019articolo (F)<\/a><\/p>\n<\/div>\n<\/div>\n<\/div>\n                                    <\/div>\n                                <\/div>\n\t\t\t\t\t\t\t\t                            <\/div>\n                        <\/div>\n                    <\/div>\n\t\t\t\t            <\/div>\n\t\t\t<\/div>\n\n\n\n<hr class=\"wp-block-separator has-alpha-channel-opacity\"\/>\n\n\n\n<div style=\"height:20px\" aria-hidden=\"true\" class=\"wp-block-spacer\"><\/div>\n\n\n\n<h1 class=\"wp-block-heading\" id=\"Neue-Perspektiven-einnehmen\">Assunzione di nuove prospettive<\/h1>\n\n\n\n<p><strong>Per coltivare la coesione sociale e trovare soluzioni innovative a sfide complesse \u00e8 importante osservare la realt\u00e0 con un\u2019ottica diversa e assumere prospettive differenti dalla propria. Soprattutto nel tran tran quotidiano \u00e8 necessario abbandonare consapevolmente il proprio punto di vista per far spazio anche a nuove visioni. Come facciamo ad assumere consapevolmente nuove prospettive e ad aprirci agli altri interagendo su un piano paritario?<\/strong><\/p>\n\n\n\n<blockquote class=\"wp-block-quote is-layout-flow wp-block-quote-is-layout-flow\"><p>\u201c\u00c8 molto pi\u00f9 importante ci\u00f2 che succede al bambino mentre disegna, piuttosto che il risultato finale. Il bambino vuole che ci si concentri su di lui, non sul disegno.\u201d<\/p><cite>Alexandra Gysling, arteterapeuta \/ responsabile di un gruppo di gioco \/ artista figurativa, 2018<\/cite><\/blockquote>\n\n\n\n<div id=\"testimonial-block_62d977f172bf6\" class=\"mod-text-bild \">\n\t\t\t            <div class=\"row \">\n                <div class=\"image col-12 col-lg-6\">\n\t\t\t\t\t                        <figure>\n\t\t\t\t\t\t\t<div class=\"a-image js-a-image \"><picture class=\"a-image__picture js-a-image__picture\">           <source width=\"636\" height=\"448\"  media=\"(min-width: 1400px)\" data-srcset=\"https:\/\/dev.lapurla.ch\/wp-content\/uploads\/2022\/07\/web06-636x0.jpg 1x, https:\/\/dev.lapurla.ch\/wp-content\/uploads\/2022\/07\/web06-1272x0.jpg 2x\">           <source width=\"636\" height=\"448\" media=\"(min-width: 1200px)\" data-srcset=\"https:\/\/dev.lapurla.ch\/wp-content\/uploads\/2022\/07\/web06-636x0.jpg 1x, https:\/\/dev.lapurla.ch\/wp-content\/uploads\/2022\/07\/web06-1272x0.jpg 2x\">           <source width=\"636\" height=\"448\" media=\"(min-width: 992px)\" data-srcset=\"https:\/\/dev.lapurla.ch\/wp-content\/uploads\/2022\/07\/web06-636x0.jpg  1x, https:\/\/dev.lapurla.ch\/wp-content\/uploads\/2022\/07\/web06-1272x0.jpg 2x\">           <source width=\"636\" height=\"448\" media=\"(min-width: 768px)\" data-srcset=\"https:\/\/dev.lapurla.ch\/wp-content\/uploads\/2022\/07\/web06-636x0.jpg 1x, https:\/\/dev.lapurla.ch\/wp-content\/uploads\/2022\/07\/web06-1272x0.jpg 2x\">           <source width=\"375\" height=\"264\" media=\"(min-width: 576px)\" data-srcset=\"https:\/\/dev.lapurla.ch\/wp-content\/uploads\/2022\/07\/web06-375x0.jpg 1x, https:\/\/dev.lapurla.ch\/wp-content\/uploads\/2022\/07\/web06-750x0.jpg 2x\">           <img loading=\"lazy\" decoding=\"async\" width=\"375\" height=\"264\"           class=\"a-image__image js-a-image__image lazyload\" src=\"data:image\/gif;base64,R0lGODlhAQABAAAAACH5BAEKAAEALAAAAAABAAEAAAICTAEAOw==\"           data-src=\"https:\/\/dev.lapurla.ch\/wp-content\/uploads\/2022\/07\/web06-375x0.jpg\" data-srcset=\"https:\/\/dev.lapurla.ch\/wp-content\/uploads\/2022\/07\/web06-750x0.jpg 2x\" alt=\"\"\/>      <\/picture><\/div>                            <figcaption>Illustrazione: Lorenz Meier, 2017<\/figcaption>\n                        <\/figure>\n\t\t\t\t\t                <\/div>\n                <div class=\"text col-12 col-lg-6\">\n\t\t\t\t\t<p><strong>Valorizzare ci\u00f2 che sembra inutile<\/strong><\/p>\n<p>Normalmente il coperchio di un vasetto di cetrioli vuoto finisce nella raccolta differenziata, perch\u00e9 lo si considera inutile. \u00c8 tipico dei bambini avere la capacit\u00e0 di trovare subito nuove possibilit\u00e0 di utilizzo di oggetti che appaiono privi di valore. La creativit\u00e0 con cui osservano e utilizzano in modo inedito queste cose \u00e8 sorprendente. Date ai bambini l\u2019opportunit\u00e0 di sperimentare e creare qualcosa di nuovo con gli oggetti senza un obiettivo specifico.<\/p>\n<p>&nbsp;<\/p>\n<p><strong>N\u00e9 giusto n\u00e9 sbagliato<\/strong><\/p>\n<p>La creativit\u00e0 di un bambino non deve essere giudicata. Non c\u2019\u00e8 niente di giusto o sbagliato. Invece di esprimere giudizi come \u201cMa i gatti non sono mica blu\u201d oppure \u201cChe bel gatto che hai disegnato\u201d, \u00e8 opportuno cercare di comprendere perch\u00e9 il gatto sia \u201cblu\u201d e porre domande in merito. Simili discussioni inducono a riflettere sul proprio modo di pensare e a capire meglio l\u2019agire altrui.<\/p>\n<p>Comunicando alla pari e considerando la prospettiva dei bambini e quella altrui stimolante e significativa quanto la nostra, creiamo riscontri costruttivi e una forte cultura dell\u2019accoglienza per tutti.<\/p>\n                <\/div>\n            <\/div>\n\t\t\t\n<\/div>\n\n\n\n<hr class=\"wp-block-separator has-alpha-channel-opacity\"\/>\n\n\n<div id=\"accordion-block_62d978e372bf8\" class=\"mod-accordion\">\n\t            <div id=\"accordion-block_62d978e372bf8\" class=\"accordion accordion-flush\">\n\t\t\t\t\t\t\t\t\t                    <div class=\"accordion-item\">\n                        <button class=\"accordion-button collapsed\"\n                                type=\"button\"\n                                id=\"\"\n                                data-bs-toggle=\"collapse\"\n                                data-bs-target=\"#collapse-block_62d978e372bf8-1\"\n                                aria-expanded=\"true\"\n                                aria-controls=\"collapse-block_62d978e372bf8-1\">\n\t                        <svg class=\"svg-icon icon-arrow-up\" xmlns=\"http:\/\/www.w3.org\/2000\/svg\"><use xmlns:xlink=\"http:\/\/www.w3.org\/1999\/xlink\" xlink:href=\"https:\/\/dev.lapurla.ch\/wp-content\/themes\/lapurla\/dist\/icons.svg?f27dc72#arrow-up\"><\/use><\/svg>                            <h3>\n\t\t\t\t\t\t\t\tValorizzare significa essere partecipi e mostrare apprezzamento                            <\/h3>\n                        <\/button>\n\n                        <div id=\"collapse-block_62d978e372bf8-1\" class=\"collapse \"\n                             data-parent=\"#accordion-block_62d978e372bf8\">\n                            <div class=\"accordion-content row\">\n                                <div class=\"col\">\n                                    <div class=\"text\">\n\t\t\t\t\t\t\t\t\t\t<p>Auszug aus der Fokuspublikation \u00ab\u00c4sthetische Bildung und Kulturelle Teilhabe \u2013 von Anfang an!\u00bb (2017): <a href=\"https:\/\/dev.lapurla.ch\/wp-content\/uploads\/2022\/05\/fokuspublikationasthetischebildungkulturelleteilhabe.pdf\" data-cke-saved-href=\"${link:{uuid:{d5ece864-4d2f-43e3-ab1e-0e5fddfd2e02},repository:{dam},path:{\/_Dokumente\/Impulse\/Lapurla_FoPu_2017_Baustein5.pdf}}}\"><strong>Baustein 5<\/strong> |\u00a0S. 51\u201352<\/a><\/p>\n<p>Ganze Publikation <a href=\"https:\/\/www.netzwerk-kinderbetreuung.ch\/de\/publikationen\/25\/order\/\" data-cke-saved-href=\"https:\/\/www.netzwerk-kinderbetreuung.ch\/de\/publikationen\/25\/order\/\">bestellen<\/a>\u00a0oder <a href=\"https:\/\/www.netzwerk-kinderbetreuung.ch\/media\/filer_public\/d3\/13\/d313944b-6fc0-4d79-8288-8f8f6ac742a2\/fokuspublikation_asthetische_bildung__kulturelle_teilhabe.pdf\" data-cke-saved-href=\"https:\/\/www.netzwerk-kinderbetreuung.ch\/media\/filer_public\/d3\/13\/d313944b-6fc0-4d79-8288-8f8f6ac742a2\/fokuspublikation_asthetische_bildung__kulturelle_teilhabe.pdf\">PDF\u00a0Download<\/a><\/p>\n<p>Estratto dalla pubblicazione \u201c\u00c4sthetische Bildung und Kulturelle Teilhabe \u2013 von Anfang an!\u201d (\u201cFormazione estetica e partecipazione culturale \u2013 sin dall\u2019inizio!\u201d) (2017): <a href=\"https:\/\/dev.lapurla.ch\/wp-content\/uploads\/2022\/05\/fokuspublikationasthetischebildungkulturelleteilhabe.pdf\" target=\"_blank\" rel=\"noopener\">Fondamento 5 | pp. 51-52<\/a><\/p>\n<p>&nbsp;<\/p>\n<p>Ordina l\u2019intera pubblicazione <a href=\"https:\/\/www.netzwerk-kinderbetreuung.ch\/de\/publikationen\/25\/order\/\" target=\"_blank\" rel=\"noopener\">oppure<\/a> scaricala <a href=\"https:\/\/www.netzwerk-kinderbetreuung.ch\/media\/filer_public\/d3\/13\/d313944b-6fc0-4d79-8288-8f8f6ac742a2\/fokuspublikation_asthetische_bildung__kulturelle_teilhabe.pdf\" target=\"_blank\" rel=\"noopener\">come PDF<\/a><\/p>\n                                    <\/div>\n                                <\/div>\n\t\t\t\t\t\t\t\t                            <\/div>\n                        <\/div>\n                    <\/div>\n\t\t\t\t            <\/div>\n\t\t\t<\/div>\n\n\n\n<blockquote class=\"wp-block-quote is-layout-flow wp-block-quote-is-layout-flow\"><p>\u201cCon la musica o il teatro, i bambini allenano funzioni di grande importanza come l\u2019autodisciplina, l\u2019attenzione, la pianificazione, la capacit\u00e0 di posticipare una gratificazione e il comportamento sociale.\u201d<\/p><cite>Lutz J\u00e4ncke, neuropsicologo, 2018<\/cite><\/blockquote>\n\n\n\n<h3 class=\"wp-block-heading\">Articoli di stampa sul tema dell\u2019\u201cassunzione di nuove prospettive\u201d<\/h3>\n\n\n<div id=\"accordion-block_62b370d0a2459\" class=\"mod-accordion\">\n\t            <div id=\"accordion-block_62b370d0a2459\" class=\"accordion accordion-flush\">\n\t\t\t\t\t\t\t\t\t                    <div class=\"accordion-item\">\n                        <button class=\"accordion-button collapsed\"\n                                type=\"button\"\n                                id=\"\"\n                                data-bs-toggle=\"collapse\"\n                                data-bs-target=\"#collapse-block_62b370d0a2459-1\"\n                                aria-expanded=\"true\"\n                                aria-controls=\"collapse-block_62b370d0a2459-1\">\n\t                        <svg class=\"svg-icon icon-arrow-up\" xmlns=\"http:\/\/www.w3.org\/2000\/svg\"><use xmlns:xlink=\"http:\/\/www.w3.org\/1999\/xlink\" xlink:href=\"https:\/\/dev.lapurla.ch\/wp-content\/themes\/lapurla\/dist\/icons.svg?f27dc72#arrow-up\"><\/use><\/svg>                            <h3>\n\t\t\t\t\t\t\t\tCosa possiamo imparare dai bambini                            <\/h3>\n                        <\/button>\n\n                        <div id=\"collapse-block_62b370d0a2459-1\" class=\"collapse \"\n                             data-parent=\"#accordion-block_62b370d0a2459\">\n                            <div class=\"accordion-content row\">\n                                <div class=\"col\">\n                                    <div class=\"text\">\n\t\t\t\t\t\t\t\t\t\t<div class=\"accordion__content accordion__content--active\">\n<div class=\"rich-text\">\n<div class=\"rich-text__text\">\n<p>Il presente \u00e8 tutto: nessuno sa vivere bene nel qui e ora come i bambini.<\/p>\n<p><a href=\"https:\/\/blog.tagesanzeiger.ch\/mamablog\/index.php\/76225\/was-wir-von-kindern-lernen-koennen\/?fbclid=IwAR26rJrVOTvlapofdDcLnh6Cerbk6Hc-L8lLxZVK5VAk6W6ukxQHCZ8kMqw\" target=\"_blank\" rel=\"noopener\">Vai a Mamablog<\/a> (blog delle mamme)<\/p>\n<p>&nbsp;<\/p>\n<\/div>\n<\/div>\n<\/div>\n                                    <\/div>\n                                <\/div>\n\t\t\t\t\t\t\t\t                            <\/div>\n                        <\/div>\n                    <\/div>\n\t\t\t\t\t\t\t\t\t                    <div class=\"accordion-item\">\n                        <button class=\"accordion-button collapsed\"\n                                type=\"button\"\n                                id=\"\"\n                                data-bs-toggle=\"collapse\"\n                                data-bs-target=\"#collapse-block_62b370d0a2459-2\"\n                                aria-expanded=\"true\"\n                                aria-controls=\"collapse-block_62b370d0a2459-2\">\n\t                        <svg class=\"svg-icon icon-arrow-up\" xmlns=\"http:\/\/www.w3.org\/2000\/svg\"><use xmlns:xlink=\"http:\/\/www.w3.org\/1999\/xlink\" xlink:href=\"https:\/\/dev.lapurla.ch\/wp-content\/themes\/lapurla\/dist\/icons.svg?f27dc72#arrow-up\"><\/use><\/svg>                            <h3>\n\t\t\t\t\t\t\t\tSempre pi\u00f9 oberati                            <\/h3>\n                        <\/button>\n\n                        <div id=\"collapse-block_62b370d0a2459-2\" class=\"collapse \"\n                             data-parent=\"#accordion-block_62b370d0a2459\">\n                            <div class=\"accordion-content row\">\n                                <div class=\"col\">\n                                    <div class=\"text\">\n\t\t\t\t\t\t\t\t\t\t<div class=\"accordion accordion--active\"><\/div>\n<div class=\"accordion__content accordion__content--active\">\n<div class=\"rich-text\">\n<div class=\"rich-text__text\">\n<p>Sulla difficile vita dei bambini che devono rendere pi\u00f9 di quanto siano effettivamente in grado di fare.<\/p>\n<ul>\n<li><a href=\"https:\/\/www.nzz.ch\/meinung\/ueberfoerdert-und-ueberfordert-ld.1380348?fbclid=IwAR1M_MqhDEoYjvukE2zxtVbgeuDG5ND-GxhVpBUF06pCpjudAztQVnwrWz8&amp;reduced=true\" target=\"_blank\" rel=\"noopener\">Vai all\u2019articolo<\/a><\/li>\n<li><a href=\"https:\/\/www.fritzundfraenzi.ch\/blog\/was-kann-dein-kind-besser-als-alle-anderen\/?fbclid=IwAR2IP8JBvTYzr-xST-jmDtZ1THjTA32VfXOjxhJzJ4lXVLY8DGz8dVE1W8A\" target=\"_blank\" rel=\"noopener\">Vai a Elternblog<\/a> (blog dei genitori)<\/li>\n<\/ul>\n<\/div>\n<\/div>\n<\/div>\n                                    <\/div>\n                                <\/div>\n\t\t\t\t\t\t\t\t                            <\/div>\n                        <\/div>\n                    <\/div>\n\t\t\t\t\t\t\t\t\t                    <div class=\"accordion-item\">\n                        <button class=\"accordion-button collapsed\"\n                                type=\"button\"\n                                id=\"\"\n                                data-bs-toggle=\"collapse\"\n                                data-bs-target=\"#collapse-block_62b370d0a2459-3\"\n                                aria-expanded=\"true\"\n                                aria-controls=\"collapse-block_62b370d0a2459-3\">\n\t                        <svg class=\"svg-icon icon-arrow-up\" xmlns=\"http:\/\/www.w3.org\/2000\/svg\"><use xmlns:xlink=\"http:\/\/www.w3.org\/1999\/xlink\" xlink:href=\"https:\/\/dev.lapurla.ch\/wp-content\/themes\/lapurla\/dist\/icons.svg?f27dc72#arrow-up\"><\/use><\/svg>                            <h3>\n\t\t\t\t\t\t\t\tPerch\u00e9 i bambini non diventino adulti oberati                            <\/h3>\n                        <\/button>\n\n                        <div id=\"collapse-block_62b370d0a2459-3\" class=\"collapse \"\n                             data-parent=\"#accordion-block_62b370d0a2459\">\n                            <div class=\"accordion-content row\">\n                                <div class=\"col\">\n                                    <div class=\"text\">\n\t\t\t\t\t\t\t\t\t\t<div class=\"accordion__content accordion__content--active\">\n<div class=\"rich-text\">\n<div class=\"rich-text__text\">\n<p>I bambini che si sentono accettati e considerati cos\u00ec come sono sviluppano da soli la propria personalit\u00e0, afferma il neurologo Gerald H\u00fcther.<\/p>\n<p><a href=\"https:\/\/www.ursachewirkung.com\/?fbclid=IwAR2oljTQ3u3pJYo8NP73BoJVjdcm8Cr_2Drfm3FfwGF1cFuOnV1hQMDlaeY&amp;id=2070\" target=\"_blank\" rel=\"noopener\">Vai all\u2019articolo<\/a><\/p>\n<\/div>\n<\/div>\n<\/div>\n                                    <\/div>\n                                <\/div>\n\t\t\t\t\t\t\t\t                            <\/div>\n                        <\/div>\n                    <\/div>\n\t\t\t\t\t\t\t\t\t                    <div class=\"accordion-item\">\n                        <button class=\"accordion-button collapsed\"\n                                type=\"button\"\n                                id=\"\"\n                                data-bs-toggle=\"collapse\"\n                                data-bs-target=\"#collapse-block_62b370d0a2459-4\"\n                                aria-expanded=\"true\"\n                                aria-controls=\"collapse-block_62b370d0a2459-4\">\n\t                        <svg class=\"svg-icon icon-arrow-up\" xmlns=\"http:\/\/www.w3.org\/2000\/svg\"><use xmlns:xlink=\"http:\/\/www.w3.org\/1999\/xlink\" xlink:href=\"https:\/\/dev.lapurla.ch\/wp-content\/themes\/lapurla\/dist\/icons.svg?f27dc72#arrow-up\"><\/use><\/svg>                            <h3>\n\t\t\t\t\t\t\t\tCosa possiamo dire anzich\u00e9 elogiare i disegni dei bambini                            <\/h3>\n                        <\/button>\n\n                        <div id=\"collapse-block_62b370d0a2459-4\" class=\"collapse \"\n                             data-parent=\"#accordion-block_62b370d0a2459\">\n                            <div class=\"accordion-content row\">\n                                <div class=\"col\">\n                                    <div class=\"text\">\n\t\t\t\t\t\t\t\t\t\t<div class=\"rich-text__text\">\n<p><strong>\u201cTi vedo!\u201d<\/strong><\/p>\n<p>I bambini vogliono essere considerati, non giudicati. Tuttavia, per noi genitori non \u00e8 sempre facile perdere l\u2019abitudine di dire \u201cBravo!\u201d.<\/p>\n<p><a href=\"https:\/\/chezmamapoule.com\/kinder-wollen-gesehen-werden\/?fbclid=IwAR2Mo4C89qdT9YIrpD54dAT7ctUKlTFmRuxPxElWoT8VGVcCCV2ZPM9KtFI\" target=\"_blank\" rel=\"noopener\">Vai all\u2019articolo<\/a><\/p>\n<\/div>\n                                    <\/div>\n                                <\/div>\n\t\t\t\t\t\t\t\t                            <\/div>\n                        <\/div>\n                    <\/div>\n\t\t\t\t\t\t\t\t\t                    <div class=\"accordion-item\">\n                        <button class=\"accordion-button collapsed\"\n                                type=\"button\"\n                                id=\"\"\n                                data-bs-toggle=\"collapse\"\n                                data-bs-target=\"#collapse-block_62b370d0a2459-5\"\n                                aria-expanded=\"true\"\n                                aria-controls=\"collapse-block_62b370d0a2459-5\">\n\t                        <svg class=\"svg-icon icon-arrow-up\" xmlns=\"http:\/\/www.w3.org\/2000\/svg\"><use xmlns:xlink=\"http:\/\/www.w3.org\/1999\/xlink\" xlink:href=\"https:\/\/dev.lapurla.ch\/wp-content\/themes\/lapurla\/dist\/icons.svg?f27dc72#arrow-up\"><\/use><\/svg>                            <h3>\n\t\t\t\t\t\t\t\tElogio delle vie traverse                            <\/h3>\n                        <\/button>\n\n                        <div id=\"collapse-block_62b370d0a2459-5\" class=\"collapse \"\n                             data-parent=\"#accordion-block_62b370d0a2459\">\n                            <div class=\"accordion-content row\">\n                                <div class=\"col\">\n                                    <div class=\"text\">\n\t\t\t\t\t\t\t\t\t\t<div class=\"accordion__content accordion__content--active\">\n<div class=\"rich-text\">\n<div class=\"rich-text__text\">\n<p>In fin dei conti sono gli errori e le complicazioni che ne derivano a renderci quello che siamo. Una rubrica filosofica di B\u00e4nz Friedli (da leggere o ascoltare).<\/p>\n<p><a href=\"https:\/\/corporate.migros.ch\/de\/medien\/publikationen\/magazin.html\" target=\"_blank\" rel=\"noopener\">Vai alla rubrica<\/a><\/p>\n<\/div>\n<\/div>\n<\/div>\n                                    <\/div>\n                                <\/div>\n\t\t\t\t\t\t\t\t                            <\/div>\n                        <\/div>\n                    <\/div>\n\t\t\t\t            <\/div>\n\t\t\t<\/div>\n","protected":false},"excerpt":{"rendered":"<p>Spunti di riflessione Lapurla vuole esortare i genitori e altre persone di riferimento a concedersi ci\u00f2 di cui anche i bambini hanno bisogno: pi\u00f9 spazi e pi\u00f9 tempo per giocare in libert\u00e0 per contrastare l\u2019ansia da prestazione che incombe ancor prima di iniziare la scuola. La libert\u00e0 rende creativi, l\u2019ansia fa ammalare! Tutto parte da [&hellip;]<\/p>\n","protected":false},"author":5,"featured_media":0,"parent":0,"menu_order":0,"comment_status":"closed","ping_status":"closed","template":"","meta":{"_acf_changed":false,"latitude":"","longitude":"","kurzbeschreibung":"","datum_von":"","footnotes":""},"class_list":["post-10093","page","type-page","status-publish","hentry"],"acf":[],"_links":{"self":[{"href":"https:\/\/dev.lapurla.ch\/it\/wp-json\/wp\/v2\/pages\/10093","targetHints":{"allow":["GET"]}}],"collection":[{"href":"https:\/\/dev.lapurla.ch\/it\/wp-json\/wp\/v2\/pages"}],"about":[{"href":"https:\/\/dev.lapurla.ch\/it\/wp-json\/wp\/v2\/types\/page"}],"author":[{"embeddable":true,"href":"https:\/\/dev.lapurla.ch\/it\/wp-json\/wp\/v2\/users\/5"}],"replies":[{"embeddable":true,"href":"https:\/\/dev.lapurla.ch\/it\/wp-json\/wp\/v2\/comments?post=10093"}],"version-history":[{"count":7,"href":"https:\/\/dev.lapurla.ch\/it\/wp-json\/wp\/v2\/pages\/10093\/revisions"}],"predecessor-version":[{"id":11641,"href":"https:\/\/dev.lapurla.ch\/it\/wp-json\/wp\/v2\/pages\/10093\/revisions\/11641"}],"wp:attachment":[{"href":"https:\/\/dev.lapurla.ch\/it\/wp-json\/wp\/v2\/media?parent=10093"}],"curies":[{"name":"wp","href":"https:\/\/api.w.org\/{rel}","templated":true}]}}