{"id":10033,"date":"2022-03-09T14:10:28","date_gmt":"2022-03-09T13:10:28","guid":{"rendered":"https:\/\/dev.lapurla.ch\/aktuelles\/"},"modified":"2022-09-07T23:45:08","modified_gmt":"2022-09-07T21:45:08","slug":"aktuelles","status":"publish","type":"page","link":"https:\/\/dev.lapurla.ch\/it\/aktuelles\/","title":{"rendered":"Attualit\u00e0"},"content":{"rendered":"\n<div id=\"kdgs-filter-list-block_6228a72529b8d\" class=\"\">\n\t\t<hr>\n    <div class=\"mod-filter-list\"\n             data-post_type=\"news\"\n             data-posts_per_page=\"-1\"\n             data-page=\"1\"\n             data-s=\"\"\n             data-orderby=\"appuntamento\"\n             data-order=\"desc\"\n             data-meta_key=\"\"\n             data-meta_value=\"\"\n             data-meta_value_num=\"\"\n             data-meta_compare=\"\"\n             data-meta_query=\"[[]]\"\n             data-default-taxonomy=\"0\"\n             data-default-taxonomy-slug=\"\"\n             data-lightbox=\"\"\n             data-filter-reset=\"\"\n             data-search-box=\"\"\n             data-filter=\"\"\n             data-filter-buttons=\"\"\n             data-slider=\"\"\n             data-slidersm=\"\"\n             data-slidermd=\"\"\n             data-sliderxl=\"\"\n             data-pagination=\"\"\n             data-load-more=\"\"\n             data-update-url=\"\"\n             data-accordion=\"\">\n\n        <div class=\"kdgs-filter-list-filters\">\n\n\t\t\t<div class=\"search-label\">Filtra i risultati della ricerca:<\/div>        <\/div>\n\n\t\t<div class=\"kdgs-filter-list-wrapper kdgs-filter-list-news\">                <div\n                data-sliderxl=\"\"\n                data-slidermd=\"\"\n                data-slidersm=\"\"\n                class=\"kdgs-filter-list-items row   \"\n                >\n\t\t\t\t\t<div class=\"col-12 col-md-6 col-lg-4  kdgs-filter-item\">\n    <a href=\"https:\/\/dev.lapurla.ch\/it\/news\/megamarieplus\/\" class=\"kdgs-filter-item--link \"\n\t\t>\n        <div class=\"item--impression\">\n            <div class=\"item--image\">\n\t\t\t\t<img loading=\"lazy\" decoding=\"async\" width=\"842\" height=\"572\" src=\"https:\/\/dev.lapurla.ch\/wp-content\/uploads\/2023\/04\/megamarie-plus-klein.jpg\" class=\"attachment-large size-large wp-post-image\" alt=\"\" srcset=\"https:\/\/dev.lapurla.ch\/wp-content\/uploads\/2023\/04\/megamarie-plus-klein.jpg 842w, https:\/\/dev.lapurla.ch\/wp-content\/uploads\/2023\/04\/megamarie-plus-klein-300x204.jpg 300w, https:\/\/dev.lapurla.ch\/wp-content\/uploads\/2023\/04\/megamarie-plus-klein-768x522.jpg 768w\" sizes=\"auto, (max-width: 842px) 100vw, 842px\" \/>            <\/div>\n            <div class=\"date\">03.04.2023<\/div>\n        <\/div>\n        <div class=\"item--content\">\n            <div class=\"item--content-wrapper\">\n                <h3 class=\"item--title\">MegaMarieplus: \u00abPotenziare i centri per famiglie per il bene dei bambini e delle famiglie\u00bb<\/h3>\n                <div class=\"item--content\">\n\t\t\t\t\tLapurla e MegaMarieplus sono partner di cooperazione. L\u2019istituto Marie Meierhofer per il bambino MMI e l\u2019associazione Netzwerk Bildung und Familie si apprestano ad avviare insieme il programma MegaMarieplus. Cosa include questo \u00e8 possibile scoprirlo qui.                <\/div>\n            <\/div>\n\t\t\t<svg class=\"svg-icon icon-arrow-right\" xmlns=\"http:\/\/www.w3.org\/2000\/svg\"><use xmlns:xlink=\"http:\/\/www.w3.org\/1999\/xlink\" xlink:href=\"https:\/\/dev.lapurla.ch\/wp-content\/themes\/lapurla\/dist\/icons.svg?f27dc72#arrow-right\"><\/use><\/svg>        <\/div>\n    <\/a>\n\t<\/div>\n<div class=\"col-12 col-md-6 col-lg-4  kdgs-filter-item\">\n    <a href=\"https:\/\/dev.lapurla.ch\/it\/news\/partecipa-al-tuo-gruppo-regionale\/\" class=\"kdgs-filter-item--link \"\n\t\t>\n        <div class=\"item--impression\">\n            <div class=\"item--image\">\n\t\t\t\t<img loading=\"lazy\" decoding=\"async\" width=\"1024\" height=\"709\" src=\"https:\/\/dev.lapurla.ch\/wp-content\/uploads\/2023\/03\/LapurlaIconsRegionalgruppenGanze-CH20230323-1024x709.png\" class=\"attachment-large size-large wp-post-image\" alt=\"\" srcset=\"https:\/\/dev.lapurla.ch\/wp-content\/uploads\/2023\/03\/LapurlaIconsRegionalgruppenGanze-CH20230323-1024x709.png 1024w, https:\/\/dev.lapurla.ch\/wp-content\/uploads\/2023\/03\/LapurlaIconsRegionalgruppenGanze-CH20230323-300x208.png 300w, https:\/\/dev.lapurla.ch\/wp-content\/uploads\/2023\/03\/LapurlaIconsRegionalgruppenGanze-CH20230323-768x532.png 768w, https:\/\/dev.lapurla.ch\/wp-content\/uploads\/2023\/03\/LapurlaIconsRegionalgruppenGanze-CH20230323-1536x1063.png 1536w, https:\/\/dev.lapurla.ch\/wp-content\/uploads\/2023\/03\/LapurlaIconsRegionalgruppenGanze-CH20230323-2048x1418.png 2048w\" sizes=\"auto, (max-width: 1024px) 100vw, 1024px\" \/>            <\/div>\n            <div class=\"date\">26.02.2023<\/div>\n        <\/div>\n        <div class=\"item--content\">\n            <div class=\"item--content-wrapper\">\n                <h3 class=\"item--title\">Partecipa al tuo gruppo regionale!<\/h3>\n                <div class=\"item--content\">\n\t\t\t\t\tLapurla sta lanciando nuovi gruppi regionali all&#8217;inizio del 2023. Scoprite come potete essere coinvolti e partecipare attivamente a livello regionale qui.                <\/div>\n            <\/div>\n\t\t\t<svg class=\"svg-icon icon-arrow-right\" xmlns=\"http:\/\/www.w3.org\/2000\/svg\"><use xmlns:xlink=\"http:\/\/www.w3.org\/1999\/xlink\" xlink:href=\"https:\/\/dev.lapurla.ch\/wp-content\/themes\/lapurla\/dist\/icons.svg?f27dc72#arrow-right\"><\/use><\/svg>        <\/div>\n    <\/a>\n\t<\/div>\n<div class=\"col-12 col-md-6 col-lg-4  kdgs-filter-item\">\n    <a href=\"https:\/\/dev.lapurla.ch\/it\/news\/interview-laura-imfeld\/\" class=\"kdgs-filter-item--link \"\n\t\t>\n        <div class=\"item--impression\">\n            <div class=\"item--image\">\n\t\t\t\t<img loading=\"lazy\" decoding=\"async\" width=\"1\" height=\"1\" src=\"https:\/\/dev.lapurla.ch\/wp-content\/uploads\/2023\/02\/web-malwand-scaled.jpg\" class=\"attachment-large size-large wp-post-image\" alt=\"\" \/>            <\/div>\n            <div class=\"date\">25.02.2023<\/div>\n        <\/div>\n        <div class=\"item--content\">\n            <div class=\"item--content-wrapper\">\n                <h3 class=\"item--title\">\u00abL\u2019opportunit\u00e0 di una formazione estetica e una partecipazione culturale non dovrebbe essere preclusa a nessun bambino\u00bb<\/h3>\n                <div class=\"item--content\">\n\t\t\t\t\tDiamo il benvenuto nel team Lapurla a Laura Imfeld, che nel suo ruolo di assistente di progetto assunto a inizio anno cura anche la comunicazione di Lapurla. Nell\u2019intervista scoprirai in che modo il lavoro sociale ha portato Laura Imfeld ad approcciarsi alla formazione culturale nella prima infanzia e ti sveleremo qual \u00e8 la sua secoda attivit\u00e0 lavorativa.\u00a0                <\/div>\n            <\/div>\n\t\t\t<svg class=\"svg-icon icon-arrow-right\" xmlns=\"http:\/\/www.w3.org\/2000\/svg\"><use xmlns:xlink=\"http:\/\/www.w3.org\/1999\/xlink\" xlink:href=\"https:\/\/dev.lapurla.ch\/wp-content\/themes\/lapurla\/dist\/icons.svg?f27dc72#arrow-right\"><\/use><\/svg>        <\/div>\n    <\/a>\n\t<\/div>\n<div class=\"col-12 col-md-6 col-lg-4  kdgs-filter-item\">\n    <a href=\"https:\/\/dev.lapurla.ch\/it\/news\/3-jahre-netzwerk-fruehkindliche-kulturelle-bildung\/\" class=\"kdgs-filter-item--link \"\n\t\t>\n        <div class=\"item--impression\">\n            <div class=\"item--image\">\n\t\t\t\t<img loading=\"lazy\" decoding=\"async\" width=\"1024\" height=\"573\" src=\"https:\/\/dev.lapurla.ch\/wp-content\/uploads\/2023\/02\/Logo-NFKB-1024x573.jpg\" class=\"attachment-large size-large wp-post-image\" alt=\"\" srcset=\"https:\/\/dev.lapurla.ch\/wp-content\/uploads\/2023\/02\/Logo-NFKB-1024x573.jpg 1024w, https:\/\/dev.lapurla.ch\/wp-content\/uploads\/2023\/02\/Logo-NFKB-300x168.jpg 300w, https:\/\/dev.lapurla.ch\/wp-content\/uploads\/2023\/02\/Logo-NFKB-768x430.jpg 768w, https:\/\/dev.lapurla.ch\/wp-content\/uploads\/2023\/02\/Logo-NFKB-1536x859.jpg 1536w, https:\/\/dev.lapurla.ch\/wp-content\/uploads\/2023\/02\/Logo-NFKB.jpg 1754w\" sizes=\"auto, (max-width: 1024px) 100vw, 1024px\" \/>            <\/div>\n            <div class=\"date\">25.02.2023<\/div>\n        <\/div>\n        <div class=\"item--content\">\n            <div class=\"item--content-wrapper\">\n                <h3 class=\"item--title\">La rete Netzwerk Fr\u00fchkindliche Kulturelle Bildung compie 3 anni\u00a0<\/h3>\n                <div class=\"item--content\">\n\t\t\t\t\tPorgiamo i nostri auguri alla Netzwerk Fr\u00fchkindliche Kulturelle Bildung (Rete per la formazione culturale nella prima infanzia, NFKB) per i suoi primi tre anni di attivit\u00e0!                 <\/div>\n            <\/div>\n\t\t\t<svg class=\"svg-icon icon-arrow-right\" xmlns=\"http:\/\/www.w3.org\/2000\/svg\"><use xmlns:xlink=\"http:\/\/www.w3.org\/1999\/xlink\" xlink:href=\"https:\/\/dev.lapurla.ch\/wp-content\/themes\/lapurla\/dist\/icons.svg?f27dc72#arrow-right\"><\/use><\/svg>        <\/div>\n    <\/a>\n\t<\/div>\n<div class=\"col-12 col-md-6 col-lg-4  kdgs-filter-item\">\n    <a href=\"https:\/\/dev.lapurla.ch\/it\/news\/cerco-di-confutare-i-pregiudizi\/\" class=\"kdgs-filter-item--link \"\n\t\t>\n        <div class=\"item--impression\">\n            <div class=\"item--image\">\n\t\t\t\t<img loading=\"lazy\" decoding=\"async\" width=\"512\" height=\"341\" src=\"https:\/\/dev.lapurla.ch\/wp-content\/uploads\/2022\/12\/IMG2804.jpg\" class=\"attachment-large size-large wp-post-image\" alt=\"Nicole Rocchetti bei ihrer Arbeit\" srcset=\"https:\/\/dev.lapurla.ch\/wp-content\/uploads\/2022\/12\/IMG2804.jpg 512w, https:\/\/dev.lapurla.ch\/wp-content\/uploads\/2022\/12\/IMG2804-300x200.jpg 300w\" sizes=\"auto, (max-width: 512px) 100vw, 512px\" \/>            <\/div>\n            <div class=\"date\">08.12.2022<\/div>\n        <\/div>\n        <div class=\"item--content\">\n            <div class=\"item--content-wrapper\">\n                <h3 class=\"item--title\">\u00abCerco di confutare i pregiudizi\u00bb<\/h3>\n                <div class=\"item--content\">\n\t\t\t\t\tNicole Rocchetti \u00e8 co-responsabile\/ responsabile pedagogica presso il centro per le famiglie FiZ di Wetzikon e lo scorso giugno ha conseguito il Certificate of Advanced Studies (CAS) in formazione culturale. Nella rubrica Lapurla &#8220;Dalla Rete&#8221; scopriamo di pi\u00f9 sull&#8217;aderente alla rete Lapurla, sul suo progetto e sulla sua motivazione.                <\/div>\n            <\/div>\n\t\t\t<svg class=\"svg-icon icon-arrow-right\" xmlns=\"http:\/\/www.w3.org\/2000\/svg\"><use xmlns:xlink=\"http:\/\/www.w3.org\/1999\/xlink\" xlink:href=\"https:\/\/dev.lapurla.ch\/wp-content\/themes\/lapurla\/dist\/icons.svg?f27dc72#arrow-right\"><\/use><\/svg>        <\/div>\n    <\/a>\n\t<\/div>\n<div class=\"col-12 col-md-6 col-lg-4  kdgs-filter-item\">\n    <a href=\"https:\/\/dev.lapurla.ch\/it\/news\/retrospettiva-di-una-conferenza-di-successo\/\" class=\"kdgs-filter-item--link \"\n\t\t>\n        <div class=\"item--impression\">\n            <div class=\"item--image\">\n\t\t\t\t<img loading=\"lazy\" decoding=\"async\" width=\"1000\" height=\"563\" src=\"https:\/\/dev.lapurla.ch\/wp-content\/uploads\/2022\/07\/LapurlaAnlaesseNationale-TagungGesundheitsfoerderung.png\" class=\"attachment-large size-large wp-post-image\" alt=\"\" srcset=\"https:\/\/dev.lapurla.ch\/wp-content\/uploads\/2022\/07\/LapurlaAnlaesseNationale-TagungGesundheitsfoerderung.png 1000w, https:\/\/dev.lapurla.ch\/wp-content\/uploads\/2022\/07\/LapurlaAnlaesseNationale-TagungGesundheitsfoerderung-300x169.png 300w, https:\/\/dev.lapurla.ch\/wp-content\/uploads\/2022\/07\/LapurlaAnlaesseNationale-TagungGesundheitsfoerderung-768x432.png 768w\" sizes=\"auto, (max-width: 1000px) 100vw, 1000px\" \/>            <\/div>\n            <div class=\"date\">07.12.2022<\/div>\n        <\/div>\n        <div class=\"item--content\">\n            <div class=\"item--content-wrapper\">\n                <h3 class=\"item--title\">Retrospettiva di una conferenza di successo<\/h3>\n                <div class=\"item--content\">\n\t\t\t\t\tRipercorriamo una conferenza nazionale ricca di eventi e di spunti interessanti, in cui i temi di Lapurla sono stati trattati dalla prospettiva della promozione della salute.                <\/div>\n            <\/div>\n\t\t\t<svg class=\"svg-icon icon-arrow-right\" xmlns=\"http:\/\/www.w3.org\/2000\/svg\"><use xmlns:xlink=\"http:\/\/www.w3.org\/1999\/xlink\" xlink:href=\"https:\/\/dev.lapurla.ch\/wp-content\/themes\/lapurla\/dist\/icons.svg?f27dc72#arrow-right\"><\/use><\/svg>        <\/div>\n    <\/a>\n\t<\/div>\n<div class=\"col-12 col-md-6 col-lg-4  kdgs-filter-item\">\n    <a href=\"https:\/\/dev.lapurla.ch\/it\/news\/piattaforma-educazione-2022\/\" class=\"kdgs-filter-item--link \"\n\t\t>\n        <div class=\"item--impression\">\n            <div class=\"item--image\">\n\t\t\t\t<img loading=\"lazy\" decoding=\"async\" width=\"677\" height=\"397\" src=\"https:\/\/dev.lapurla.ch\/wp-content\/uploads\/2022\/12\/Screenshot-2022-12-22-092226.jpg\" class=\"attachment-large size-large wp-post-image\" alt=\"\" srcset=\"https:\/\/dev.lapurla.ch\/wp-content\/uploads\/2022\/12\/Screenshot-2022-12-22-092226.jpg 677w, https:\/\/dev.lapurla.ch\/wp-content\/uploads\/2022\/12\/Screenshot-2022-12-22-092226-300x176.jpg 300w\" sizes=\"auto, (max-width: 677px) 100vw, 677px\" \/>            <\/div>\n            <div class=\"date\">30.10.2022<\/div>\n        <\/div>\n        <div class=\"item--content\">\n            <div class=\"item--content-wrapper\">\n                <h3 class=\"item--title\">Piattaforma Educazione: 2022<\/h3>\n                <div class=\"item--content\">\n\t\t\t\t\tLa 6\u00aa edizione della Piattaforma Svizzera Educazione 2030 si \u00e8 svolta il 28 settembre 2022 sul tema delle competenze trasversali. Quest\u2019anno, la conferenza si \u00e8 svolta al Kursaal di Berna.                <\/div>\n            <\/div>\n\t\t\t<svg class=\"svg-icon icon-arrow-right\" xmlns=\"http:\/\/www.w3.org\/2000\/svg\"><use xmlns:xlink=\"http:\/\/www.w3.org\/1999\/xlink\" xlink:href=\"https:\/\/dev.lapurla.ch\/wp-content\/themes\/lapurla\/dist\/icons.svg?f27dc72#arrow-right\"><\/use><\/svg>        <\/div>\n    <\/a>\n\t<\/div>\n<div class=\"col-12 col-md-6 col-lg-4  kdgs-filter-item\">\n    <a href=\"https:\/\/dev.lapurla.ch\/it\/news\/conferenza-unicef-diritti-dei-bambini-nello-spazio-digitale\/\" class=\"kdgs-filter-item--link \"\n\t\t>\n        <div class=\"item--impression\">\n            <div class=\"item--image\">\n\t\t\t\t<img loading=\"lazy\" decoding=\"async\" width=\"1024\" height=\"683\" src=\"https:\/\/dev.lapurla.ch\/wp-content\/uploads\/2022\/10\/IMG9375-1-1024x683.jpg\" class=\"attachment-large size-large wp-post-image\" alt=\"\" srcset=\"https:\/\/dev.lapurla.ch\/wp-content\/uploads\/2022\/10\/IMG9375-1-1024x683.jpg 1024w, https:\/\/dev.lapurla.ch\/wp-content\/uploads\/2022\/10\/IMG9375-1-300x200.jpg 300w, https:\/\/dev.lapurla.ch\/wp-content\/uploads\/2022\/10\/IMG9375-1-768x512.jpg 768w\" sizes=\"auto, (max-width: 1024px) 100vw, 1024px\" \/>            <\/div>\n            <div class=\"date\">20.10.2022<\/div>\n        <\/div>\n        <div class=\"item--content\">\n            <div class=\"item--content-wrapper\">\n                <h3 class=\"item--title\">Conferenza unicef \u00abDiritti dei bambini nello spazio digitale\u00bb<\/h3>\n                <div class=\"item--content\">\n\t\t\t\t\tIl 13 settembre 2022 si \u00e8 svolto l\u2019evento specialistico incentrato su \u00abOpportunit\u00e0 e sfide della digitalit\u00e0 per la crescita dei bambini e degli adolescenti\u00bb.                <\/div>\n            <\/div>\n\t\t\t<svg class=\"svg-icon icon-arrow-right\" xmlns=\"http:\/\/www.w3.org\/2000\/svg\"><use xmlns:xlink=\"http:\/\/www.w3.org\/1999\/xlink\" xlink:href=\"https:\/\/dev.lapurla.ch\/wp-content\/themes\/lapurla\/dist\/icons.svg?f27dc72#arrow-right\"><\/use><\/svg>        <\/div>\n    <\/a>\n\t<\/div>\n<div class=\"col-12 col-md-6 col-lg-4  kdgs-filter-item\">\n    <a href=\"https:\/\/dev.lapurla.ch\/it\/news\/risposta-alla-procedura-di-consultazione-su-iv-pa-csec-n\/\" class=\"kdgs-filter-item--link \"\n\t\t>\n        <div class=\"item--impression\">\n            <div class=\"item--image\">\n\t\t\t\t<img loading=\"lazy\" decoding=\"async\" width=\"1000\" height=\"563\" src=\"https:\/\/dev.lapurla.ch\/wp-content\/uploads\/2022\/09\/LapurlaPositionenPolitik.png\" class=\"attachment-large size-large wp-post-image\" alt=\"\" srcset=\"https:\/\/dev.lapurla.ch\/wp-content\/uploads\/2022\/09\/LapurlaPositionenPolitik.png 1000w, https:\/\/dev.lapurla.ch\/wp-content\/uploads\/2022\/09\/LapurlaPositionenPolitik-300x169.png 300w, https:\/\/dev.lapurla.ch\/wp-content\/uploads\/2022\/09\/LapurlaPositionenPolitik-768x432.png 768w\" sizes=\"auto, (max-width: 1000px) 100vw, 1000px\" \/>            <\/div>\n            <div class=\"date\">06.09.2022<\/div>\n        <\/div>\n        <div class=\"item--content\">\n            <div class=\"item--content-wrapper\">\n                <h3 class=\"item--title\">Risposta alla procedura di consultazione su Iv. Pa. CSEC-N<\/h3>\n                <div class=\"item--content\">\n\t\t\t\t\tLapurla ha pubblicato una risposta di consultazione all&#8217;iniziativa parlamentare \u201cSostituire il finanziamento iniziale con una soluzione moderna\u201d.                 <\/div>\n            <\/div>\n\t\t\t<svg class=\"svg-icon icon-arrow-right\" xmlns=\"http:\/\/www.w3.org\/2000\/svg\"><use xmlns:xlink=\"http:\/\/www.w3.org\/1999\/xlink\" xlink:href=\"https:\/\/dev.lapurla.ch\/wp-content\/themes\/lapurla\/dist\/icons.svg?f27dc72#arrow-right\"><\/use><\/svg>        <\/div>\n    <\/a>\n\t<\/div>\n<div class=\"col-12 col-md-6 col-lg-4  kdgs-filter-item\">\n    <a href=\"https:\/\/dev.lapurla.ch\/it\/news\/retrospective-conference-intervention-precoce-dans-la-petite-enfance\/\" class=\"kdgs-filter-item--link \"\n\t\t>\n        <div class=\"item--impression\">\n            <div class=\"item--image\">\n\t\t\t\t<img loading=\"lazy\" decoding=\"async\" width=\"1024\" height=\"682\" src=\"https:\/\/dev.lapurla.ch\/wp-content\/uploads\/2022\/09\/ef033ce77f31fbb7f14143853db28dbad648a7mv2.jpg-1024x682.webp\" class=\"attachment-large size-large wp-post-image\" alt=\"\" srcset=\"https:\/\/dev.lapurla.ch\/wp-content\/uploads\/2022\/09\/ef033ce77f31fbb7f14143853db28dbad648a7mv2.jpg-1024x682.webp 1024w, https:\/\/dev.lapurla.ch\/wp-content\/uploads\/2022\/09\/ef033ce77f31fbb7f14143853db28dbad648a7mv2.jpg-300x200.webp 300w, https:\/\/dev.lapurla.ch\/wp-content\/uploads\/2022\/09\/ef033ce77f31fbb7f14143853db28dbad648a7mv2.jpg-768x511.webp 768w, https:\/\/dev.lapurla.ch\/wp-content\/uploads\/2022\/09\/ef033ce77f31fbb7f14143853db28dbad648a7mv2.jpg.webp 1200w\" sizes=\"auto, (max-width: 1024px) 100vw, 1024px\" \/>            <\/div>\n            <div class=\"date\">03.09.2022<\/div>\n        <\/div>\n        <div class=\"item--content\">\n            <div class=\"item--content-wrapper\">\n                <h3 class=\"item--title\">R\u00e9trospective : Conf\u00e9rence &#8220;Intervention pr\u00e9coce dans la petite enfance&#8221;<\/h3>\n                <div class=\"item--content\">\n\t\t\t\t\tEn collaboration avec l\u2019Office f\u00e9d\u00e9ral de la sant\u00e9 publique (OFSP), le Secr\u00e9tariat d\u2019\u00c9tat aux migrations et Promotion Sant\u00e9 Suisse, Alliance Enfance a accueilli plus de 120 personnes \u00e0 la conf\u00e9rence \u00ab Intervention pr\u00e9coce dans la petite enfance \u00bb, qui s&#8217;est d\u00e9roul\u00e9e le 29 ao\u00fbt 2022 \u00e0 Berne. Lapurla \u00e9tait pr\u00e9sent avec un atelier.                <\/div>\n            <\/div>\n\t\t\t<svg class=\"svg-icon icon-arrow-right\" xmlns=\"http:\/\/www.w3.org\/2000\/svg\"><use xmlns:xlink=\"http:\/\/www.w3.org\/1999\/xlink\" xlink:href=\"https:\/\/dev.lapurla.ch\/wp-content\/themes\/lapurla\/dist\/icons.svg?f27dc72#arrow-right\"><\/use><\/svg>        <\/div>\n    <\/a>\n\t<\/div>\n<div class=\"col-12 col-md-6 col-lg-4  kdgs-filter-item\">\n    <a href=\"https:\/\/dev.lapurla.ch\/it\/news\/forderungen-aus-dem-netzwerk-fru%cc%88hkindliche-kulturelle-bildung-d\/\" class=\"kdgs-filter-item--link \"\n\t\t>\n        <div class=\"item--impression\">\n            <div class=\"item--image\">\n\t\t\t\t<img loading=\"lazy\" decoding=\"async\" width=\"1000\" height=\"563\" src=\"https:\/\/dev.lapurla.ch\/wp-content\/uploads\/2022\/07\/LapurlaPublikationenNFKB.png\" class=\"attachment-large size-large wp-post-image\" alt=\"\" srcset=\"https:\/\/dev.lapurla.ch\/wp-content\/uploads\/2022\/07\/LapurlaPublikationenNFKB.png 1000w, https:\/\/dev.lapurla.ch\/wp-content\/uploads\/2022\/07\/LapurlaPublikationenNFKB-300x169.png 300w, https:\/\/dev.lapurla.ch\/wp-content\/uploads\/2022\/07\/LapurlaPublikationenNFKB-768x432.png 768w\" sizes=\"auto, (max-width: 1000px) 100vw, 1000px\" \/>            <\/div>\n            <div class=\"date\">26.07.2022<\/div>\n        <\/div>\n        <div class=\"item--content\">\n            <div class=\"item--content-wrapper\">\n                <h3 class=\"item--title\">7 Forderungen aus dem Netzwerk Fru\u0308hkindliche Kulturelle Bildung (tedesco)<\/h3>\n                <div class=\"item--content\">\n\t\t\t\t\tChancen fu\u0308r alle: Kinder brauchen kulturelle Bildung \u2013 von Anfang an! Die Forderungen unseres Netzwerkpartners sind auch f\u00fcr die Schweiz relevant.                <\/div>\n            <\/div>\n\t\t\t<svg class=\"svg-icon icon-arrow-right\" xmlns=\"http:\/\/www.w3.org\/2000\/svg\"><use xmlns:xlink=\"http:\/\/www.w3.org\/1999\/xlink\" xlink:href=\"https:\/\/dev.lapurla.ch\/wp-content\/themes\/lapurla\/dist\/icons.svg?f27dc72#arrow-right\"><\/use><\/svg>        <\/div>\n    <\/a>\n\t<\/div>\n<div class=\"col-12 col-md-6 col-lg-4  kdgs-filter-item\">\n    <a href=\"https:\/\/dev.lapurla.ch\/it\/news\/cas-kulturelle-bildung-kreativitaet-ermoeglichen-ab-der-fruehen-kindheit\/\" class=\"kdgs-filter-item--link \"\n\t\t>\n        <div class=\"item--impression\">\n            <div class=\"item--image\">\n\t\t\t\t<img loading=\"lazy\" decoding=\"async\" width=\"1024\" height=\"464\" src=\"https:\/\/dev.lapurla.ch\/wp-content\/uploads\/2022\/06\/2WBVermittlungCAS-Kulturelle-Bildung-im-Elementarbereich-1024x464.jpg\" class=\"attachment-large size-large wp-post-image\" alt=\"\" srcset=\"https:\/\/dev.lapurla.ch\/wp-content\/uploads\/2022\/06\/2WBVermittlungCAS-Kulturelle-Bildung-im-Elementarbereich-1024x464.jpg 1024w, https:\/\/dev.lapurla.ch\/wp-content\/uploads\/2022\/06\/2WBVermittlungCAS-Kulturelle-Bildung-im-Elementarbereich-300x136.jpg 300w, https:\/\/dev.lapurla.ch\/wp-content\/uploads\/2022\/06\/2WBVermittlungCAS-Kulturelle-Bildung-im-Elementarbereich-768x348.jpg 768w, https:\/\/dev.lapurla.ch\/wp-content\/uploads\/2022\/06\/2WBVermittlungCAS-Kulturelle-Bildung-im-Elementarbereich-1536x696.jpg 1536w, https:\/\/dev.lapurla.ch\/wp-content\/uploads\/2022\/06\/2WBVermittlungCAS-Kulturelle-Bildung-im-Elementarbereich-2048x928.jpg 2048w\" sizes=\"auto, (max-width: 1024px) 100vw, 1024px\" \/>            <\/div>\n            <div class=\"date\">24.07.2022<\/div>\n        <\/div>\n        <div class=\"item--content\">\n            <div class=\"item--content-wrapper\">\n                <h3 class=\"item--title\">Anmeldeschluss CAS Kulturelle Bildung (tedesco)<\/h3>\n                <div class=\"item--content\">\n\t\t\t\t\tDu willst deine eigene Kreativit\u00e4t erweitern und dein Verst\u00e4ndnis f\u00fcr Gelingensbedingungen kreativer Prozesse vertiefen? Du m\u00f6chtest ein eigenes Kulturprojekt mit Kindern von 0\u20134 realisieren und daf\u00fcr qualifiziert werden? Dann beeil dich und sichere dir einen der letzten Studienpl\u00e4tze mit Start im September!                <\/div>\n            <\/div>\n\t\t\t<svg class=\"svg-icon icon-arrow-right\" xmlns=\"http:\/\/www.w3.org\/2000\/svg\"><use xmlns:xlink=\"http:\/\/www.w3.org\/1999\/xlink\" xlink:href=\"https:\/\/dev.lapurla.ch\/wp-content\/themes\/lapurla\/dist\/icons.svg?f27dc72#arrow-right\"><\/use><\/svg>        <\/div>\n    <\/a>\n\t<\/div>\n<div class=\"col-12 col-md-6 col-lg-4  kdgs-filter-item\">\n    <a href=\"https:\/\/dev.lapurla.ch\/it\/news\/interview-mit-catherine-salle-suisse-romande\/\" class=\"kdgs-filter-item--link \"\n\t\t>\n        <div class=\"item--impression\">\n            <div class=\"item--image\">\n\t\t\t\t<img loading=\"lazy\" decoding=\"async\" width=\"1024\" height=\"707\" src=\"https:\/\/dev.lapurla.ch\/wp-content\/uploads\/2022\/07\/lapurlawebportraitbavaud220713-1024x707.jpg\" class=\"attachment-large size-large wp-post-image\" alt=\"\" srcset=\"https:\/\/dev.lapurla.ch\/wp-content\/uploads\/2022\/07\/lapurlawebportraitbavaud220713-1024x707.jpg 1024w, https:\/\/dev.lapurla.ch\/wp-content\/uploads\/2022\/07\/lapurlawebportraitbavaud220713-300x207.jpg 300w, https:\/\/dev.lapurla.ch\/wp-content\/uploads\/2022\/07\/lapurlawebportraitbavaud220713-768x530.jpg 768w, https:\/\/dev.lapurla.ch\/wp-content\/uploads\/2022\/07\/lapurlawebportraitbavaud220713-1536x1060.jpg 1536w, https:\/\/dev.lapurla.ch\/wp-content\/uploads\/2022\/07\/lapurlawebportraitbavaud220713.jpg 2000w\" sizes=\"auto, (max-width: 1024px) 100vw, 1024px\" \/>            <\/div>\n            <div class=\"date\">01.06.2022<\/div>\n        <\/div>\n        <div class=\"item--content\">\n            <div class=\"item--content-wrapper\">\n                <h3 class=\"item--title\">\u00abI pi\u00f9 piccoli hanno bisogno di scoprire il mondo senza vincoli dettati dalla societ\u00e0\u00bb<\/h3>\n                <div class=\"item--content\">\n\t\t\t\t\tSandrine Bavaud \u00e8 la referente dei progetti e degli eventi che si svolgono nella Svizzera occidentale. Nell&#8217;intervista, Sandrine Bavaud offre una panoramica del lavoro di Lapurla.                <\/div>\n            <\/div>\n\t\t\t<svg class=\"svg-icon icon-arrow-right\" xmlns=\"http:\/\/www.w3.org\/2000\/svg\"><use xmlns:xlink=\"http:\/\/www.w3.org\/1999\/xlink\" xlink:href=\"https:\/\/dev.lapurla.ch\/wp-content\/themes\/lapurla\/dist\/icons.svg?f27dc72#arrow-right\"><\/use><\/svg>        <\/div>\n    <\/a>\n\t<\/div>\n<div class=\"col-12 col-md-6 col-lg-4  kdgs-filter-item\">\n    <a href=\"https:\/\/dev.lapurla.ch\/it\/news\/positionspapier-kinder-haben-ein-recht-auf-kulturelle-bildung\/\" class=\"kdgs-filter-item--link \"\n\t\t>\n        <div class=\"item--impression\">\n            <div class=\"item--image\">\n\t\t\t\t<img loading=\"lazy\" decoding=\"async\" width=\"1000\" height=\"563\" src=\"https:\/\/dev.lapurla.ch\/wp-content\/uploads\/2022\/06\/LapurlaUNKRGrafikPositionspapier.png\" class=\"attachment-large size-large wp-post-image\" alt=\"\" srcset=\"https:\/\/dev.lapurla.ch\/wp-content\/uploads\/2022\/06\/LapurlaUNKRGrafikPositionspapier.png 1000w, https:\/\/dev.lapurla.ch\/wp-content\/uploads\/2022\/06\/LapurlaUNKRGrafikPositionspapier-300x169.png 300w, https:\/\/dev.lapurla.ch\/wp-content\/uploads\/2022\/06\/LapurlaUNKRGrafikPositionspapier-768x432.png 768w\" sizes=\"auto, (max-width: 1000px) 100vw, 1000px\" \/>            <\/div>\n            <div class=\"date\">13.04.2022<\/div>\n        <\/div>\n        <div class=\"item--content\">\n            <div class=\"item--content-wrapper\">\n                <h3 class=\"item--title\">Position paper: I bambini hanno diritto all&#8217;educazione culturale!<\/h3>\n                <div class=\"item--content\">\n\t\t\t\t\tL&#8217;educazione culturale della prima infanzia \u00e8 un diritto del bambino &#8211; e deve essere finalmente riconosciuto e realizzato come tale &#8211; anche in Svizzera!                <\/div>\n            <\/div>\n\t\t\t<svg class=\"svg-icon icon-arrow-right\" xmlns=\"http:\/\/www.w3.org\/2000\/svg\"><use xmlns:xlink=\"http:\/\/www.w3.org\/1999\/xlink\" xlink:href=\"https:\/\/dev.lapurla.ch\/wp-content\/themes\/lapurla\/dist\/icons.svg?f27dc72#arrow-right\"><\/use><\/svg>        <\/div>\n    <\/a>\n\t<\/div>\n<div class=\"col-12 col-md-6 col-lg-4  kdgs-filter-item\">\n    <a href=\"https:\/\/dev.lapurla.ch\/it\/news\/girafes-award\/\" class=\"kdgs-filter-item--link \"\n\t\t>\n        <div class=\"item--impression\">\n            <div class=\"item--image\">\n\t\t\t\t<img loading=\"lazy\" decoding=\"async\" width=\"1000\" height=\"563\" src=\"https:\/\/dev.lapurla.ch\/wp-content\/uploads\/2022\/05\/LapurlaGirafeAwardsPrix-international20211008-1.png\" class=\"attachment-large size-large wp-post-image\" alt=\"\" srcset=\"https:\/\/dev.lapurla.ch\/wp-content\/uploads\/2022\/05\/LapurlaGirafeAwardsPrix-international20211008-1.png 1000w, https:\/\/dev.lapurla.ch\/wp-content\/uploads\/2022\/05\/LapurlaGirafeAwardsPrix-international20211008-1-300x169.png 300w, https:\/\/dev.lapurla.ch\/wp-content\/uploads\/2022\/05\/LapurlaGirafeAwardsPrix-international20211008-1-768x432.png 768w\" sizes=\"auto, (max-width: 1000px) 100vw, 1000px\" \/>            <\/div>\n            <div class=\"date\">10.10.2021<\/div>\n        <\/div>\n        <div class=\"item--content\">\n            <div class=\"item--content-wrapper\">\n                <h3 class=\"item--title\">Lapurla riceve un prestigioso premio a Parigi<\/h3>\n                <div class=\"item--content\">\n\t\t\t\t\tChe grande onore: l\u20198 ottobre 2021 a Parigi Lapurla ha ricevuto il prestigioso premio Girafes Award nella categoria \u201cPrix International\u201d, diventando cos\u00ec un modello da seguire a livello internazionale.\u00a0                <\/div>\n            <\/div>\n\t\t\t<svg class=\"svg-icon icon-arrow-right\" xmlns=\"http:\/\/www.w3.org\/2000\/svg\"><use xmlns:xlink=\"http:\/\/www.w3.org\/1999\/xlink\" xlink:href=\"https:\/\/dev.lapurla.ch\/wp-content\/themes\/lapurla\/dist\/icons.svg?f27dc72#arrow-right\"><\/use><\/svg>        <\/div>\n    <\/a>\n\t<\/div>\n<div class=\"col-12 col-md-6 col-lg-4  kdgs-filter-item\">\n    <a href=\"https:\/\/dev.lapurla.ch\/it\/news\/17-18-mai-2022-nationale-tagung-mit-netzwerkgruendung\/\" class=\"kdgs-filter-item--link \"\n\t\t>\n        <div class=\"item--impression\">\n            <div class=\"item--image\">\n\t\t\t\t<img loading=\"lazy\" decoding=\"async\" width=\"1024\" height=\"552\" src=\"https:\/\/dev.lapurla.ch\/wp-content\/uploads\/2021\/05\/210323-Lapurla-VisualNationaleTagung-Web01-1024x552.jpg\" class=\"attachment-large size-large wp-post-image\" alt=\"\" srcset=\"https:\/\/dev.lapurla.ch\/wp-content\/uploads\/2021\/05\/210323-Lapurla-VisualNationaleTagung-Web01-1024x552.jpg 1024w, https:\/\/dev.lapurla.ch\/wp-content\/uploads\/2021\/05\/210323-Lapurla-VisualNationaleTagung-Web01-300x162.jpg 300w, https:\/\/dev.lapurla.ch\/wp-content\/uploads\/2021\/05\/210323-Lapurla-VisualNationaleTagung-Web01-768x414.jpg 768w, https:\/\/dev.lapurla.ch\/wp-content\/uploads\/2021\/05\/210323-Lapurla-VisualNationaleTagung-Web01-1536x828.jpg 1536w, https:\/\/dev.lapurla.ch\/wp-content\/uploads\/2021\/05\/210323-Lapurla-VisualNationaleTagung-Web01-2048x1104.jpg 2048w\" sizes=\"auto, (max-width: 1024px) 100vw, 1024px\" \/>            <\/div>\n            <div class=\"date\">19.05.2021<\/div>\n        <\/div>\n        <div class=\"item--content\">\n            <div class=\"item--content-wrapper\">\n                <h3 class=\"item--title\">17\/18 maggio 2021: Documentazione della conferenza nazionale con fondazione di rete<\/h3>\n                <div class=\"item--content\">\n\t\t\t\t\tQui trovate i risultati della conferenza nazionale con fondazione di rete del 17\/18 maggio 2021.                 <\/div>\n            <\/div>\n\t\t\t<svg class=\"svg-icon icon-arrow-right\" xmlns=\"http:\/\/www.w3.org\/2000\/svg\"><use xmlns:xlink=\"http:\/\/www.w3.org\/1999\/xlink\" xlink:href=\"https:\/\/dev.lapurla.ch\/wp-content\/themes\/lapurla\/dist\/icons.svg?f27dc72#arrow-right\"><\/use><\/svg>        <\/div>\n    <\/a>\n\t<\/div>\n<div class=\"col-12 col-md-6 col-lg-4  kdgs-filter-item\">\n    <a href=\"https:\/\/dev.lapurla.ch\/it\/news\/ausgezeichneter-abschluss-des-cas-kulturelle-bildung\/\" class=\"kdgs-filter-item--link \"\n\t\t>\n        <div class=\"item--impression\">\n            <div class=\"item--image\">\n\t\t\t\t<img loading=\"lazy\" decoding=\"async\" width=\"1024\" height=\"722\" src=\"https:\/\/dev.lapurla.ch\/wp-content\/uploads\/2022\/06\/Z65646-Kopie-1024x722.jpg\" class=\"attachment-large size-large wp-post-image\" alt=\"\" srcset=\"https:\/\/dev.lapurla.ch\/wp-content\/uploads\/2022\/06\/Z65646-Kopie-1024x722.jpg 1024w, https:\/\/dev.lapurla.ch\/wp-content\/uploads\/2022\/06\/Z65646-Kopie-300x211.jpg 300w, https:\/\/dev.lapurla.ch\/wp-content\/uploads\/2022\/06\/Z65646-Kopie-768x541.jpg 768w, https:\/\/dev.lapurla.ch\/wp-content\/uploads\/2022\/06\/Z65646-Kopie-1536x1083.jpg 1536w, https:\/\/dev.lapurla.ch\/wp-content\/uploads\/2022\/06\/Z65646-Kopie-2048x1444.jpg 2048w\" sizes=\"auto, (max-width: 1024px) 100vw, 1024px\" \/>            <\/div>\n            <div class=\"date\">29.04.2021<\/div>\n        <\/div>\n        <div class=\"item--content\">\n            <div class=\"item--content-wrapper\">\n                <h3 class=\"item--title\">Ausgezeichneter Abschluss des CAS Kulturelle Bildung (tedesco)<\/h3>\n                <div class=\"item--content\">\n\t\t\t\t\tSalome B\u00f6ni (rechts) hat den Weiterbildungslehrgang CAS Kulturelle Bildung an der HKB mit dem Pr\u00e4dikat \u00abmit Auszeichnung\u00bb abgeschlossen.                <\/div>\n            <\/div>\n\t\t\t<svg class=\"svg-icon icon-arrow-right\" xmlns=\"http:\/\/www.w3.org\/2000\/svg\"><use xmlns:xlink=\"http:\/\/www.w3.org\/1999\/xlink\" xlink:href=\"https:\/\/dev.lapurla.ch\/wp-content\/themes\/lapurla\/dist\/icons.svg?f27dc72#arrow-right\"><\/use><\/svg>        <\/div>\n    <\/a>\n\t<\/div>\n<div class=\"col-12 col-md-6 col-lg-4  kdgs-filter-item\">\n    <a href=\"https:\/\/dev.lapurla.ch\/it\/news\/cas-kultuelle-bildung-nominiert-fuer-den-cs-award-for-best-teaching\/\" class=\"kdgs-filter-item--link \"\n\t\t>\n        <div class=\"item--impression\">\n            <div class=\"item--image\">\n\t\t\t\t<img loading=\"lazy\" decoding=\"async\" width=\"595\" height=\"420\" src=\"https:\/\/dev.lapurla.ch\/wp-content\/uploads\/2022\/07\/CAS-Kulturelle-BildungQuoteMarkus-Guhn.jpg\" class=\"attachment-large size-large wp-post-image\" alt=\"\" srcset=\"https:\/\/dev.lapurla.ch\/wp-content\/uploads\/2022\/07\/CAS-Kulturelle-BildungQuoteMarkus-Guhn.jpg 595w, https:\/\/dev.lapurla.ch\/wp-content\/uploads\/2022\/07\/CAS-Kulturelle-BildungQuoteMarkus-Guhn-300x212.jpg 300w\" sizes=\"auto, (max-width: 595px) 100vw, 595px\" \/>            <\/div>\n            <div class=\"date\">30.07.2020<\/div>\n        <\/div>\n        <div class=\"item--content\">\n            <div class=\"item--content-wrapper\">\n                <h3 class=\"item--title\">CAS Kultuelle Bildung nominiert f\u00fcr den CS Award for Best Teaching (tedesco)<\/h3>\n                <div class=\"item--content\">\n\t\t\t\t\tDer CAS Kulturelle Bildung ist 2020 von der Berner Fachhochschule nominiert worden f\u00fcr den \u00abCS Award for best Teaching\u00bb.                <\/div>\n            <\/div>\n\t\t\t<svg class=\"svg-icon icon-arrow-right\" xmlns=\"http:\/\/www.w3.org\/2000\/svg\"><use xmlns:xlink=\"http:\/\/www.w3.org\/1999\/xlink\" xlink:href=\"https:\/\/dev.lapurla.ch\/wp-content\/themes\/lapurla\/dist\/icons.svg?f27dc72#arrow-right\"><\/use><\/svg>        <\/div>\n    <\/a>\n\t<\/div>\n<div class=\"col-12 col-md-6 col-lg-4  kdgs-filter-item\">\n    <a href=\"https:\/\/dev.lapurla.ch\/it\/news\/romandie-vier-projekte-im-entstehen\/\" class=\"kdgs-filter-item--link \"\n\t\t>\n        <div class=\"item--impression\">\n            <div class=\"item--image\">\n\t\t\t\t<img loading=\"lazy\" decoding=\"async\" width=\"1024\" height=\"596\" src=\"https:\/\/dev.lapurla.ch\/wp-content\/uploads\/2022\/06\/LapurlaProjetsRomandie-1024x596.png\" class=\"attachment-large size-large wp-post-image\" alt=\"\" srcset=\"https:\/\/dev.lapurla.ch\/wp-content\/uploads\/2022\/06\/LapurlaProjetsRomandie-1024x596.png 1024w, https:\/\/dev.lapurla.ch\/wp-content\/uploads\/2022\/06\/LapurlaProjetsRomandie-300x175.png 300w, https:\/\/dev.lapurla.ch\/wp-content\/uploads\/2022\/06\/LapurlaProjetsRomandie-768x447.png 768w, https:\/\/dev.lapurla.ch\/wp-content\/uploads\/2022\/06\/LapurlaProjetsRomandie.png 1468w\" sizes=\"auto, (max-width: 1024px) 100vw, 1024px\" \/>            <\/div>\n            <div class=\"date\">30.01.2020<\/div>\n        <\/div>\n        <div class=\"item--content\">\n            <div class=\"item--content-wrapper\">\n                <h3 class=\"item--title\">Quattro prossimi progetti Lapurla nella Svizzera francese<\/h3>\n                <div class=\"item--content\">\n\t\t\t\t\tQuattro progetti pilota nel quadro dell&#8217;iniziativa nazionale Lapurla sono sviluppati nella Svizzera romanda durante il 2021-2022.                 <\/div>\n            <\/div>\n\t\t\t<svg class=\"svg-icon icon-arrow-right\" xmlns=\"http:\/\/www.w3.org\/2000\/svg\"><use xmlns:xlink=\"http:\/\/www.w3.org\/1999\/xlink\" xlink:href=\"https:\/\/dev.lapurla.ch\/wp-content\/themes\/lapurla\/dist\/icons.svg?f27dc72#arrow-right\"><\/use><\/svg>        <\/div>\n    <\/a>\n\t<\/div>\n<div class=\"col-12 col-md-6 col-lg-4  kdgs-filter-item\">\n    <a href=\"https:\/\/dev.lapurla.ch\/it\/news\/moritz-ist-stammgast-im-museum\/\" class=\"kdgs-filter-item--link \"\n\t\t>\n        <div class=\"item--impression\">\n            <div class=\"item--image\">\n\t\t\t\t<img loading=\"lazy\" decoding=\"async\" width=\"709\" height=\"507\" src=\"https:\/\/dev.lapurla.ch\/wp-content\/uploads\/2022\/06\/LapurlaBonBonMoritzimMuseum.jpeg\" class=\"attachment-large size-large wp-post-image\" alt=\"\" srcset=\"https:\/\/dev.lapurla.ch\/wp-content\/uploads\/2022\/06\/LapurlaBonBonMoritzimMuseum.jpeg 709w, https:\/\/dev.lapurla.ch\/wp-content\/uploads\/2022\/06\/LapurlaBonBonMoritzimMuseum-300x215.jpeg 300w\" sizes=\"auto, (max-width: 709px) 100vw, 709px\" \/>            <\/div>\n            <div class=\"date\">22.06.2019<\/div>\n        <\/div>\n        <div class=\"item--content\">\n            <div class=\"item--content-wrapper\">\n                <h3 class=\"item--title\">Moritz nel museo<\/h3>\n                <div class=\"item--content\">\n\t\t\t\t\t Una madre racconta quello che suo figlio impara al museo                <\/div>\n            <\/div>\n\t\t\t<svg class=\"svg-icon icon-arrow-right\" xmlns=\"http:\/\/www.w3.org\/2000\/svg\"><use xmlns:xlink=\"http:\/\/www.w3.org\/1999\/xlink\" xlink:href=\"https:\/\/dev.lapurla.ch\/wp-content\/themes\/lapurla\/dist\/icons.svg?f27dc72#arrow-right\"><\/use><\/svg>        <\/div>\n    <\/a>\n\t<\/div>\n<div class=\"col-12 col-md-6 col-lg-4  kdgs-filter-item\">\n    <a href=\"https:\/\/dev.lapurla.ch\/it\/news\/interview-mit-den-pionierinnen-von-chiku\/\" class=\"kdgs-filter-item--link \"\n\t\t>\n        <div class=\"item--impression\">\n            <div class=\"item--image\">\n\t\t\t\t<img loading=\"lazy\" decoding=\"async\" width=\"1024\" height=\"684\" src=\"https:\/\/dev.lapurla.ch\/wp-content\/uploads\/2022\/06\/LapurlaDialogWerkstatt181119schulthess-foto120-1024x684.jpg\" class=\"attachment-large size-large wp-post-image\" alt=\"\" srcset=\"https:\/\/dev.lapurla.ch\/wp-content\/uploads\/2022\/06\/LapurlaDialogWerkstatt181119schulthess-foto120-1024x684.jpg 1024w, https:\/\/dev.lapurla.ch\/wp-content\/uploads\/2022\/06\/LapurlaDialogWerkstatt181119schulthess-foto120-300x200.jpg 300w, https:\/\/dev.lapurla.ch\/wp-content\/uploads\/2022\/06\/LapurlaDialogWerkstatt181119schulthess-foto120-768x513.jpg 768w, https:\/\/dev.lapurla.ch\/wp-content\/uploads\/2022\/06\/LapurlaDialogWerkstatt181119schulthess-foto120-1536x1025.jpg 1536w, https:\/\/dev.lapurla.ch\/wp-content\/uploads\/2022\/06\/LapurlaDialogWerkstatt181119schulthess-foto120-2048x1367.jpg 2048w\" sizes=\"auto, (max-width: 1024px) 100vw, 1024px\" \/>            <\/div>\n            <div class=\"date\">18.11.2018<\/div>\n        <\/div>\n        <div class=\"item--content\">\n            <div class=\"item--content-wrapper\">\n                <h3 class=\"item--title\">\u00abCHIKU\u00bb: \u00a0Intervista con le due pioniere<\/h3>\n                <div class=\"item--content\">\n\t\t\t\t\tQuando Anna Beck-W\u00f6rner e Regina Dobler parlano di CHIKU, intendono il progetto \u00abCHInderhort und KUnst\u00bb. Per cinque mesi le due donne hanno accompagnato i bimbi del Chinderhort Appenzell alla Kunsthalle Ziegelh\u00fctte.                <\/div>\n            <\/div>\n\t\t\t<svg class=\"svg-icon icon-arrow-right\" xmlns=\"http:\/\/www.w3.org\/2000\/svg\"><use xmlns:xlink=\"http:\/\/www.w3.org\/1999\/xlink\" xlink:href=\"https:\/\/dev.lapurla.ch\/wp-content\/themes\/lapurla\/dist\/icons.svg?f27dc72#arrow-right\"><\/use><\/svg>        <\/div>\n    <\/a>\n\t<\/div>\n<div class=\"col-12 col-md-6 col-lg-4  kdgs-filter-item\">\n    <a href=\"https:\/\/dev.lapurla.ch\/it\/news\/interview-bonbon\/\" class=\"kdgs-filter-item--link \"\n\t\t>\n        <div class=\"item--impression\">\n            <div class=\"item--image\">\n\t\t\t\t<img loading=\"lazy\" decoding=\"async\" width=\"1024\" height=\"768\" src=\"https:\/\/dev.lapurla.ch\/wp-content\/uploads\/2022\/07\/20181012-16767-ArielLeuenberger-1024x768.jpg\" class=\"attachment-large size-large wp-post-image\" alt=\"\" srcset=\"https:\/\/dev.lapurla.ch\/wp-content\/uploads\/2022\/07\/20181012-16767-ArielLeuenberger-1024x768.jpg 1024w, https:\/\/dev.lapurla.ch\/wp-content\/uploads\/2022\/07\/20181012-16767-ArielLeuenberger-300x225.jpg 300w, https:\/\/dev.lapurla.ch\/wp-content\/uploads\/2022\/07\/20181012-16767-ArielLeuenberger-768x576.jpg 768w, https:\/\/dev.lapurla.ch\/wp-content\/uploads\/2022\/07\/20181012-16767-ArielLeuenberger-1536x1152.jpg 1536w, https:\/\/dev.lapurla.ch\/wp-content\/uploads\/2022\/07\/20181012-16767-ArielLeuenberger-2048x1536.jpg 2048w\" sizes=\"auto, (max-width: 1024px) 100vw, 1024px\" \/>            <\/div>\n            <div class=\"date\">31.10.2018<\/div>\n        <\/div>\n        <div class=\"item--content\">\n            <div class=\"item--content-wrapper\">\n                <h3 class=\"item--title\">\u00abBonBon\u00bb: Intervista con le due pioniere<\/h3>\n                <div class=\"item--content\">\n\t\t\t\t\tCynthia Gavranic, mediatrice culturale presso il Migros Museum f\u00fcr Gegenwartskunst, e\u00a0Bea Fr\u00f6hlich, educatrice presso il Kita Regenbogen, costituiscono oramai un team affiatato. Insieme, infatti, hanno gi\u00e0 visitato due mostre insieme a un piccolo gruppo di bambini di et\u00e0 compresa tra i 9 e i 22 mesi.                <\/div>\n            <\/div>\n\t\t\t<svg class=\"svg-icon icon-arrow-right\" xmlns=\"http:\/\/www.w3.org\/2000\/svg\"><use xmlns:xlink=\"http:\/\/www.w3.org\/1999\/xlink\" xlink:href=\"https:\/\/dev.lapurla.ch\/wp-content\/themes\/lapurla\/dist\/icons.svg?f27dc72#arrow-right\"><\/use><\/svg>        <\/div>\n    <\/a>\n\t<\/div>\n<div class=\"col-12 col-md-6 col-lg-4  kdgs-filter-item\">\n    <a href=\"https:\/\/dev.lapurla.ch\/it\/news\/interview-mit-den-gruenderinnen\/\" class=\"kdgs-filter-item--link \"\n\t\t>\n        <div class=\"item--impression\">\n            <div class=\"item--image\">\n\t\t\t\t<img loading=\"lazy\" decoding=\"async\" width=\"1024\" height=\"683\" src=\"https:\/\/dev.lapurla.ch\/wp-content\/uploads\/2022\/05\/LapurlaTeam1-1024x683.jpg\" class=\"attachment-large size-large wp-post-image\" alt=\"\" srcset=\"https:\/\/dev.lapurla.ch\/wp-content\/uploads\/2022\/05\/LapurlaTeam1-1024x683.jpg 1024w, https:\/\/dev.lapurla.ch\/wp-content\/uploads\/2022\/05\/LapurlaTeam1-300x200.jpg 300w, https:\/\/dev.lapurla.ch\/wp-content\/uploads\/2022\/05\/LapurlaTeam1-768x512.jpg 768w, https:\/\/dev.lapurla.ch\/wp-content\/uploads\/2022\/05\/LapurlaTeam1-1536x1024.jpg 1536w, https:\/\/dev.lapurla.ch\/wp-content\/uploads\/2022\/05\/LapurlaTeam1-2048x1365.jpg 2048w\" sizes=\"auto, (max-width: 1024px) 100vw, 1024px\" \/>            <\/div>\n            <div class=\"date\">07.10.2018<\/div>\n        <\/div>\n        <div class=\"item--content\">\n            <div class=\"item--content-wrapper\">\n                <h3 class=\"item--title\">Viviamo in un mondo in cui gli spazi per i bambini stanno scomparendo.<\/h3>\n                <div class=\"item--content\">\n\t\t\t\t\tKarin Kraus e Jessica Schnelle hanno fondato l&#8217;iniziativa Lapurla.                 <\/div>\n            <\/div>\n\t\t\t<svg class=\"svg-icon icon-arrow-right\" xmlns=\"http:\/\/www.w3.org\/2000\/svg\"><use xmlns:xlink=\"http:\/\/www.w3.org\/1999\/xlink\" xlink:href=\"https:\/\/dev.lapurla.ch\/wp-content\/themes\/lapurla\/dist\/icons.svg?f27dc72#arrow-right\"><\/use><\/svg>        <\/div>\n    <\/a>\n\t<\/div>\n                <\/div>\n\n                \n\t\t\t\t\t\t<\/div><\/div><\/div>\n","protected":false},"excerpt":{"rendered":"","protected":false},"author":1,"featured_media":0,"parent":0,"menu_order":0,"comment_status":"closed","ping_status":"closed","template":"","meta":{"_acf_changed":false,"latitude":"","longitude":"","kurzbeschreibung":"","datum_von":"","footnotes":""},"class_list":["post-10033","page","type-page","status-publish","hentry"],"acf":[],"_links":{"self":[{"href":"https:\/\/dev.lapurla.ch\/it\/wp-json\/wp\/v2\/pages\/10033","targetHints":{"allow":["GET"]}}],"collection":[{"href":"https:\/\/dev.lapurla.ch\/it\/wp-json\/wp\/v2\/pages"}],"about":[{"href":"https:\/\/dev.lapurla.ch\/it\/wp-json\/wp\/v2\/types\/page"}],"author":[{"embeddable":true,"href":"https:\/\/dev.lapurla.ch\/it\/wp-json\/wp\/v2\/users\/1"}],"replies":[{"embeddable":true,"href":"https:\/\/dev.lapurla.ch\/it\/wp-json\/wp\/v2\/comments?post=10033"}],"version-history":[{"count":2,"href":"https:\/\/dev.lapurla.ch\/it\/wp-json\/wp\/v2\/pages\/10033\/revisions"}],"predecessor-version":[{"id":11114,"href":"https:\/\/dev.lapurla.ch\/it\/wp-json\/wp\/v2\/pages\/10033\/revisions\/11114"}],"wp:attachment":[{"href":"https:\/\/dev.lapurla.ch\/it\/wp-json\/wp\/v2\/media?parent=10033"}],"curies":[{"name":"wp","href":"https:\/\/api.w.org\/{rel}","templated":true}]}}